{"version":"1.0","provider_name":"Stuttgarti Katolikusok","provider_url":"https:\/\/stuttgarti-katolikusok.de","title":"Programel\u0151zetes okt\u00f3ber 8 \u00e9s 14 k\u00f6z\u00f6tt - Stuttgarti Katolikusok","type":"rich","width":600,"height":338,"html":"<blockquote class=\"wp-embedded-content\" data-secret=\"5gUpu3JReG\"><a href=\"https:\/\/stuttgarti-katolikusok.de\/index.php\/programelozetes-oktober-8-es-14-kozott\/\">Programel\u0151zetes okt\u00f3ber 8 \u00e9s 14 k\u00f6z\u00f6tt<\/a><\/blockquote><iframe sandbox=\"allow-scripts\" security=\"restricted\" src=\"https:\/\/stuttgarti-katolikusok.de\/index.php\/programelozetes-oktober-8-es-14-kozott\/embed\/#?secret=5gUpu3JReG\" width=\"600\" height=\"338\" title=\"&#8220;Programel\u0151zetes okt\u00f3ber 8 \u00e9s 14 k\u00f6z\u00f6tt&#8221; &#8212; Stuttgarti Katolikusok\" data-secret=\"5gUpu3JReG\" frameborder=\"0\" marginwidth=\"0\" marginheight=\"0\" scrolling=\"no\" class=\"wp-embedded-content\"><\/iframe><script type=\"text\/javascript\">\n\/* <![CDATA[ *\/\n\/*! This file is auto-generated *\/\n!function(d,l){\"use strict\";l.querySelector&&d.addEventListener&&\"undefined\"!=typeof URL&&(d.wp=d.wp||{},d.wp.receiveEmbedMessage||(d.wp.receiveEmbedMessage=function(e){var t=e.data;if((t||t.secret||t.message||t.value)&&!\/[^a-zA-Z0-9]\/.test(t.secret)){for(var s,r,n,a=l.querySelectorAll('iframe[data-secret=\"'+t.secret+'\"]'),o=l.querySelectorAll('blockquote[data-secret=\"'+t.secret+'\"]'),c=new RegExp(\"^https?:$\",\"i\"),i=0;i<o.length;i++)o[i].style.display=\"none\";for(i=0;i<a.length;i++)s=a[i],e.source===s.contentWindow&&(s.removeAttribute(\"style\"),\"height\"===t.message?(1e3<(r=parseInt(t.value,10))?r=1e3:~~r<200&&(r=200),s.height=r):\"link\"===t.message&&(r=new URL(s.getAttribute(\"src\")),n=new URL(t.value),c.test(n.protocol))&&n.host===r.host&&l.activeElement===s&&(d.top.location.href=t.value))}},d.addEventListener(\"message\",d.wp.receiveEmbedMessage,!1),l.addEventListener(\"DOMContentLoaded\",function(){for(var e,t,s=l.querySelectorAll(\"iframe.wp-embedded-content\"),r=0;r<s.length;r++)(t=(e=s[r]).getAttribute(\"data-secret\"))||(t=Math.random().toString(36).substring(2,12),e.src+=\"#?secret=\"+t,e.setAttribute(\"data-secret\",t)),e.contentWindow.postMessage({message:\"ready\",secret:t},\"*\")},!1)))}(window,document);\n\/\/# sourceURL=https:\/\/stuttgarti-katolikusok.de\/wp-includes\/js\/wp-embed.min.js\n\/* ]]> *\/\n<\/script>\n","description":"Programel\u0151zetes Okt\u00f3ber 12-\u00e9n, p\u00e9nteken, Stuttgartban 18.00 \u00f3rakor szentmise. Ut\u00e1na Sportklub. * Okt\u00f3ber\u00a0 13-\u00e1n, szombaton, Friedrichshafenben\u00a017.00 \u00f3rakor\u00a0szentmise. Ut\u00e1na \u00e1g\u00e1p\u00e9. * Okt\u00f3ber\u00a0 14-\u00e9n, \u00e9vk\u00f6zi 28. vas\u00e1rnapon, Weingartenben 10.00 \u00f3rakor szentmise, ut\u00e1na \u00e1g\u00e1p\u00e9. Ulmban Magyarok Nagyasszonya \u00fcnnep, templomb\u00facs\u00fa. 15.00 \u00f3rakor szentmise, ut\u00e1na \u00e1g\u00e1p\u00e9. * Minden helyen mindenkit szeretettel v\u00e1r a k\u00f6z\u00f6ss\u00e9g Tibor atya \u00e9s Imre atya! PS! Ulmban \u00e9s Weingartenben a h\u00e9tk\u00f6znapi szentmis\u00e9k \u00e9s programok Tibor atya betegs\u00e9ge miatt ELMARADNAK. \u201eHa valamit \u00e1t akarsz \u00e9lni, amit m\u00e9g soha nem \u00e9lt\u00e9l \u00e1t, valami olyat kell tenned, amit m\u00e9g soha nem tett\u00e9l meg&#8230;\u201d \u00a0(Ismeretlen) Sz\u00e9p \u0151szi napokat, j\u00f3 munk\u00e1t, tartalmas besz\u00e9lget\u00e9seket \u00e9s \u00f6r\u00f6mteli tal\u00e1lkoz\u00e1sokat k\u00edv\u00e1nunk minden Kedves H\u00edv\u00fcnknek! \u00a0 \u00a0 \u00a0 \u00a0 \u00a0"}