{"version":"1.0","provider_name":"Stuttgarti Katolikusok","provider_url":"https:\/\/stuttgarti-katolikusok.de","title":"Programel\u0151zetes okt\u00f3ber 4 \u00e9s 8 k\u00f6z\u00f6tt - Stuttgarti Katolikusok","type":"rich","width":600,"height":338,"html":"<blockquote class=\"wp-embedded-content\" data-secret=\"JMvvtxQ8kd\"><a href=\"https:\/\/stuttgarti-katolikusok.de\/index.php\/programelozetes-oktober-4-es-8-kozott\/\">Programel\u0151zetes okt\u00f3ber 4 \u00e9s 8 k\u00f6z\u00f6tt<\/a><\/blockquote><iframe sandbox=\"allow-scripts\" security=\"restricted\" src=\"https:\/\/stuttgarti-katolikusok.de\/index.php\/programelozetes-oktober-4-es-8-kozott\/embed\/#?secret=JMvvtxQ8kd\" width=\"600\" height=\"338\" title=\"&#8220;Programel\u0151zetes okt\u00f3ber 4 \u00e9s 8 k\u00f6z\u00f6tt&#8221; &#8212; Stuttgarti Katolikusok\" data-secret=\"JMvvtxQ8kd\" frameborder=\"0\" marginwidth=\"0\" marginheight=\"0\" scrolling=\"no\" class=\"wp-embedded-content\"><\/iframe><script type=\"text\/javascript\">\n\/* <![CDATA[ *\/\n\/*! This file is auto-generated *\/\n!function(d,l){\"use strict\";l.querySelector&&d.addEventListener&&\"undefined\"!=typeof URL&&(d.wp=d.wp||{},d.wp.receiveEmbedMessage||(d.wp.receiveEmbedMessage=function(e){var t=e.data;if((t||t.secret||t.message||t.value)&&!\/[^a-zA-Z0-9]\/.test(t.secret)){for(var s,r,n,a=l.querySelectorAll('iframe[data-secret=\"'+t.secret+'\"]'),o=l.querySelectorAll('blockquote[data-secret=\"'+t.secret+'\"]'),c=new RegExp(\"^https?:$\",\"i\"),i=0;i<o.length;i++)o[i].style.display=\"none\";for(i=0;i<a.length;i++)s=a[i],e.source===s.contentWindow&&(s.removeAttribute(\"style\"),\"height\"===t.message?(1e3<(r=parseInt(t.value,10))?r=1e3:~~r<200&&(r=200),s.height=r):\"link\"===t.message&&(r=new URL(s.getAttribute(\"src\")),n=new URL(t.value),c.test(n.protocol))&&n.host===r.host&&l.activeElement===s&&(d.top.location.href=t.value))}},d.addEventListener(\"message\",d.wp.receiveEmbedMessage,!1),l.addEventListener(\"DOMContentLoaded\",function(){for(var e,t,s=l.querySelectorAll(\"iframe.wp-embedded-content\"),r=0;r<s.length;r++)(t=(e=s[r]).getAttribute(\"data-secret\"))||(t=Math.random().toString(36).substring(2,12),e.src+=\"#?secret=\"+t,e.setAttribute(\"data-secret\",t)),e.contentWindow.postMessage({message:\"ready\",secret:t},\"*\")},!1)))}(window,document);\n\/\/# sourceURL=https:\/\/stuttgarti-katolikusok.de\/wp-includes\/js\/wp-embed.min.js\n\/* ]]> *\/\n<\/script>\n","description":"Programel\u0151zetes Okt\u00f3ber 6-\u00e1n, p\u00e9nteken, Stuttgartban 16.00 \u00f3rakor Bar\u00e1ts\u00e1gklub. 17.50 \u00f3rakor r\u00f3zsaf\u00fcz\u00e9r \u00e1jtatoss\u00e1g. Ut\u00e1na szentmise, keret\u00e9ben P\u00e9nteki Egyetem (Besz\u00e9lget\u00e9sek a Katekizmusr\u00f3l). Majd jubileumi Imak\u00f6r: h\u00e1l\u00e1nk \u00e9s k\u00e9r\u00e9seink felaj\u00e1nl\u00e1sa a szents\u00e9gi sz\u00ednek alatt jelenl\u00e9v\u0151 Krisztusnak. * Okt\u00f3ber 7-\u00e9n, szombaton, Balingenben 17.00 \u00f3rakor szentmise. Ut\u00e1na \u00e1g\u00e1p\u00e9. Ulmban 18.30 \u00f3rakor \u201eNemzetek szentmis\u00e9je\u201d (Wengenkirche, Wengengasse 8, 89073 Ulm). A minket befogad\u00f3 n\u00e9met nyelv\u0171 egyh\u00e1zk\u00f6zs\u00e9g az eritreai, az olasz, a horv\u00e1t, a lengyel, a portug\u00e1l, a szlov\u00e9n \u00e9s a mi, magyar nyelv\u0171 r\u00e9szegyh\u00e1zk\u00f6zs\u00e9g\u00fcnkkel egy\u00fctt k\u00f6z\u00f6s szentmis\u00e9t \u00fcnnepel \u201eA hit sz\u00ednes gy\u00f6ngyszemei\u201d mott\u00f3val. Mindenkit szeretettel v\u00e1rnak, j\u00f6jj\u00fcnk el min\u00e9l t\u00f6bben! A szentmise ut\u00e1n bar\u00e1ti egy\u00fcttl\u00e9t. * Okt\u00f3ber 8-\u00e1n, vas\u00e1rnap, Magyarok Nagyasszonya \u00fcnnepe, Weingartenben 10.00 \u00f3rakor szentmise. Ut\u00e1na \u00e1g\u00e1p\u00e9. Ulmi templomb\u00facs\u00fa, 15.00 \u00f3rakor szentmise, ut\u00e1na \u00e1g\u00e1p\u00e9. * Minden helyen mindenkit szeretettel v\u00e1r a k\u00f6z\u00f6ss\u00e9g, Imre atya \u00e9s Tibor atya! &nbsp; \u201eM\u00e1ri\u00e1t,&#8230; aki \u00e1ldott az asszonyok k\u00f6z\u00f6tt, sohase l\u00e1tjuk t\u00e9tlennek. Megvan helye az Istennel val\u00f3 kiengesztel\u0151d\u00e9s\u00fcnkben. Mert ha sz\u00fcks\u00e9g\u00fcnk van k\u00f6zbenj\u00e1r\u00f3ra J\u00e9zusn\u00e1l, nem tal\u00e1lhatunk erre alkalmasabbat M\u00e1ri\u00e1n\u00e1l.\u201c (Szent Bern\u00e1t) \u00a0 Sz\u00e9p \u0151szi napokat, j\u00f3 munk\u00e1t, tartalmas besz\u00e9lget\u00e9seket \u00e9s \u00f6r\u00f6mteli tal\u00e1lkoz\u00e1sokat k\u00edv\u00e1nunk minden Kedves H\u00edv\u00fcnknek!"}