{"version":"1.0","provider_name":"Stuttgarti Katolikusok","provider_url":"https:\/\/stuttgarti-katolikusok.de","title":"Programel\u0151zetes okt\u00f3ber 24 \u00e9s 30 k\u00f6z\u00f6tt - Stuttgarti Katolikusok","type":"rich","width":600,"height":338,"html":"<blockquote class=\"wp-embedded-content\" data-secret=\"nOT9a9Yyka\"><a href=\"https:\/\/stuttgarti-katolikusok.de\/index.php\/programelozetes-oktober-24-es-30-kozott\/\">Programel\u0151zetes okt\u00f3ber 24 \u00e9s 30 k\u00f6z\u00f6tt<\/a><\/blockquote><iframe sandbox=\"allow-scripts\" security=\"restricted\" src=\"https:\/\/stuttgarti-katolikusok.de\/index.php\/programelozetes-oktober-24-es-30-kozott\/embed\/#?secret=nOT9a9Yyka\" width=\"600\" height=\"338\" title=\"&#8220;Programel\u0151zetes okt\u00f3ber 24 \u00e9s 30 k\u00f6z\u00f6tt&#8221; &#8212; Stuttgarti Katolikusok\" data-secret=\"nOT9a9Yyka\" frameborder=\"0\" marginwidth=\"0\" marginheight=\"0\" scrolling=\"no\" class=\"wp-embedded-content\"><\/iframe><script type=\"text\/javascript\">\n\/* <![CDATA[ *\/\n\/*! This file is auto-generated *\/\n!function(d,l){\"use strict\";l.querySelector&&d.addEventListener&&\"undefined\"!=typeof URL&&(d.wp=d.wp||{},d.wp.receiveEmbedMessage||(d.wp.receiveEmbedMessage=function(e){var t=e.data;if((t||t.secret||t.message||t.value)&&!\/[^a-zA-Z0-9]\/.test(t.secret)){for(var s,r,n,a=l.querySelectorAll('iframe[data-secret=\"'+t.secret+'\"]'),o=l.querySelectorAll('blockquote[data-secret=\"'+t.secret+'\"]'),c=new RegExp(\"^https?:$\",\"i\"),i=0;i<o.length;i++)o[i].style.display=\"none\";for(i=0;i<a.length;i++)s=a[i],e.source===s.contentWindow&&(s.removeAttribute(\"style\"),\"height\"===t.message?(1e3<(r=parseInt(t.value,10))?r=1e3:~~r<200&&(r=200),s.height=r):\"link\"===t.message&&(r=new URL(s.getAttribute(\"src\")),n=new URL(t.value),c.test(n.protocol))&&n.host===r.host&&l.activeElement===s&&(d.top.location.href=t.value))}},d.addEventListener(\"message\",d.wp.receiveEmbedMessage,!1),l.addEventListener(\"DOMContentLoaded\",function(){for(var e,t,s=l.querySelectorAll(\"iframe.wp-embedded-content\"),r=0;r<s.length;r++)(t=(e=s[r]).getAttribute(\"data-secret\"))||(t=Math.random().toString(36).substring(2,12),e.src+=\"#?secret=\"+t,e.setAttribute(\"data-secret\",t)),e.contentWindow.postMessage({message:\"ready\",secret:t},\"*\")},!1)))}(window,document);\n\/\/# sourceURL=https:\/\/stuttgarti-katolikusok.de\/wp-includes\/js\/wp-embed.min.js\n\/* ]]> *\/\n<\/script>\n","description":"Programel\u0151zetes Okt\u00f3ber 27-\u00e9n, cs\u00fct\u00f6rt\u00f6k\u00f6n, 17.30 \u00f3rakor Ulmban okt\u00f3beri-\u00e1jtatoss\u00e1g, azt\u00e1n szentmise. El\u0151tte 17.00 \u00f3r\u00e1t\u00f3l gy\u00f3n\u00e1si lehet\u0151s\u00e9g, szentmise ut\u00e1n Besz\u00e9lget\u00e9sek a Bibli\u00e1r\u00f3l. * Okt\u00f3ber 28-\u00e1n, p\u00e9nteken, 15.30 \u00f3rakor, Stuttgartban Bar\u00e1ts\u00e1gklub. Minden id\u0151sebb, kellemes \u00e9s kereszt\u00e9ny t\u00e1rsas\u00e1gra v\u00e1gy\u00f3t szeretettel l\u00e1t a Tags\u00e1g! 17.50 \u00f3r\u00e1t\u00f3l okt\u00f3beri-\u00e1jtatoss\u00e1g, ut\u00e1na szentmise. Keret\u00e9ben P\u00e9nteki Egyetem. Ut\u00e1na 19.00 \u00f3rakor Sportklub illetve K\u00f3rus. 18.30 \u00f3rakor Weingartenben a St.-Marien-templomban okt\u00f3beri-\u00e1jtatoss\u00e1g \u00e9s szentmise. El\u0151tte gy\u00f3ntat\u00e1s, ut\u00e1na Besz\u00e9lget\u00e9s a Bibli\u00e1r\u00f3l. * Okt\u00f3ber 29-\u00e9n, szombaton 15.00 \u00f3rakor, a Luther-Kirche K\u00f6z\u00f6ss\u00e9gi Term\u00e9ben az ERAK is az 1956-os forradalomra \u00e9s szabads\u00e1gharcra eml\u00e9kezik. \u00dcnnepi m\u0171sorukra mindenkit szeretettel v\u00e1rnak! * Okt\u00f3ber 29-\u00e9n, szombaton, 19.00 \u00f3rakor a St. Georg Kirche-ben Internationaler Gottesdienst. Szentmise v\u00e9gezt\u00e9vel \u00e1g\u00e1p\u00e9. A k\u00fcl\u00f6nb\u00f6z\u0151 nemzetis\u00e9gek saj\u00e1t kult\u00far\u00e1jukb\u00f3l \u00e9s hagyom\u00e1nyaikb\u00f3l hoznak \u00edzel\u00edt\u0151t \/\u00e9telek, italok, t\u00e1ncok\/. Kiv\u00e1l\u00f3 alkalom, hogy az ulmi magyar k\u00f6z\u00f6ss\u00e9g a szenmis\u00e9t k\u00f6vet\u0151en is akt\u00edvan jelen legyen. * Okt\u00f3ber 30-\u00e1n, vas\u00e1rnap, 15.00 \u00f3rakor Tuttlingenben szentmise, ut\u00e1na \u00e1g\u00e1p\u00e9. \/St. Gallus templom, Guttenberg Str. 9.\/ * November 1-\u00e9n, kedden, Mindenszentek \u00fcnnepe. Sajnos, a steinhaldenfeldi temet\u0151t nem tudjuk megl\u00e1togatni, mert nincs templomunk, hogy halottaink lelki\u00fcdv\u00e9\u00e9rt szentmis\u00e9t mutathassunk be. Ez\u00e9rt 18.00 \u00f3rakor a Bruder Klausban mutatunk be \u00e9rt\u00fck szentmis\u00e9t, ut\u00e1na pedig a k\u00f6zeli Peter und Paul templom k\u00f6zel\u00e9ben fekv\u0151 temet\u0151be megy\u00fcnk. Minden helyen mindenkit szeretettel v\u00e1r a k\u00f6z\u00f6ss\u00e9g, Imre atya \u00e9s Tibor atya! \u201eEgy igazi bar\u00e1t sokkal nagyobb \u00f6r\u00f6met \u00e9s boldogs\u00e1got okoz nek\u00fcnk, mint amilyen az a boldogtalans\u00e1g, amivel ezer ellens\u00e9g\u00fcnk megkeser\u00edt!\u201d (Marie von Ebner-Eschbach \u2013 1830-1916 \u2013 osztr\u00e1k \u00edr\u00f3) Sz\u00e9p napokat, j\u00f3 munk\u00e1t, tartalmas besz\u00e9lget\u00e9seket \u00e9s kellemes tal\u00e1lkoz\u00e1sokat k\u00edv\u00e1nunk minden Kedves H\u00edv\u00fcnknek! &nbsp;"}