{"version":"1.0","provider_name":"Stuttgarti Katolikusok","provider_url":"https:\/\/stuttgarti-katolikusok.de","title":"Programel\u0151zetes november 28 \u00e9s december 4 k\u00f6z\u00f6tt - Stuttgarti Katolikusok","type":"rich","width":600,"height":338,"html":"<blockquote class=\"wp-embedded-content\" data-secret=\"AYkCq2CziW\"><a href=\"https:\/\/stuttgarti-katolikusok.de\/index.php\/programelozetes-november-28-es-december-4-kozott\/\">Programel\u0151zetes november 28 \u00e9s december 4 k\u00f6z\u00f6tt<\/a><\/blockquote><iframe sandbox=\"allow-scripts\" security=\"restricted\" src=\"https:\/\/stuttgarti-katolikusok.de\/index.php\/programelozetes-november-28-es-december-4-kozott\/embed\/#?secret=AYkCq2CziW\" width=\"600\" height=\"338\" title=\"&#8220;Programel\u0151zetes november 28 \u00e9s december 4 k\u00f6z\u00f6tt&#8221; &#8212; Stuttgarti Katolikusok\" data-secret=\"AYkCq2CziW\" frameborder=\"0\" marginwidth=\"0\" marginheight=\"0\" scrolling=\"no\" class=\"wp-embedded-content\"><\/iframe><script type=\"text\/javascript\">\n\/* <![CDATA[ *\/\n\/*! This file is auto-generated *\/\n!function(d,l){\"use strict\";l.querySelector&&d.addEventListener&&\"undefined\"!=typeof URL&&(d.wp=d.wp||{},d.wp.receiveEmbedMessage||(d.wp.receiveEmbedMessage=function(e){var t=e.data;if((t||t.secret||t.message||t.value)&&!\/[^a-zA-Z0-9]\/.test(t.secret)){for(var s,r,n,a=l.querySelectorAll('iframe[data-secret=\"'+t.secret+'\"]'),o=l.querySelectorAll('blockquote[data-secret=\"'+t.secret+'\"]'),c=new RegExp(\"^https?:$\",\"i\"),i=0;i<o.length;i++)o[i].style.display=\"none\";for(i=0;i<a.length;i++)s=a[i],e.source===s.contentWindow&&(s.removeAttribute(\"style\"),\"height\"===t.message?(1e3<(r=parseInt(t.value,10))?r=1e3:~~r<200&&(r=200),s.height=r):\"link\"===t.message&&(r=new URL(s.getAttribute(\"src\")),n=new URL(t.value),c.test(n.protocol))&&n.host===r.host&&l.activeElement===s&&(d.top.location.href=t.value))}},d.addEventListener(\"message\",d.wp.receiveEmbedMessage,!1),l.addEventListener(\"DOMContentLoaded\",function(){for(var e,t,s=l.querySelectorAll(\"iframe.wp-embedded-content\"),r=0;r<s.length;r++)(t=(e=s[r]).getAttribute(\"data-secret\"))||(t=Math.random().toString(36).substring(2,12),e.src+=\"#?secret=\"+t,e.setAttribute(\"data-secret\",t)),e.contentWindow.postMessage({message:\"ready\",secret:t},\"*\")},!1)))}(window,document);\n\/\/# sourceURL=https:\/\/stuttgarti-katolikusok.de\/wp-includes\/js\/wp-embed.min.js\n\/* ]]> *\/\n<\/script>\n","thumbnail_url":"https:\/\/stuttgarti-katolikusok.de\/wp-content\/uploads\/2016\/11\/segits-magadon-es-isten-is-megsegit.jpg","thumbnail_width":371,"thumbnail_height":460,"description":"Programel\u0151zetes \u00a0 \u00a0 November 30-\u00e1n, szerd\u00e1n 19.00 \u00f3rakor, Szent M\u00e1rton \u00c9v\u00e9nek lez\u00e1r\u00e1sak\u00e9nt, az ERAK is megeml\u00e9kezik r\u00f3la. El\u0151ad\u00f3: Imre atya. Az el\u0151ad\u00e1s c\u00edme: Egy eur\u00f3pai l\u00e9pt\u00e9k\u0171 szent \u2013 M\u00e1rton. * December 1-j\u00e9n, cs\u00fct\u00f6rt\u00f6k\u00f6n, Ulmban 17.30 \u00f3rakor szentmise. El\u0151tte gy\u00f3n\u00e1si lehet\u0151s\u00e9g, ut\u00e1na Besz\u00e9lget\u00e9sek a Bibli\u00e1r\u00f3l. * December 2-\u00e1n, p\u00e9nteken, Stuttgartban reggel 8 \u00f3rakor ror\u00e1t\u00e9-szentmise. Ut\u00e1na k\u00f6z\u00f6s reggeli a Pl\u00e9b\u00e1ni\u00e1n. 15.30 \u00f3rakor Bar\u00e1ts\u00e1gklub.\u00a0 Minden kellemes t\u00e1rsas\u00e1gra v\u00e1gy\u00f3 \u00e9rdekl\u0151d\u0151t szeretettel v\u00e1r a Tags\u00e1g! &nbsp; Weingartenben 18.00 \u00f3rakor szentmise a St.Marien-templomban. El\u0151tte gy\u00f3ntat\u00e1s, ut\u00e1na Besz\u00e9lget\u00e9sek a Bibli\u00e1r\u00f3l. * December 3-\u00e1n, szombaton, Weingartenben reggel 6.30 \u00f3rakor ror\u00e1t\u00e9-szentmise a 14 Nothelfer-Kapelle-ban. Hozzunk gyerty\u00e1t magunkkal! * 17.00 \u00f3rakor Balingenben szentmise. El\u0151tte gy\u00f3ntat\u00e1s, ut\u00e1na \u00e1g\u00e1p\u00e9. * December 4-\u00e9n, vas\u00e1rnap, 9.00 \u00f3rakor Munderkingenben \u00a0szentmise. El\u0151tte gy\u00f3ntat\u00e1s. &nbsp; 9.30 \u00f3rakor Schw\u00e4bisch-Gm\u00fcndben szentmise. Ut\u00e1na \u00e1g\u00e1p\u00e9. &nbsp; 15.00 \u00f3rakor Stuttgartban szentmise. Ut\u00e1na Cserk\u00e9sz-Advent: \u00a0Cserk\u00e9szeink kar\u00e1csonyi m\u0171sora. Majd Mikul\u00e1s-j\u00e1r\u00e1s! Az \u00a0\u00e1g\u00e1p\u00e9 ez\u00fattal, a n\u00e9met egyh\u00e1zk\u00f6zs\u00e9g adventi programja miatt, elmarad! &nbsp; &nbsp; Minden helyen mindenkit szeretettel v\u00e1r a k\u00f6z\u00f6ss\u00e9g, Imre atya \u00e9s Tibor atya! &nbsp; \u00a0 \u201eAz az\u00a0 ember, aki nem teszi meg azt, amire pedig k\u00e9pes lenne, \u00e9s csak csod\u00e1ra v\u00e1r fel\u00fclr\u0151l, az k\u00eds\u00e9rti az Istent. Azt viszont, aki minden t\u0151le telhet\u0151t megtesz, megseg\u00edti az Isten.\u201d (Aquin\u00f3i Szent Tam\u00e1s \u2013 1225-1274 \u2013 teol\u00f3gus). \u00a0 Sz\u00e9p napokat, j\u00f3 munk\u00e1t, tartalmas besz\u00e9lget\u00e9seket \u00e9s kellemes tal\u00e1lkoz\u00e1sokat k\u00edv\u00e1nunk minden Kedves H\u00edv\u00fcnknek! \u00a0"}