{"version":"1.0","provider_name":"Stuttgarti Katolikusok","provider_url":"https:\/\/stuttgarti-katolikusok.de","title":"Programel\u0151zetes november 21 \u00e9s 27 k\u00f6z\u00f6tt - Stuttgarti Katolikusok","type":"rich","width":600,"height":338,"html":"<blockquote class=\"wp-embedded-content\" data-secret=\"geO2Pubxd2\"><a href=\"https:\/\/stuttgarti-katolikusok.de\/index.php\/programelozetes-november-21-es-27-kozott\/\">Programel\u0151zetes november 21 \u00e9s 27 k\u00f6z\u00f6tt<\/a><\/blockquote><iframe sandbox=\"allow-scripts\" security=\"restricted\" src=\"https:\/\/stuttgarti-katolikusok.de\/index.php\/programelozetes-november-21-es-27-kozott\/embed\/#?secret=geO2Pubxd2\" width=\"600\" height=\"338\" title=\"&#8220;Programel\u0151zetes november 21 \u00e9s 27 k\u00f6z\u00f6tt&#8221; &#8212; Stuttgarti Katolikusok\" data-secret=\"geO2Pubxd2\" frameborder=\"0\" marginwidth=\"0\" marginheight=\"0\" scrolling=\"no\" class=\"wp-embedded-content\"><\/iframe><script type=\"text\/javascript\">\n\/* <![CDATA[ *\/\n\/*! This file is auto-generated *\/\n!function(d,l){\"use strict\";l.querySelector&&d.addEventListener&&\"undefined\"!=typeof URL&&(d.wp=d.wp||{},d.wp.receiveEmbedMessage||(d.wp.receiveEmbedMessage=function(e){var t=e.data;if((t||t.secret||t.message||t.value)&&!\/[^a-zA-Z0-9]\/.test(t.secret)){for(var s,r,n,a=l.querySelectorAll('iframe[data-secret=\"'+t.secret+'\"]'),o=l.querySelectorAll('blockquote[data-secret=\"'+t.secret+'\"]'),c=new RegExp(\"^https?:$\",\"i\"),i=0;i<o.length;i++)o[i].style.display=\"none\";for(i=0;i<a.length;i++)s=a[i],e.source===s.contentWindow&&(s.removeAttribute(\"style\"),\"height\"===t.message?(1e3<(r=parseInt(t.value,10))?r=1e3:~~r<200&&(r=200),s.height=r):\"link\"===t.message&&(r=new URL(s.getAttribute(\"src\")),n=new URL(t.value),c.test(n.protocol))&&n.host===r.host&&l.activeElement===s&&(d.top.location.href=t.value))}},d.addEventListener(\"message\",d.wp.receiveEmbedMessage,!1),l.addEventListener(\"DOMContentLoaded\",function(){for(var e,t,s=l.querySelectorAll(\"iframe.wp-embedded-content\"),r=0;r<s.length;r++)(t=(e=s[r]).getAttribute(\"data-secret\"))||(t=Math.random().toString(36).substring(2,12),e.src+=\"#?secret=\"+t,e.setAttribute(\"data-secret\",t)),e.contentWindow.postMessage({message:\"ready\",secret:t},\"*\")},!1)))}(window,document);\n\/\/# sourceURL=https:\/\/stuttgarti-katolikusok.de\/wp-includes\/js\/wp-embed.min.js\n\/* ]]> *\/\n<\/script>\n","description":"Programel\u0151zetes &nbsp; November 24-\u00e9n, cs\u00fct\u00f6rt\u00f6k\u00f6n, 17.30 \u00f3rakor Ulmban szentmise. El\u0151tte gy\u00f3n\u00e1si lehet\u0151s\u00e9g, ut\u00e1na Besz\u00e9lget\u00e9sek a Bibli\u00e1r\u00f3l. * November 25-\u00e9n, p\u00e9nteken, 15.30 \u00f3rakor, Stuttgartban Bar\u00e1ts\u00e1gklub. Minden id\u0151sebb, kellemes \u00e9s kereszt\u00e9ny t\u00e1rsas\u00e1gra v\u00e1gy\u00f3t szeretettel l\u00e1t a Tags\u00e1g! 17.50 \u00f3r\u00e1t\u00f3l r\u00f3zsaf\u00fcz\u00e9r-\u00e1jtatoss\u00e1g, ut\u00e1na szentmise. Keret\u00e9ben P\u00e9nteki Egyetem. Ut\u00e1na 19.00 \u00f3rakor Sportklub. Ugyancsak p\u00e9nteken 17.30 \u00f3rakor Weingartenben a St.-Marien-templomban szentmise. El\u0151tte gy\u00f3ntat\u00e1s, ut\u00e1na Besz\u00e9lget\u00e9s a Bibli\u00e1r\u00f3l. * November 26-\u00e1n, szombaton, 14.30 \u00f3rakor katek\u00e9zis, 15.30 \u00f3rakor Heidenheimban szentmise. El\u0151tte gy\u00f3n\u00e1si lehet\u0151s\u00e9g, ut\u00e1na \u00e1g\u00e1p\u00e9. Ugyancsak november 26-\u00e1n, szombaton, Reutlingenben templomb\u00facs\u00fa: \u00c1rp\u00e1dh\u00e1zi Szent Erzs\u00e9bet \u00fcnnepe. 16.30 \u00f3rakor szentmise, ut\u00e1na \u00e1g\u00e1p\u00e9. * November 27-\u00e9n, vas\u00e1rnap, 8.45 \u00f3rakor\u00a0 Biberachban\u00a0szentmise, majd ut\u00e1na \u00e1g\u00e1p\u00e9. El\u0151tte gy\u00f3ntat\u00e1si lehet\u0151s\u00e9g. 9.30 \u00f3rakor B\u00f6blingenben szentmise, el\u0151tte gy\u00f3n\u00e1si lehet\u0151s\u00e9g, ut\u00e1na \u00e1g\u00e1p\u00e9. 15.00 \u00f3rakor Eislingenben templomb\u00facs\u00fa, Sk\u00f3ciai Szent Margit \u00fcnnepe. Ut\u00e1na \u00e1g\u00e1p\u00e9 \u00e9s bar\u00e1ti egy\u00fcttl\u00e9t. 15.30 \u00f3rakor Heilbronnban szentmise, ut\u00e1na \u00e1g\u00e1p\u00e9. * Minden helyen mindenkit szeretettel v\u00e1r a k\u00f6z\u00f6ss\u00e9g, Imre atya \u00e9s Tibor atya! \u201eA b\u00f6lcs emberek mindig t\u00f6bb lehet\u0151s\u00e9get teremtenek maguknak, mint amennyit tal\u00e1lnak\u201d (Francis Bacon Ferenc \u2013 1561-1626 \u2013 angol filoz\u00f3fus) Sz\u00e9p napokat, j\u00f3 munk\u00e1t, tartalmas besz\u00e9lget\u00e9seket \u00e9s kellemes tal\u00e1lkoz\u00e1sokat k\u00edv\u00e1nunk minden Kedves H\u00edv\u00fcnknek!"}