{"version":"1.0","provider_name":"Stuttgarti Katolikusok","provider_url":"https:\/\/stuttgarti-katolikusok.de","title":"Programel\u0151zetes november 20 \u00e9s 26 k\u00f6z\u00f6tt - Stuttgarti Katolikusok","type":"rich","width":600,"height":338,"html":"<blockquote class=\"wp-embedded-content\" data-secret=\"MBK8G4oIsY\"><a href=\"https:\/\/stuttgarti-katolikusok.de\/index.php\/programelozetes-november-20-es-26-kozott\/\">Programel\u0151zetes november 20 \u00e9s 26 k\u00f6z\u00f6tt<\/a><\/blockquote><iframe sandbox=\"allow-scripts\" security=\"restricted\" src=\"https:\/\/stuttgarti-katolikusok.de\/index.php\/programelozetes-november-20-es-26-kozott\/embed\/#?secret=MBK8G4oIsY\" width=\"600\" height=\"338\" title=\"&#8220;Programel\u0151zetes november 20 \u00e9s 26 k\u00f6z\u00f6tt&#8221; &#8212; Stuttgarti Katolikusok\" data-secret=\"MBK8G4oIsY\" frameborder=\"0\" marginwidth=\"0\" marginheight=\"0\" scrolling=\"no\" class=\"wp-embedded-content\"><\/iframe><script type=\"text\/javascript\">\n\/* <![CDATA[ *\/\n\/*! This file is auto-generated *\/\n!function(d,l){\"use strict\";l.querySelector&&d.addEventListener&&\"undefined\"!=typeof URL&&(d.wp=d.wp||{},d.wp.receiveEmbedMessage||(d.wp.receiveEmbedMessage=function(e){var t=e.data;if((t||t.secret||t.message||t.value)&&!\/[^a-zA-Z0-9]\/.test(t.secret)){for(var s,r,n,a=l.querySelectorAll('iframe[data-secret=\"'+t.secret+'\"]'),o=l.querySelectorAll('blockquote[data-secret=\"'+t.secret+'\"]'),c=new RegExp(\"^https?:$\",\"i\"),i=0;i<o.length;i++)o[i].style.display=\"none\";for(i=0;i<a.length;i++)s=a[i],e.source===s.contentWindow&&(s.removeAttribute(\"style\"),\"height\"===t.message?(1e3<(r=parseInt(t.value,10))?r=1e3:~~r<200&&(r=200),s.height=r):\"link\"===t.message&&(r=new URL(s.getAttribute(\"src\")),n=new URL(t.value),c.test(n.protocol))&&n.host===r.host&&l.activeElement===s&&(d.top.location.href=t.value))}},d.addEventListener(\"message\",d.wp.receiveEmbedMessage,!1),l.addEventListener(\"DOMContentLoaded\",function(){for(var e,t,s=l.querySelectorAll(\"iframe.wp-embedded-content\"),r=0;r<s.length;r++)(t=(e=s[r]).getAttribute(\"data-secret\"))||(t=Math.random().toString(36).substring(2,12),e.src+=\"#?secret=\"+t,e.setAttribute(\"data-secret\",t)),e.contentWindow.postMessage({message:\"ready\",secret:t},\"*\")},!1)))}(window,document);\n\/\/# sourceURL=https:\/\/stuttgarti-katolikusok.de\/wp-includes\/js\/wp-embed.min.js\n\/* ]]> *\/\n<\/script>\n","description":"Programel\u0151zetes November 23-\u00e1n, cs\u00fct\u00f6rt\u00f6k\u00f6n, Ulmban 17.30 \u00f3r\u00e1t\u00f3l, szentmise. El\u0151tte r\u00f3zsaf\u00fcz\u00e9r \u00e9s gy\u00f3ntat\u00e1s, ut\u00e1na Besz\u00e9lget\u00e9sek a Bibli\u00e1r\u00f3l. * November 24-\u00e9n, p\u00e9nteken, Stuttgartban 16.00 \u00f3rakor Bar\u00e1ts\u00e1gklub. A szentmise ELMARAD! 19.00 \u00f3rakor K\u00f3rus \u00e9s Sportklub. Weingarteni d\u00e9lut\u00e1n a Marien Kirche-ben. 17.30 \u00f3rakor r\u00f3zsaf\u00fcz\u00e9r im\u00e1ds\u00e1g, 18.00 \u00f3rakor szentmise, azt k\u00f6vet\u0151en pedig Besz\u00e9lget\u00e9sek a Bibli\u00e1r\u00f3l. * November 25-\u00e9n, szombaton, Heidenheimban 15.30 \u00f3rakor szentmise. Ut\u00e1na \u00e1g\u00e1p\u00e9. Reutlingenben templomb\u00facs\u00fa, \u00c1rp\u00e1dh\u00e1zi Szent Erzs\u00e9bet 16.30 \u00f3rakor szentmise. Ut\u00e1na szents\u00e9gim\u00e1d\u00e1s, v\u00e9g\u00fcl \u00e1g\u00e1p\u00e9 \u00e9s bar\u00e1ti egy\u00fcttl\u00e9t. * November 26-\u00e1n, Krisztus Kir\u00e1ly vas\u00e1rnapja, Biberachban \u00a08.45 \u00f3rakor szentmise. Ut\u00e1na \u00e1g\u00e1p\u00e9. B\u00f6blingenben 9.30 \u00f3rakor szentmise. Ut\u00e1na \u00e1g\u00e1p\u00e9. \u00a0\u00a0\u00a0 Ulmban 12.00 \u00f3rakor szentmise. Eislingenben templomb\u00facs\u00fa, Sk\u00f3ciai Szent Margit 15.00 \u00f3rakor szentmise. Ut\u00e1na \u00e1g\u00e1p\u00e9 \u00e9s bar\u00e1ti egy\u00fcttl\u00e9t. Heilbronnban 15.30 \u00f3rakor szentmise. Ut\u00e1na \u00e1g\u00e1p\u00e9. * Minden helyen mindenkit szeretettel v\u00e1r a k\u00f6z\u00f6ss\u00e9g, Imre atya \u00e9s Tibor atya! \u00a0\u201eA vagyon nem n\u00f6veli bels\u0151 \u00e9rt\u00e9k\u00fcnket, csak lehet\u0151s\u00e9get ad, hogy sok j\u00f3t tehess\u00fcnk.\u201d (\u00c1rp\u00e1dh\u00e1zi Szent Erzs\u00e9bet) Sz\u00e9p \u0151szi napokat, j\u00f3 munk\u00e1t, tartalmas besz\u00e9lget\u00e9seket \u00e9s \u00f6r\u00f6mteli tal\u00e1lkoz\u00e1sokat k\u00edv\u00e1nunk minden Kedves H\u00edv\u00fcnknek!"}