{"version":"1.0","provider_name":"Stuttgarti Katolikusok","provider_url":"https:\/\/stuttgarti-katolikusok.de","title":"Programel\u0151zetes november 13 \u00e9s 19 k\u00f6z\u00f6tt - Stuttgarti Katolikusok","type":"rich","width":600,"height":338,"html":"<blockquote class=\"wp-embedded-content\" data-secret=\"tBXK2NdVag\"><a href=\"https:\/\/stuttgarti-katolikusok.de\/index.php\/programelozetes-november-13-es-19-kozott\/\">Programel\u0151zetes november 13 \u00e9s 19 k\u00f6z\u00f6tt<\/a><\/blockquote><iframe sandbox=\"allow-scripts\" security=\"restricted\" src=\"https:\/\/stuttgarti-katolikusok.de\/index.php\/programelozetes-november-13-es-19-kozott\/embed\/#?secret=tBXK2NdVag\" width=\"600\" height=\"338\" title=\"&#8220;Programel\u0151zetes november 13 \u00e9s 19 k\u00f6z\u00f6tt&#8221; &#8212; Stuttgarti Katolikusok\" data-secret=\"tBXK2NdVag\" frameborder=\"0\" marginwidth=\"0\" marginheight=\"0\" scrolling=\"no\" class=\"wp-embedded-content\"><\/iframe><script type=\"text\/javascript\">\n\/* <![CDATA[ *\/\n\/*! This file is auto-generated *\/\n!function(d,l){\"use strict\";l.querySelector&&d.addEventListener&&\"undefined\"!=typeof URL&&(d.wp=d.wp||{},d.wp.receiveEmbedMessage||(d.wp.receiveEmbedMessage=function(e){var t=e.data;if((t||t.secret||t.message||t.value)&&!\/[^a-zA-Z0-9]\/.test(t.secret)){for(var s,r,n,a=l.querySelectorAll('iframe[data-secret=\"'+t.secret+'\"]'),o=l.querySelectorAll('blockquote[data-secret=\"'+t.secret+'\"]'),c=new RegExp(\"^https?:$\",\"i\"),i=0;i<o.length;i++)o[i].style.display=\"none\";for(i=0;i<a.length;i++)s=a[i],e.source===s.contentWindow&&(s.removeAttribute(\"style\"),\"height\"===t.message?(1e3<(r=parseInt(t.value,10))?r=1e3:~~r<200&&(r=200),s.height=r):\"link\"===t.message&&(r=new URL(s.getAttribute(\"src\")),n=new URL(t.value),c.test(n.protocol))&&n.host===r.host&&l.activeElement===s&&(d.top.location.href=t.value))}},d.addEventListener(\"message\",d.wp.receiveEmbedMessage,!1),l.addEventListener(\"DOMContentLoaded\",function(){for(var e,t,s=l.querySelectorAll(\"iframe.wp-embedded-content\"),r=0;r<s.length;r++)(t=(e=s[r]).getAttribute(\"data-secret\"))||(t=Math.random().toString(36).substring(2,12),e.src+=\"#?secret=\"+t,e.setAttribute(\"data-secret\",t)),e.contentWindow.postMessage({message:\"ready\",secret:t},\"*\")},!1)))}(window,document);\n\/\/# sourceURL=https:\/\/stuttgarti-katolikusok.de\/wp-includes\/js\/wp-embed.min.js\n\/* ]]> *\/\n<\/script>\n","description":"Programel\u0151zetes November 16-\u00e1n, cs\u00fct\u00f6rt\u00f6k\u00f6n, Ulmban 17.30 \u00f3r\u00e1t\u00f3l, szentmise. El\u0151tte r\u00f3zsaf\u00fcz\u00e9r \u00e9s gy\u00f3ntat\u00e1s, ut\u00e1na Besz\u00e9lget\u00e9sek a Bibli\u00e1r\u00f3l. * November 17-\u00e9n, p\u00e9nteken, Stuttgartban 16.00 \u00f3rakor Bar\u00e1ts\u00e1gklub. 17.50 \u00f3rakor r\u00f3zsaf\u00fcz\u00e9r \u00e1jtatoss\u00e1g. Ut\u00e1na szentmise, keret\u00e9ben P\u00e9nteki Egyetem (Besz\u00e9lget\u00e9sek a Katekizmusr\u00f3l). Majd Bibliak\u00f6r. Weingarteni d\u00e9lut\u00e1n a Marien Kirche-ben. 17.30 \u00f3rakor r\u00f3zsaf\u00fcz\u00e9r im\u00e1ds\u00e1g, 18.00 \u00f3rakor szentmise, azt k\u00f6vet\u0151en pedig Besz\u00e9lget\u00e9sek a Bibli\u00e1r\u00f3l. * November 18-\u00e1n, szombaton, Weingarteni templomb\u00facs\u00fa, Szent Imre 16.00 \u00f3rakor szentmise a Heilig Geist Kirche-ben, 17.00 \u00f3rakor k\u00f6z\u00f6s vacsora, majd bar\u00e1ti egy\u00fcttl\u00e9t. * November 19-\u00e9n, \u00e9vk\u00f6zi 33. vas\u00e1rnap, Ludwigsburgban 9.30 \u00f3rakor szentmise. Ut\u00e1na \u00e1g\u00e1p\u00e9. Stuttgartban 12.00 \u00f3rakor szentmise. Ut\u00e1na megeml\u00e9kez\u00e9s Szent L\u00e1szl\u00f3 kir\u00e1lyunkr\u00f3l a Szent L\u00e1szl\u00f3-\u00e9v alkalm\u00e1b\u00f3l: a lovagkir\u00e1ly tr\u00f3nra l\u00e9p\u00e9s\u00e9nek 940. \u00e9s szentt\u00e9 avat\u00e1s\u00e1nak 825. \u00e9vfordul\u00f3j\u00e1n. * Minden helyen mindenkit szeretettel v\u00e1r a k\u00f6z\u00f6ss\u00e9g, Imre atya \u00e9s Tibor atya! \u00a0\u00a0\u00a0\u00a0\u00a0\u00a0\u00a0\u00a0\u00a0\u00a0\u00a0\u00a0\u00a0\u00a0\u00a0\u00a0\u00a0 \u201eIsten\u00fcnk, ki Szent Imre herceget virul\u00f3 ifj\u00fas\u00e1g\u00e1ban magasztaltad f\u00f6l szentjeid k\u00f6z\u00e9, k\u00e9r\u00fcnk, add, hogy \u0151, aki eg\u00e9szen neked szentelhette mag\u00e1t, mind\u00f6r\u00f6kk\u00e9 seg\u00edtsen minket sz\u00edned el\u0151tt! Krisztus, a mi Urunk \u00e1ltal. \u00c1men. \u00a0 Sz\u00e9p \u0151szi napokat, j\u00f3 munk\u00e1t, tartalmas besz\u00e9lget\u00e9seket \u00e9s \u00f6r\u00f6mteli tal\u00e1lkoz\u00e1sokat k\u00edv\u00e1nunk minden Kedves H\u00edv\u00fcnknek!"}