{"version":"1.0","provider_name":"Stuttgarti Katolikusok","provider_url":"https:\/\/stuttgarti-katolikusok.de","title":"Programel\u0151zetes m\u00e1rcius 7-13 k\u00f6z\u00f6tt - Stuttgarti Katolikusok","type":"rich","width":600,"height":338,"html":"<blockquote class=\"wp-embedded-content\" data-secret=\"2FgsqLJ6gG\"><a href=\"https:\/\/stuttgarti-katolikusok.de\/index.php\/programelozetes-marcius-7-13-kozott\/\">Programel\u0151zetes m\u00e1rcius 7-13 k\u00f6z\u00f6tt<\/a><\/blockquote><iframe sandbox=\"allow-scripts\" security=\"restricted\" src=\"https:\/\/stuttgarti-katolikusok.de\/index.php\/programelozetes-marcius-7-13-kozott\/embed\/#?secret=2FgsqLJ6gG\" width=\"600\" height=\"338\" title=\"&#8220;Programel\u0151zetes m\u00e1rcius 7-13 k\u00f6z\u00f6tt&#8221; &#8212; Stuttgarti Katolikusok\" data-secret=\"2FgsqLJ6gG\" frameborder=\"0\" marginwidth=\"0\" marginheight=\"0\" scrolling=\"no\" class=\"wp-embedded-content\"><\/iframe><script type=\"text\/javascript\">\n\/* <![CDATA[ *\/\n\/*! This file is auto-generated *\/\n!function(d,l){\"use strict\";l.querySelector&&d.addEventListener&&\"undefined\"!=typeof URL&&(d.wp=d.wp||{},d.wp.receiveEmbedMessage||(d.wp.receiveEmbedMessage=function(e){var t=e.data;if((t||t.secret||t.message||t.value)&&!\/[^a-zA-Z0-9]\/.test(t.secret)){for(var s,r,n,a=l.querySelectorAll('iframe[data-secret=\"'+t.secret+'\"]'),o=l.querySelectorAll('blockquote[data-secret=\"'+t.secret+'\"]'),c=new RegExp(\"^https?:$\",\"i\"),i=0;i<o.length;i++)o[i].style.display=\"none\";for(i=0;i<a.length;i++)s=a[i],e.source===s.contentWindow&&(s.removeAttribute(\"style\"),\"height\"===t.message?(1e3<(r=parseInt(t.value,10))?r=1e3:~~r<200&&(r=200),s.height=r):\"link\"===t.message&&(r=new URL(s.getAttribute(\"src\")),n=new URL(t.value),c.test(n.protocol))&&n.host===r.host&&l.activeElement===s&&(d.top.location.href=t.value))}},d.addEventListener(\"message\",d.wp.receiveEmbedMessage,!1),l.addEventListener(\"DOMContentLoaded\",function(){for(var e,t,s=l.querySelectorAll(\"iframe.wp-embedded-content\"),r=0;r<s.length;r++)(t=(e=s[r]).getAttribute(\"data-secret\"))||(t=Math.random().toString(36).substring(2,12),e.src+=\"#?secret=\"+t,e.setAttribute(\"data-secret\",t)),e.contentWindow.postMessage({message:\"ready\",secret:t},\"*\")},!1)))}(window,document);\n\/\/# sourceURL=https:\/\/stuttgarti-katolikusok.de\/wp-includes\/js\/wp-embed.min.js\n\/* ]]> *\/\n<\/script>\n","description":"Programel\u0151zetes: M\u00e1rcius 10-\u00e9n, cs\u00fct\u00f6rt\u00f6k\u00f6n Ulmban kereszt\u00fat 17.15 \u00f3rakor, el\u0151tte gy\u00f3ntat\u00e1s, ut\u00e1na szentmise. Majd pedig Besz\u00e9lget\u00e9sek a Bibli\u00e1r\u00f3l. Mindenkit szeretettel v\u00e1r a k\u00f6z\u00f6ss\u00e9g \u00e9s Tibor atya! * M\u00e1rcius 11-\u00e9n, p\u00e9nteken, Stuttgartban a Bar\u00e1ts\u00e1gklub, a kereszt\u00fati \u00e1jtatoss\u00e1g valamint a szentmise ez\u00fattal elmaradnak. 19.00 \u00f3r\u00e1t\u00f3l viszont a Sportklub \u00e9s a K\u00f3rus tagjai tal\u00e1lkoznak.\u00a0 Minden sportbar\u00e1tot \u00e9s k\u00f3rustagot szeretettel v\u00e1runk! Weingartenben, a St. Marien-templomban 18.00 \u00f3r\u00e1t\u00f3l kereszt\u00fat, el\u0151tte gy\u00f3ntat\u00e1s, ut\u00e1na szentmise. Majd pedig Besz\u00e9lget\u00e9sek a Bibli\u00e1r\u00f3l. Mindenkit szeretettel v\u00e1r a k\u00f6z\u00f6ss\u00e9g \u00e9s Tibor atya! * M\u00e1rcius 12-\u00e9n, szombaton 17.00 \u00f3rakor Friedrichshafenben szentmise. Szentmise keret\u00e9ben a betegek szents\u00e9g\u00e9t szolg\u00e1ltatjuk ki. Ut\u00e1na \u00e1g\u00e1p\u00e9. Mindenkit szeretettel v\u00e1r a k\u00f6z\u00f6ss\u00e9g \u00e9s Tibor atya! * M\u00e1rcius 13-\u00e1n, vas\u00e1rnap, Weingartenben 10,00 \u00f3r\u00e1t\u00f3l szentmise. Szentmise keret\u00e9ben a betegek szents\u00e9g\u00e9t szolg\u00e1ltatjuk ki, majd \u00e1g\u00e1p\u00e9. Minden weingarteni \u00e9s Weingarten k\u00f6rny\u00e9ki H\u00edv\u00fcnket szeretettel v\u00e1r a k\u00f6z\u00f6ss\u00e9g \u00e9s Tibor atya! 15.00 \u00f3rakor Ulmban szentmise, azut\u00e1n \u00e1g\u00e1p\u00e9. Szentmise el\u0151tt gy\u00f3ntat\u00e1s, a szentmis\u00e9ben pedig a betegek szents\u00e9g\u00e9t szolg\u00e1ltatjuk ki. Mindenkit v\u00e1r a k\u00f6z\u00f6ss\u00e9g \u00e9s Imre atya! * Ugyanezen a napon tartjuk Stuttgartban Nemzeti \u00dcnnep\u00fcnket. Az \u00f6kumenikus istentisztelet 15.00 \u00f3rakor kezd\u0151dik a Bad Cannstatt-i Luther-templomban. Ig\u00e9t hirdet Tibor atya. Ut\u00e1na kult\u00farm\u0171sor. Mindenkit szeretettel v\u00e1runk! \u201eA sz\u00edvnek is megvannak a maga \u00e9rvei, csak az \u00e9sz nem mindig tudja fel\u00e9rni \u0151ket!\u201d (Blaise Pascal \u2013 1623-1662 &#8211; francia matematikus, fizikus, irodalm\u00e1r \u00e9s kereszt\u00e9ny filoz\u00f3fus) Bens\u0151s\u00e9ges nagyb\u00f6jti napokat, j\u00f3 munk\u00e1t, tartalmas besz\u00e9lget\u00e9seket \u00e9s kellemes tal\u00e1lkoz\u00e1sokat! &nbsp;"}