{"version":"1.0","provider_name":"Stuttgarti Katolikusok","provider_url":"https:\/\/stuttgarti-katolikusok.de","title":"Programel\u0151zetes m\u00e1rcius 4 \u00e9s 10 k\u00f6z\u00f6tt - Stuttgarti Katolikusok","type":"rich","width":600,"height":338,"html":"<blockquote class=\"wp-embedded-content\" data-secret=\"73F4suh9HJ\"><a href=\"https:\/\/stuttgarti-katolikusok.de\/index.php\/programelozetes-marcius-4-es-10-kozott\/\">Programel\u0151zetes m\u00e1rcius 4 \u00e9s 10 k\u00f6z\u00f6tt<\/a><\/blockquote><iframe sandbox=\"allow-scripts\" security=\"restricted\" src=\"https:\/\/stuttgarti-katolikusok.de\/index.php\/programelozetes-marcius-4-es-10-kozott\/embed\/#?secret=73F4suh9HJ\" width=\"600\" height=\"338\" title=\"&#8220;Programel\u0151zetes m\u00e1rcius 4 \u00e9s 10 k\u00f6z\u00f6tt&#8221; &#8212; Stuttgarti Katolikusok\" data-secret=\"73F4suh9HJ\" frameborder=\"0\" marginwidth=\"0\" marginheight=\"0\" scrolling=\"no\" class=\"wp-embedded-content\"><\/iframe><script type=\"text\/javascript\">\n\/* <![CDATA[ *\/\n\/*! This file is auto-generated *\/\n!function(d,l){\"use strict\";l.querySelector&&d.addEventListener&&\"undefined\"!=typeof URL&&(d.wp=d.wp||{},d.wp.receiveEmbedMessage||(d.wp.receiveEmbedMessage=function(e){var t=e.data;if((t||t.secret||t.message||t.value)&&!\/[^a-zA-Z0-9]\/.test(t.secret)){for(var s,r,n,a=l.querySelectorAll('iframe[data-secret=\"'+t.secret+'\"]'),o=l.querySelectorAll('blockquote[data-secret=\"'+t.secret+'\"]'),c=new RegExp(\"^https?:$\",\"i\"),i=0;i<o.length;i++)o[i].style.display=\"none\";for(i=0;i<a.length;i++)s=a[i],e.source===s.contentWindow&&(s.removeAttribute(\"style\"),\"height\"===t.message?(1e3<(r=parseInt(t.value,10))?r=1e3:~~r<200&&(r=200),s.height=r):\"link\"===t.message&&(r=new URL(s.getAttribute(\"src\")),n=new URL(t.value),c.test(n.protocol))&&n.host===r.host&&l.activeElement===s&&(d.top.location.href=t.value))}},d.addEventListener(\"message\",d.wp.receiveEmbedMessage,!1),l.addEventListener(\"DOMContentLoaded\",function(){for(var e,t,s=l.querySelectorAll(\"iframe.wp-embedded-content\"),r=0;r<s.length;r++)(t=(e=s[r]).getAttribute(\"data-secret\"))||(t=Math.random().toString(36).substring(2,12),e.src+=\"#?secret=\"+t,e.setAttribute(\"data-secret\",t)),e.contentWindow.postMessage({message:\"ready\",secret:t},\"*\")},!1)))}(window,document);\n\/\/# sourceURL=https:\/\/stuttgarti-katolikusok.de\/wp-includes\/js\/wp-embed.min.js\n\/* ]]> *\/\n<\/script>\n","thumbnail_url":"https:\/\/stuttgarti-katolikusok.de\/wp-content\/uploads\/2019\/03\/hamvazoszerda.jpg","thumbnail_width":850,"thumbnail_height":572,"description":"Programel\u0151zetes M\u00e1rcius 6-\u00e1n, Hamvaz\u00f3szerd\u00e1n, \u00a0\u00a0\u00a0\u00a0\u00a0\u00a0\u00a0\u00a0\u00a0\u00a0\u00a0 Stuttgartban 10.15 \u00f3rakor magyarnyelv\u0171 szentmise, keret\u00e9ben hamvaz\u00e1s. * M\u00e1rcius 7-\u00e9n, cs\u00fct\u00f6rt\u00f6k\u00f6n, \u00a0\u00a0\u00a0\u00a0\u00a0\u00a0\u00a0\u00a0\u00a0\u00a0\u00a0 Ulmi d\u00e9lut\u00e1n, 17.30 \u00f3rakor kereszt\u00fati \u00e1jtatoss\u00e1g, ut\u00e1na szentmise. Keret\u00e9ben hamvaz\u00e1s. * M\u00e1rcius 8-\u00e1n, p\u00e9nteken, \u00a0 \u00a0 \u00a0 \u00a0 \u00a0 \u00a0Stuttgartban\u00a016.00 \u00f3rakor Bar\u00e1ts\u00e1gklub. 18.00 \u00f3rakor szentmise, keret\u00e9ben hamvaz\u00e1s. Ut\u00e1na Sportklub. \u00a0\u00a0\u00a0\u00a0\u00a0\u00a0\u00a0\u00a0\u00a0\u00a0\u00a0 Weingarteni d\u00e9lut\u00e1n a Marien-Kirche-ben. 17.30 \u00f3rakor r\u00f3zsaf\u00fcz\u00e9r-\u00e1jtatoss\u00e1g, ut\u00e1na \u00a0szentmise. Keret\u00e9ben hamvaz\u00e1s. * M\u00e1rcius 9-\u00e9n, szombaton, \u00a0 \u00a0 \u00a0 \u00a0 \u00a0 \u00a0Friedrichshafenben 17.00 \u00f3rakor szentmise. Keret\u00e9ben hamvaz\u00e1s. Ut\u00e1na \u00e1g\u00e1p\u00e9. * M\u00e1rcius 10-\u00e9n, nagyb\u00f6jt I. vas\u00e1rnapja, \u00a0\u00a0\u00a0\u00a0\u00a0\u00a0\u00a0\u00a0\u00a0\u00a0\u00a0 Weingartenben a 14 Nothelfer Kapelle-ben 10.00 \u00f3rakor szentmise, keret\u00e9ben hamvaz\u00e1s. Ut\u00e1na \u00e1g\u00e1p\u00e9. \u00a0 \u00a0 \u00a0 \u00a0 \u00a0 \u00a0Ulmban 15.00 \u00f3rakor szentmise. Keret\u00e9ben hamvaz\u00e1s, ut\u00e1na \u00e1g\u00e1p\u00e9. \u00a0 \u00a0 \u00a0 \u00a0 \u00a0 \u00a0Stuttgartban Nemzeti \u00dcnnep. 15.00 \u00f3rakor a fellbachi Luther-templomban (August-Br\u00e4ndle-Str. 50.) \u00f6kumenikus istentisztelet. Ut\u00e1na a Paul Gerhard Haus-ban kult\u00farm\u0171sor. * Minden helyen mindenkit szeretettel v\u00e1r a k\u00f6z\u00f6ss\u00e9g, Tibor atya \u00e9s Imre atya! &nbsp; \u201eB\u00f6jt\u00f6lni azt jelenti: megtanulni el\u00e9gedettnek lenni, vonakodni att\u00f3l, hogy belefulladjak az anyagiakba, \u00e9s nevetve lemondani a f\u00f6l\u00f6slegesekr\u0151l.\u201d (Phil Bosmans \u2013 1922-2012 \u2013 belga katolikus szerzetes \u00e9s lelki \u00edr\u00f3) Kegyelemteljes nagyb\u00f6jti napokat \u00e9s \u00f6r\u00f6mteli tal\u00e1lkoz\u00e1sokat k\u00edv\u00e1nunk minden Kedves H\u00edv\u00fcnknek!"}