{"version":"1.0","provider_name":"Stuttgarti Katolikusok","provider_url":"https:\/\/stuttgarti-katolikusok.de","title":"Programel\u0151zetes m\u00e1rcius 18 \u00e9s 24 k\u00f6z\u00f6tt - Stuttgarti Katolikusok","type":"rich","width":600,"height":338,"html":"<blockquote class=\"wp-embedded-content\" data-secret=\"l1iBqaSJQV\"><a href=\"https:\/\/stuttgarti-katolikusok.de\/index.php\/programelozetes-marcius-18-es-24-kozott\/\">Programel\u0151zetes m\u00e1rcius 18 \u00e9s 24 k\u00f6z\u00f6tt<\/a><\/blockquote><iframe sandbox=\"allow-scripts\" security=\"restricted\" src=\"https:\/\/stuttgarti-katolikusok.de\/index.php\/programelozetes-marcius-18-es-24-kozott\/embed\/#?secret=l1iBqaSJQV\" width=\"600\" height=\"338\" title=\"&#8220;Programel\u0151zetes m\u00e1rcius 18 \u00e9s 24 k\u00f6z\u00f6tt&#8221; &#8212; Stuttgarti Katolikusok\" data-secret=\"l1iBqaSJQV\" frameborder=\"0\" marginwidth=\"0\" marginheight=\"0\" scrolling=\"no\" class=\"wp-embedded-content\"><\/iframe><script type=\"text\/javascript\">\n\/* <![CDATA[ *\/\n\/*! This file is auto-generated *\/\n!function(d,l){\"use strict\";l.querySelector&&d.addEventListener&&\"undefined\"!=typeof URL&&(d.wp=d.wp||{},d.wp.receiveEmbedMessage||(d.wp.receiveEmbedMessage=function(e){var t=e.data;if((t||t.secret||t.message||t.value)&&!\/[^a-zA-Z0-9]\/.test(t.secret)){for(var s,r,n,a=l.querySelectorAll('iframe[data-secret=\"'+t.secret+'\"]'),o=l.querySelectorAll('blockquote[data-secret=\"'+t.secret+'\"]'),c=new RegExp(\"^https?:$\",\"i\"),i=0;i<o.length;i++)o[i].style.display=\"none\";for(i=0;i<a.length;i++)s=a[i],e.source===s.contentWindow&&(s.removeAttribute(\"style\"),\"height\"===t.message?(1e3<(r=parseInt(t.value,10))?r=1e3:~~r<200&&(r=200),s.height=r):\"link\"===t.message&&(r=new URL(s.getAttribute(\"src\")),n=new URL(t.value),c.test(n.protocol))&&n.host===r.host&&l.activeElement===s&&(d.top.location.href=t.value))}},d.addEventListener(\"message\",d.wp.receiveEmbedMessage,!1),l.addEventListener(\"DOMContentLoaded\",function(){for(var e,t,s=l.querySelectorAll(\"iframe.wp-embedded-content\"),r=0;r<s.length;r++)(t=(e=s[r]).getAttribute(\"data-secret\"))||(t=Math.random().toString(36).substring(2,12),e.src+=\"#?secret=\"+t,e.setAttribute(\"data-secret\",t)),e.contentWindow.postMessage({message:\"ready\",secret:t},\"*\")},!1)))}(window,document);\n\/\/# sourceURL=https:\/\/stuttgarti-katolikusok.de\/wp-includes\/js\/wp-embed.min.js\n\/* ]]> *\/\n<\/script>\n","description":"Programel\u0151zetes M\u00e1rcius 21-\u00e9n, cs\u00fct\u00f6rt\u00f6k\u00f6n, Ulmi d\u00e9lut\u00e1n, 17.30 \u00f3r\u00e1t\u00f3l kereszt\u00fati \u00e1jtatoss\u00e1g, ut\u00e1na szentmise. * M\u00e1rcius 22-\u00e9n, p\u00e9nteken, Stuttgartban 16.00 \u00f3rakor Bar\u00e1ts\u00e1gklub. \u00a0\u00a0\u00a0\u00a0\u00a0\u00a0\u00a0\u00a0\u00a0\u00a0\u00a0 18.00 \u00f3rakor kereszt\u00fati \u00e1jtatoss\u00e1g, majd szentmise, keret\u00e9ben a lelkigyakorlatok megnyit\u00f3 besz\u00e9de. Weingarteni d\u00e9lut\u00e1n a Marien Kirche-ben. 17.30-kor kereszt\u00fati \u00e1jtatoss\u00e1g. Ut\u00e1na szentmise. * M\u00e1rcius 23-\u00e1n, szombaton, Heidenheimban 15.30 \u00f3rakor szentmise. Ut\u00e1na \u00e1g\u00e1p\u00e9. Reutlingenben 17.00 \u00f3rakor szentmise. Ut\u00e1na \u00e1g\u00e1p\u00e9. \u00a0 M\u00e1rcius 22 \u00e9s 24 k\u00f6z\u00f6tt STUTTGARTI CSENDES NAPOK. Moder\u00e1tor: Mons. Dr. Kov\u00e1cs Gergely \u2013 R\u00f3ma. T\u00e9ma: \u201eSZ\u00cdVETEKET SZAGGASS\u00c1TOK MEG, NE A RUH\u00c1TOKAT\u201d (Joel 2,13) Programja: P \u00c9 N T E K 18.00 \u00a0kereszt\u00fati \u00e1jtatoss\u00e1g, szentmise \u00e9s bevezet\u0151 elm\u00e9lked\u00e9s (ut\u00e1na besz\u00e9lget\u00e9s, ismerked\u00e9s Gergely aty\u00e1val) S Z O M B A T 9.00\u00a0gy\u00fclekez\u0151 \u00e9s k\u00f6z\u00f6s reggeli 10.00\u00a0 I. elm\u00e9lked\u00e9s (ut\u00e1na gy\u00f3ntat\u00e1s) 11.00 \u00a0II. elm\u00e9lked\u00e9s (ut\u00e1na gy\u00f3ntat\u00e1s) 12.15 K\u00d6Z\u00d6S EB\u00c9D 13.30 \u00a0kereszt\u00fati \u00e1jtatoss\u00e1g\u00a0 (alatta gy\u00f3ntat\u00e1s) 14.30 \u00a0III. elm\u00e9lked\u00e9s 15.30 \u00a0IV. elm\u00e9lked\u00e9s (szentmise keret\u00e9ben) V A S \u00c1 R N A P 9.30\u00a0\u00a0B\u00f6blingen szentmise \u00e9s z\u00e1r\u00f3elm\u00e9lked\u00e9s \u00a0* M\u00e1rcius 24-\u00e9n, nagyb\u00f6jt 3. vas\u00e1rnapj\u00e1n, Biberachban 8.45 \u00f3rakor szentmise, ut\u00e1na \u00e1g\u00e1p\u00e9. B\u00f6blingenben 9.30 \u00f3rakor szentmise, ut\u00e1na \u00e1g\u00e1p\u00e9. Ulmban 12.00 \u00f3rakor szentmise. Eislingenben 15.00 \u00f3rakor szentmise, ut\u00e1na \u00e1g\u00e1p\u00e9. Heilbronnban 15.30 \u00f3rakor szentmise, ut\u00e1na \u00e1g\u00e1p\u00e9. * Minden helyen mindenkit szeretettel v\u00e1r a k\u00f6z\u00f6ss\u00e9g, Imre atya \u00e9s Tibor atya! \u00a0 \u201eB\u00f6jt\u00f6lni azt jelenti: lemondok az igazamr\u00f3l ott \u00e9s akkor, ahol \u00e9s amikor az m\u00e1sok k\u00e1r\u00e1ra lenne.\u201d (Stefan Fleischer \u2013 *1938 \u2013 n\u00e9met bankigazgat\u00f3) \u00a0 Bens\u0151s\u00e9ges nagyb\u00f6jti napokat, j\u00f3 munk\u00e1t, tartalmas besz\u00e9lget\u00e9seket \u00e9s \u00f6r\u00f6mteli tal\u00e1lkoz\u00e1sokat k\u00edv\u00e1nunk minden Kedves H\u00edv\u00fcnknek!"}