{"version":"1.0","provider_name":"Stuttgarti Katolikusok","provider_url":"https:\/\/stuttgarti-katolikusok.de","title":"Programel\u0151zetes m\u00e1rcius 16 \u00e9s 22 k\u00f6z\u00f6tt - Stuttgarti Katolikusok","type":"rich","width":600,"height":338,"html":"<blockquote class=\"wp-embedded-content\" data-secret=\"7bUHkkxuPf\"><a href=\"https:\/\/stuttgarti-katolikusok.de\/index.php\/programelozetes-marcius-16-es-22-kozott\/\">Programel\u0151zetes m\u00e1rcius 16 \u00e9s 22 k\u00f6z\u00f6tt<\/a><\/blockquote><iframe sandbox=\"allow-scripts\" security=\"restricted\" src=\"https:\/\/stuttgarti-katolikusok.de\/index.php\/programelozetes-marcius-16-es-22-kozott\/embed\/#?secret=7bUHkkxuPf\" width=\"600\" height=\"338\" title=\"&#8220;Programel\u0151zetes m\u00e1rcius 16 \u00e9s 22 k\u00f6z\u00f6tt&#8221; &#8212; Stuttgarti Katolikusok\" data-secret=\"7bUHkkxuPf\" frameborder=\"0\" marginwidth=\"0\" marginheight=\"0\" scrolling=\"no\" class=\"wp-embedded-content\"><\/iframe><script type=\"text\/javascript\">\n\/* <![CDATA[ *\/\n\/*! This file is auto-generated *\/\n!function(d,l){\"use strict\";l.querySelector&&d.addEventListener&&\"undefined\"!=typeof URL&&(d.wp=d.wp||{},d.wp.receiveEmbedMessage||(d.wp.receiveEmbedMessage=function(e){var t=e.data;if((t||t.secret||t.message||t.value)&&!\/[^a-zA-Z0-9]\/.test(t.secret)){for(var s,r,n,a=l.querySelectorAll('iframe[data-secret=\"'+t.secret+'\"]'),o=l.querySelectorAll('blockquote[data-secret=\"'+t.secret+'\"]'),c=new RegExp(\"^https?:$\",\"i\"),i=0;i<o.length;i++)o[i].style.display=\"none\";for(i=0;i<a.length;i++)s=a[i],e.source===s.contentWindow&&(s.removeAttribute(\"style\"),\"height\"===t.message?(1e3<(r=parseInt(t.value,10))?r=1e3:~~r<200&&(r=200),s.height=r):\"link\"===t.message&&(r=new URL(s.getAttribute(\"src\")),n=new URL(t.value),c.test(n.protocol))&&n.host===r.host&&l.activeElement===s&&(d.top.location.href=t.value))}},d.addEventListener(\"message\",d.wp.receiveEmbedMessage,!1),l.addEventListener(\"DOMContentLoaded\",function(){for(var e,t,s=l.querySelectorAll(\"iframe.wp-embedded-content\"),r=0;r<s.length;r++)(t=(e=s[r]).getAttribute(\"data-secret\"))||(t=Math.random().toString(36).substring(2,12),e.src+=\"#?secret=\"+t,e.setAttribute(\"data-secret\",t)),e.contentWindow.postMessage({message:\"ready\",secret:t},\"*\")},!1)))}(window,document);\n\/\/# sourceURL=https:\/\/stuttgarti-katolikusok.de\/wp-includes\/js\/wp-embed.min.js\n\/* ]]> *\/\n<\/script>\n","description":"Programel\u0151zetes (minden nappal v\u00e1ltozhat!) &nbsp; M\u00e1rcius 19-\u00e9n, cs\u00fct\u00f6rt\u00f6k\u00f6n, Ulmi d\u00e9lut\u00e1n 17.30 \u00f3rakor kereszt\u00fati \u00e1jtatoss\u00e1g, ut\u00e1na szentmise. Keret\u00e9ben: Besz\u00e9lget\u00e9sek a Katekizmusr\u00f3l. * M\u00e1rcius 20-\u00e1n, p\u00e9nteken, Stuttgartban 16.00 \u00f3rakor a Bar\u00e1ts\u00e1gklub ELMARAD! 18.00 \u00f3rakor el\u0151bb kereszt\u00fati \u00e1jtatoss\u00e1g, majd szentmise. Ut\u00e1na Bibliak\u00f6r. Weingarteni d\u00e9lut\u00e1n a Marien Kirche-ben: 17.30 \u00f3rakor kereszt\u00fati \u00e1jtatoss\u00e1g, ut\u00e1na szentmise. Keret\u00e9ben: Besz\u00e9lget\u00e9sek a Katekizmusr\u00f3l. * M\u00e1rcius 21-\u00e9n, szombaton, Reutlingenben 16.30 \u00f3rakor szentmise. Ut\u00e1na \u00e1g\u00e1p\u00e9. * M\u00e1rcius 22-\u00e9n, nagyb\u00f6jt 4. vas\u00e1rnapj\u00e1n, Biberachban 8.30 \u00f3rakor szentmise, ut\u00e1na \u00e1g\u00e1p\u00e9. B\u00f6blingenben 9.30 \u00f3rakor szentmise, ut\u00e1na \u00e1g\u00e1p\u00e9. Ulmban 12.00 \u00f3rakor szentmise. Eislingenben 15.00 \u00f3rakor szentmise, ut\u00e1na az \u00e1g\u00e1p\u00e9 ELMARAD! Heilbronnban 15.30 \u00f3rakor szentmise, ut\u00e1na \u00e1g\u00e1p\u00e9. * Minden helyen mindenkit szeretettel v\u00e1r a k\u00f6z\u00f6ss\u00e9g, Imre atya \u00e9s Tibor atya! * \u201eHa az emberi gyarl\u00f3s\u00e1g k\u00f6vetkezt\u00e9ben nem is tudod magadat teljesen megtart\u00f3ztatni a rosszt\u00f3l, a legjobb t\u00f6rekv\u00e9seddel m\u00e9gis mindenekel\u0151tt azon l\u00e9gy, hogy nemcsak a gonosz cselekedetekt\u0151l, de a gonosz gondolatokt\u00f3l is szabadulj.\u201d (Clairvauxi Szent Bern\u00e1t \u2013 1090-1153 \u2013 ciszterci szerzetes) \u00a0 Bens\u0151s\u00e9ges nagyb\u00f6jti napokat, j\u00f3 munk\u00e1t, tartalmas besz\u00e9lget\u00e9seket \u00e9s \u00f6r\u00f6mteli tal\u00e1lkoz\u00e1sokat k\u00edv\u00e1nunk minden Kedves H\u00edv\u00fcnknek! \u00a0"}