{"version":"1.0","provider_name":"Stuttgarti Katolikusok","provider_url":"https:\/\/stuttgarti-katolikusok.de","title":"Programel\u0151zetes m\u00e1rcius 11 \u00e9s 17 k\u00f6z\u00f6tt - Stuttgarti Katolikusok","type":"rich","width":600,"height":338,"html":"<blockquote class=\"wp-embedded-content\" data-secret=\"MkQ1EAPnFM\"><a href=\"https:\/\/stuttgarti-katolikusok.de\/index.php\/programelozetes-marcius-11-es-17-kozott\/\">Programel\u0151zetes m\u00e1rcius 11 \u00e9s 17 k\u00f6z\u00f6tt<\/a><\/blockquote><iframe sandbox=\"allow-scripts\" security=\"restricted\" src=\"https:\/\/stuttgarti-katolikusok.de\/index.php\/programelozetes-marcius-11-es-17-kozott\/embed\/#?secret=MkQ1EAPnFM\" width=\"600\" height=\"338\" title=\"&#8220;Programel\u0151zetes m\u00e1rcius 11 \u00e9s 17 k\u00f6z\u00f6tt&#8221; &#8212; Stuttgarti Katolikusok\" data-secret=\"MkQ1EAPnFM\" frameborder=\"0\" marginwidth=\"0\" marginheight=\"0\" scrolling=\"no\" class=\"wp-embedded-content\"><\/iframe><script type=\"text\/javascript\">\n\/* <![CDATA[ *\/\n\/*! This file is auto-generated *\/\n!function(d,l){\"use strict\";l.querySelector&&d.addEventListener&&\"undefined\"!=typeof URL&&(d.wp=d.wp||{},d.wp.receiveEmbedMessage||(d.wp.receiveEmbedMessage=function(e){var t=e.data;if((t||t.secret||t.message||t.value)&&!\/[^a-zA-Z0-9]\/.test(t.secret)){for(var s,r,n,a=l.querySelectorAll('iframe[data-secret=\"'+t.secret+'\"]'),o=l.querySelectorAll('blockquote[data-secret=\"'+t.secret+'\"]'),c=new RegExp(\"^https?:$\",\"i\"),i=0;i<o.length;i++)o[i].style.display=\"none\";for(i=0;i<a.length;i++)s=a[i],e.source===s.contentWindow&&(s.removeAttribute(\"style\"),\"height\"===t.message?(1e3<(r=parseInt(t.value,10))?r=1e3:~~r<200&&(r=200),s.height=r):\"link\"===t.message&&(r=new URL(s.getAttribute(\"src\")),n=new URL(t.value),c.test(n.protocol))&&n.host===r.host&&l.activeElement===s&&(d.top.location.href=t.value))}},d.addEventListener(\"message\",d.wp.receiveEmbedMessage,!1),l.addEventListener(\"DOMContentLoaded\",function(){for(var e,t,s=l.querySelectorAll(\"iframe.wp-embedded-content\"),r=0;r<s.length;r++)(t=(e=s[r]).getAttribute(\"data-secret\"))||(t=Math.random().toString(36).substring(2,12),e.src+=\"#?secret=\"+t,e.setAttribute(\"data-secret\",t)),e.contentWindow.postMessage({message:\"ready\",secret:t},\"*\")},!1)))}(window,document);\n\/\/# sourceURL=https:\/\/stuttgarti-katolikusok.de\/wp-includes\/js\/wp-embed.min.js\n\/* ]]> *\/\n<\/script>\n","description":"Programel\u0151zetes M\u00e1rcius 14-\u00e9n, cs\u00fct\u00f6rt\u00f6k\u00f6n, Ulmi d\u00e9lut\u00e1n, 17.30 \u00f3rakor kereszt\u00fati \u00e1jtatoss\u00e1g. * M\u00e1rcius 15-\u00e9n, p\u00e9nteken, Stuttgartban 16.00 \u00f3rakor Bar\u00e1ts\u00e1gklub. 18.00 \u00f3rakor kereszt\u00fati \u00e1jtatoss\u00e1g, majd szentmise, keret\u00e9ben P\u00e9nteki Egyetem. Ut\u00e1na Bibliak\u00f6r. T\u00e9ma: A B\u00f6lcsess\u00e9g K\u00f6nyve. * M\u00e1rcius 15 \u2013 17 k\u00f6z\u00f6tt Weingarteni Csendes Napok. Ft. Seffer D\u00e1niel, ugocsai esperes-pl\u00e9b\u00e1nossal. T\u00e9m\u00e1ja: \u201eEvezz a m\u00e9lyre!\u201c (Lk 5,4) \u00a0\u00a0\u00a0\u00a0\u00a0\u00a0\u00a0\u00a0\u00a0\u00a0\u00a0 P \u00e9 n t e k &#8211; m\u00e1rcius 15. (Marienkirche) 17.30 kereszt\u00fati \u00e1jtatoss\u00e1g, szentmise \u00e9s bevezet\u0151 elm\u00e9lked\u00e9s (ut\u00e1na besz\u00e9lget\u00e9s, ismerked\u00e9s D\u00e1niel aty\u00e1val) \u00a0\u00a0\u00a0\u00a0\u00a0\u00a0\u00a0\u00a0\u00a0\u00a0\u00a0 S z o m b a t &#8211; m\u00e1rcius 16. 9.00\u00a0gy\u00fclekez\u0151 (Sankt Martinus K\u00f6z\u00f6ss\u00e9gi H\u00e1z) 10.00 I. elm\u00e9lked\u00e9s (ut\u00e1na gy\u00f3ntat\u00e1s) 11.00 II. elm\u00e9lked\u00e9s (ut\u00e1na gy\u00f3ntat\u00e1s) 12.15 k\u00f6z\u00f6s eb\u00e9d 13.30 kereszt\u00fati \u00e1jtatoss\u00e1g\u00a0 (alatta gy\u00f3ntat\u00e1s) \u2013 (14 Nothelfer Kapelle) 14.30 III. elm\u00e9lked\u00e9s 15.30 IV. elm\u00e9lked\u00e9s (szentmise keret\u00e9ben) \u00a0\u00a0\u00a0\u00a0\u00a0\u00a0\u00a0\u00a0\u00a0\u00a0\u00a0 V a s \u00e1 r n a p &#8211; m\u00e1rcius 17. \u2013 (14 Nothelfer Kapelle) 10.00\u00a0szentmise\u00a0 \u00e9s z\u00e1r\u00f3elm\u00e9lked\u00e9s * M\u00e1rcius 17-\u00e9n, nagyb\u00f6jt 2. vas\u00e1rnapj\u00e1n, Ludwigsburgban 9.30 \u00f3rakor szentmise. Ut\u00e1na \u00e1g\u00e1p\u00e9. Stuttgartban 12.00 \u00f3rakor szentmise. * Minden helyen mindenkit szeretettel v\u00e1r a k\u00f6z\u00f6ss\u00e9g Imre atya \u00e9s Tibor atya! \u201eA b\u00f6jt a l\u00e9lek t\u00e1pl\u00e1l\u00e9ka. Amint a testi t\u00e1pl\u00e1l\u00e9k er\u0151s\u00edt, \u00fagy teszi a b\u00f6jt a lelket er\u0151ss\u00e9 \u00e9s sz\u00e1rnyakat ad neki, felemeli \u00e9s k\u00e9pess\u00e9 teszi arra, hogy a mennyei dolgokr\u00f3l gondolkozz\u00e9k.\u201d (Aranysz\u00e1j\u00fa Szent J\u00e1nos \u2013 350-407 \u2013 g\u00f6r\u00f6g egyh\u00e1zatya, konstantin\u00e1polyi p\u00e1tri\u00e1rka)\u00a0 Bens\u0151s\u00e9ges nagyb\u00f6jti napokat, j\u00f3 munk\u00e1t, tartalmas besz\u00e9lget\u00e9seket \u00e9s \u00f6r\u00f6mteli tal\u00e1lkoz\u00e1sokat k\u00edv\u00e1nunk minden Kedves H\u00edv\u00fcnknek! &nbsp;"}