{"version":"1.0","provider_name":"Stuttgarti Katolikusok","provider_url":"https:\/\/stuttgarti-katolikusok.de","title":"Programel\u0151zetes m\u00e1rcius 1-6 k\u00f6z\u00f6tt - Stuttgarti Katolikusok","type":"rich","width":600,"height":338,"html":"<blockquote class=\"wp-embedded-content\" data-secret=\"HSOVDRxAEf\"><a href=\"https:\/\/stuttgarti-katolikusok.de\/index.php\/programelozetes-marcius-1-6-kozott\/\">Programel\u0151zetes m\u00e1rcius 1-6 k\u00f6z\u00f6tt<\/a><\/blockquote><iframe sandbox=\"allow-scripts\" security=\"restricted\" src=\"https:\/\/stuttgarti-katolikusok.de\/index.php\/programelozetes-marcius-1-6-kozott\/embed\/#?secret=HSOVDRxAEf\" width=\"600\" height=\"338\" title=\"&#8220;Programel\u0151zetes m\u00e1rcius 1-6 k\u00f6z\u00f6tt&#8221; &#8212; Stuttgarti Katolikusok\" data-secret=\"HSOVDRxAEf\" frameborder=\"0\" marginwidth=\"0\" marginheight=\"0\" scrolling=\"no\" class=\"wp-embedded-content\"><\/iframe><script type=\"text\/javascript\">\n\/* <![CDATA[ *\/\n\/*! This file is auto-generated *\/\n!function(d,l){\"use strict\";l.querySelector&&d.addEventListener&&\"undefined\"!=typeof URL&&(d.wp=d.wp||{},d.wp.receiveEmbedMessage||(d.wp.receiveEmbedMessage=function(e){var t=e.data;if((t||t.secret||t.message||t.value)&&!\/[^a-zA-Z0-9]\/.test(t.secret)){for(var s,r,n,a=l.querySelectorAll('iframe[data-secret=\"'+t.secret+'\"]'),o=l.querySelectorAll('blockquote[data-secret=\"'+t.secret+'\"]'),c=new RegExp(\"^https?:$\",\"i\"),i=0;i<o.length;i++)o[i].style.display=\"none\";for(i=0;i<a.length;i++)s=a[i],e.source===s.contentWindow&&(s.removeAttribute(\"style\"),\"height\"===t.message?(1e3<(r=parseInt(t.value,10))?r=1e3:~~r<200&&(r=200),s.height=r):\"link\"===t.message&&(r=new URL(s.getAttribute(\"src\")),n=new URL(t.value),c.test(n.protocol))&&n.host===r.host&&l.activeElement===s&&(d.top.location.href=t.value))}},d.addEventListener(\"message\",d.wp.receiveEmbedMessage,!1),l.addEventListener(\"DOMContentLoaded\",function(){for(var e,t,s=l.querySelectorAll(\"iframe.wp-embedded-content\"),r=0;r<s.length;r++)(t=(e=s[r]).getAttribute(\"data-secret\"))||(t=Math.random().toString(36).substring(2,12),e.src+=\"#?secret=\"+t,e.setAttribute(\"data-secret\",t)),e.contentWindow.postMessage({message:\"ready\",secret:t},\"*\")},!1)))}(window,document);\n\/\/# sourceURL=https:\/\/stuttgarti-katolikusok.de\/wp-includes\/js\/wp-embed.min.js\n\/* ]]> *\/\n<\/script>\n","description":"Programel\u0151zetes M\u00e1rcius 3-\u00e1n, cs\u00fct\u00f6rt\u00f6k\u00f6n, este 17.30 \u00f3rakor Ulmban szentmise. El\u0151tte gy\u00f3n\u00e1si lehet\u0151s\u00e9g, ut\u00e1na Besz\u00e9lget\u00e9sek a Bibli\u00e1r\u00f3l. Mindenkit szeretettel v\u00e1r a k\u00f6z\u00f6ss\u00e9g \u00e9s Tibor atya! * M\u00e1rcius 4-\u00e9n, p\u00e9nteken, 15.30 \u00f3rakor Stuttgartban Bar\u00e1ts\u00e1gklub. Minden kellemes t\u00e1rsas\u00e1gra v\u00e1gy\u00f3 \u00e9rdekl\u0151d\u0151t szeretettel v\u00e1r a Vezet\u0151s\u00e9g \u00e9s a Tags\u00e1g! Este 17.45 \u00f3rakor kereszt\u00fati \u00e1jtatoss\u00e1g, ut\u00e1na szentmise. Keret\u00e9ben Besz\u00e9lget\u00e9sek a katekizmusr\u00f3l. T\u00e9ma: A 7 f\u0151b\u0171n. Ut\u00e1na Imak\u00f6r. Mindenkit szeretettel v\u00e1runk! Este 18.00 \u00f3rakor Weingartenben is kereszt\u00fat \u00e9s szentmise, majd Besz\u00e9lget\u00e9sek a Bibli\u00e1r\u00f3l. Mindenkit szeretettel v\u00e1r a k\u00f6z\u00f6ss\u00e9g \u00e9s Tibor atya! * M\u00e1rcius 5-\u00e9n, szombaton, 17.00 \u00f3rakor Balingenben szentmise. Keret\u00e9ben a szentkenet szents\u00e9g\u00e9nek kiszolg\u00e1ltat\u00e1sa, ut\u00e1na \u00e1g\u00e1p\u00e9. Minden balingeni \u00e9s Balingen k\u00f6rny\u00e9ki H\u00edv\u00fcnket szeretettel elv\u00e1r a k\u00f6z\u00f6ss\u00e9g \u00e9s Tibor atya! * M\u00e1rcius 6-\u00e1n, vas\u00e1rnap, 9.00 \u00f3rakor Munderkingenben szentmise. Keret\u00e9ben a szentkenet szents\u00e9g\u00e9nek kiszolg\u00e1ltat\u00e1sa. Mindenkit szeretettel v\u00e1r a k\u00f6z\u00f6ss\u00e9g \u00e9s Tibor atya. 9.30 \u00f3rakor Schw\u00e4bisch Gm\u00fcndben szentmise. Keret\u00e9ben a szentkenet szents\u00e9g\u00e9nek kiszolg\u00e1ltat\u00e1sa. Ut\u00e1na \u00e1g\u00e1p\u00e9. Minden gm\u00fcndi \u00e9s Gm\u00fcnd k\u00f6rny\u00e9ki H\u00edv\u00fcnket szeretettel v\u00e1r a k\u00f6z\u00f6ss\u00e9g \u00e9s Imre atya! Ugyancsak ezen a napon Stuttgartban du. 15.00 \u00f3rakor szentmise. Keret\u00e9ben a szentkenet szents\u00e9g\u00e9nek kiszolg\u00e1ltat\u00e1sa. Ut\u00e1na \u00e1g\u00e1p\u00e9. Mindenkit szeretettel v\u00e1r a k\u00f6z\u00f6ss\u00e9g \u00e9s Imre atya! \u201eA legjobb, amit ezen a vil\u00e1gon tehet\u00fcnk: j\u00f3t tenni, der\u0171snek lenni, \u00e9s engedni, hogy f\u00fcty\u00fcljenek a madarak.\u201d (Don Bosco Szent J\u00e1nos \u2013 1815-1988 \u2013 olasz szerzetes, nevel\u0151). Bens\u0151s\u00e9ges nagyb\u00f6jti napokat, j\u00f3 munk\u00e1t, tartalmas besz\u00e9lget\u00e9seket \u00e9s kellemes tal\u00e1lkoz\u00e1sokat k\u00edv\u00e1nunk minden Kedves H\u00edv\u00fcnknek!"}