{"version":"1.0","provider_name":"Stuttgarti Katolikusok","provider_url":"https:\/\/stuttgarti-katolikusok.de","title":"Programel\u0151zetes m\u00e1jus 7 \u00e9s 13 k\u00f6z\u00f6tt - Stuttgarti Katolikusok","type":"rich","width":600,"height":338,"html":"<blockquote class=\"wp-embedded-content\" data-secret=\"2owPfDiroL\"><a href=\"https:\/\/stuttgarti-katolikusok.de\/index.php\/programelozetes-majus-7-es-13-kozott\/\">Programel\u0151zetes m\u00e1jus 7 \u00e9s 13 k\u00f6z\u00f6tt<\/a><\/blockquote><iframe sandbox=\"allow-scripts\" security=\"restricted\" src=\"https:\/\/stuttgarti-katolikusok.de\/index.php\/programelozetes-majus-7-es-13-kozott\/embed\/#?secret=2owPfDiroL\" width=\"600\" height=\"338\" title=\"&#8220;Programel\u0151zetes m\u00e1jus 7 \u00e9s 13 k\u00f6z\u00f6tt&#8221; &#8212; Stuttgarti Katolikusok\" data-secret=\"2owPfDiroL\" frameborder=\"0\" marginwidth=\"0\" marginheight=\"0\" scrolling=\"no\" class=\"wp-embedded-content\"><\/iframe><script type=\"text\/javascript\">\n\/* <![CDATA[ *\/\n\/*! This file is auto-generated *\/\n!function(d,l){\"use strict\";l.querySelector&&d.addEventListener&&\"undefined\"!=typeof URL&&(d.wp=d.wp||{},d.wp.receiveEmbedMessage||(d.wp.receiveEmbedMessage=function(e){var t=e.data;if((t||t.secret||t.message||t.value)&&!\/[^a-zA-Z0-9]\/.test(t.secret)){for(var s,r,n,a=l.querySelectorAll('iframe[data-secret=\"'+t.secret+'\"]'),o=l.querySelectorAll('blockquote[data-secret=\"'+t.secret+'\"]'),c=new RegExp(\"^https?:$\",\"i\"),i=0;i<o.length;i++)o[i].style.display=\"none\";for(i=0;i<a.length;i++)s=a[i],e.source===s.contentWindow&&(s.removeAttribute(\"style\"),\"height\"===t.message?(1e3<(r=parseInt(t.value,10))?r=1e3:~~r<200&&(r=200),s.height=r):\"link\"===t.message&&(r=new URL(s.getAttribute(\"src\")),n=new URL(t.value),c.test(n.protocol))&&n.host===r.host&&l.activeElement===s&&(d.top.location.href=t.value))}},d.addEventListener(\"message\",d.wp.receiveEmbedMessage,!1),l.addEventListener(\"DOMContentLoaded\",function(){for(var e,t,s=l.querySelectorAll(\"iframe.wp-embedded-content\"),r=0;r<s.length;r++)(t=(e=s[r]).getAttribute(\"data-secret\"))||(t=Math.random().toString(36).substring(2,12),e.src+=\"#?secret=\"+t,e.setAttribute(\"data-secret\",t)),e.contentWindow.postMessage({message:\"ready\",secret:t},\"*\")},!1)))}(window,document);\n\/\/# sourceURL=https:\/\/stuttgarti-katolikusok.de\/wp-includes\/js\/wp-embed.min.js\n\/* ]]> *\/\n<\/script>\n","description":"Programel\u0151zetes M\u00e1jus 9-\u00e9n, szerd\u00e1n, Stuttgartban 10.15 \u00f3rakor n\u00e9met nyelv\u0171 szentmise. * M\u00e1jus 10-\u00e9n, cs\u00fct\u00f6rt\u00f6k\u00f6n, Urunk megnnybemenetel\u00e9nek \u00fcnnep\u00e9n, Heidenheimban Csal\u00e1di Nap, 10.00 \u00f3rakor szabadt\u00e9ri szentmise. Ulmban 17.30 \u00f3rakor szentmise. El\u0151tte m\u00e1jusi \u00e1jtatoss\u00e1g. * M\u00e1jus 11-\u00e9n, p\u00e9nteken, Stuttgartban, 16.00 \u00f3rakor a Bar\u00e1ts\u00e1gklub. 17.50 \u00f3rakor m\u00e1jusi \u00e1jtatoss\u00e1g, 18.00 \u00f3rakor szentmise: Urunk megnnybemenetele. Ut\u00e1na Sportklub. Weingartenben Blutfreitag, ezen az \u00fcnnepi k\u00f6rmenetbe \u00e9s szentmis\u00e9be kapcsol\u00f3dunk be. M\u00e1jus 12-\u00e9n, szombaton, Friedrichshafenben 17.00 \u00f3rakor szentmise. Ut\u00e1na \u00e1g\u00e1p\u00e9. Keret\u00e9ben Any\u00e1k Napi m\u0171sor. * M\u00e1jus 13-\u00e1n, H\u00fasv\u00e9t 7. vas\u00e1rnapj\u00e1n, Weingartenben 10.00 \u00f3rakor szentmise, ut\u00e1na \u00e1g\u00e1p\u00e9. Keret\u00e9ben Any\u00e1k Napi m\u0171sor. Ulmban 15.00 \u00f3rakor szentmise, ut\u00e1na \u00e1g\u00e1p\u00e9. Keret\u00e9ben Any\u00e1k Napi m\u0171sor. * Minden helyen mindenkit szeretettel v\u00e1r a k\u00f6z\u00f6ss\u00e9g, Imre atya \u00e9s Tibor atya! \u201eIsten legnagyobb tal\u00e1lm\u00e1nya az \u00e9desanya!\u201d (ismeretlen) Kellemes m\u00e1jusi napokat, j\u00f3 munk\u00e1t, tartalmas besz\u00e9lget\u00e9seket \u00e9s \u00f6r\u00f6mteli tal\u00e1lkoz\u00e1sokat k\u00edv\u00e1nunk minden Kedves H\u00edv\u00fcnknek!"}