{"version":"1.0","provider_name":"Stuttgarti Katolikusok","provider_url":"https:\/\/stuttgarti-katolikusok.de","title":"Programel\u0151zetes m\u00e1jus 20 \u00e9s 26 k\u00f6z\u00f6tt - Stuttgarti Katolikusok","type":"rich","width":600,"height":338,"html":"<blockquote class=\"wp-embedded-content\" data-secret=\"eg01jVxNMu\"><a href=\"https:\/\/stuttgarti-katolikusok.de\/index.php\/programelozetes-majus-20-es-26-kozott\/\">Programel\u0151zetes m\u00e1jus 20 \u00e9s 26 k\u00f6z\u00f6tt<\/a><\/blockquote><iframe sandbox=\"allow-scripts\" security=\"restricted\" src=\"https:\/\/stuttgarti-katolikusok.de\/index.php\/programelozetes-majus-20-es-26-kozott\/embed\/#?secret=eg01jVxNMu\" width=\"600\" height=\"338\" title=\"&#8220;Programel\u0151zetes m\u00e1jus 20 \u00e9s 26 k\u00f6z\u00f6tt&#8221; &#8212; Stuttgarti Katolikusok\" data-secret=\"eg01jVxNMu\" frameborder=\"0\" marginwidth=\"0\" marginheight=\"0\" scrolling=\"no\" class=\"wp-embedded-content\"><\/iframe><script type=\"text\/javascript\">\n\/* <![CDATA[ *\/\n\/*! This file is auto-generated *\/\n!function(d,l){\"use strict\";l.querySelector&&d.addEventListener&&\"undefined\"!=typeof URL&&(d.wp=d.wp||{},d.wp.receiveEmbedMessage||(d.wp.receiveEmbedMessage=function(e){var t=e.data;if((t||t.secret||t.message||t.value)&&!\/[^a-zA-Z0-9]\/.test(t.secret)){for(var s,r,n,a=l.querySelectorAll('iframe[data-secret=\"'+t.secret+'\"]'),o=l.querySelectorAll('blockquote[data-secret=\"'+t.secret+'\"]'),c=new RegExp(\"^https?:$\",\"i\"),i=0;i<o.length;i++)o[i].style.display=\"none\";for(i=0;i<a.length;i++)s=a[i],e.source===s.contentWindow&&(s.removeAttribute(\"style\"),\"height\"===t.message?(1e3<(r=parseInt(t.value,10))?r=1e3:~~r<200&&(r=200),s.height=r):\"link\"===t.message&&(r=new URL(s.getAttribute(\"src\")),n=new URL(t.value),c.test(n.protocol))&&n.host===r.host&&l.activeElement===s&&(d.top.location.href=t.value))}},d.addEventListener(\"message\",d.wp.receiveEmbedMessage,!1),l.addEventListener(\"DOMContentLoaded\",function(){for(var e,t,s=l.querySelectorAll(\"iframe.wp-embedded-content\"),r=0;r<s.length;r++)(t=(e=s[r]).getAttribute(\"data-secret\"))||(t=Math.random().toString(36).substring(2,12),e.src+=\"#?secret=\"+t,e.setAttribute(\"data-secret\",t)),e.contentWindow.postMessage({message:\"ready\",secret:t},\"*\")},!1)))}(window,document);\n\/\/# sourceURL=https:\/\/stuttgarti-katolikusok.de\/wp-includes\/js\/wp-embed.min.js\n\/* ]]> *\/\n<\/script>\n","description":"Programel\u0151zetes M\u00e1jus 22-\u00e9n, szerd\u00e1n, Stuttgartban 10.15 \u00f3rakor n\u00e9met nyelv\u0171 szentmise. * M\u00e1jus 23-\u00e1n, cs\u00fct\u00f6rt\u00f6k\u00f6n, Ulmi d\u00e9lut\u00e1n, 18.30 \u00f3rakor m\u00e1jusi \u00e1jtatoss\u00e1g, ut\u00e1na szentmise. * M\u00e1jus 24-\u00e9n, p\u00e9nteken, Stuttgartban 16.00 \u00f3rakor Bar\u00e1ts\u00e1gklub. 18.00 \u00f3rakor m\u00e1jusi \u00e1jtatoss\u00e1g. Majd szentmise, keret\u00e9ben Besz\u00e9lget\u00e9sek a Katekizmusr\u00f3l. 19.00 \u00f3rakor Sportklub. Weingartenben, a 14 Nothelfer Kapelle-ben 18.30 \u00f3rakor m\u00e1jusi \u00e1jtatoss\u00e1g, ut\u00e1na szentmise. * M\u00e1jus 25-\u00e9n, szombaton, Heidenheimban 15.30 \u00f3rakor szentmise, majd motorszentel\u00e9s. Ut\u00e1na \u00e1g\u00e1p\u00e9.\u00a0\u00a0 Reutlingenben 16.30 \u00f3rakor szentmise. Ut\u00e1na \u00e1g\u00e1p\u00e9. * M\u00e1jus 26-\u00e1n, H\u00fasv\u00e9t 6. vas\u00e1rnapj\u00e1n, Biberachban 8.45 \u00f3rakor szentmise, ut\u00e1na \u00e1g\u00e1p\u00e9. B\u00f6blingenben 9.30 \u00f3rakor szentmise, ut\u00e1na \u00e1g\u00e1p\u00e9. Ulmban 12.00 \u00f3rakor szentmise. Eislingenben 15.00 \u00f3rakor szentmise, ut\u00e1na \u00e1g\u00e1p\u00e9. Heilbronnban 15.30 \u00f3rakor szentmise, ut\u00e1na \u00e1g\u00e1p\u00e9. Minden helyen mindenkit szeretettel v\u00e1r a k\u00f6z\u00f6ss\u00e9g, Imre atya \u00e9s Tibor atya! \u00a0 \u00a0 \u00a0 \u00a0 \u00a0 \u00a0 \u00a0 \u00a0 \u00a0 \u00a0 * \u201e.Az igazs\u00e1g mindig \u00f6nmaga erej\u00e9b\u0151l gy\u0151z. A hazugs\u00e1gnak minden esetben sz\u00fcks\u00e9ge van legal\u00e1bb egy cinkosra.\u201d (Epiktetosz \u2013 Kr.u. 51-138 \u2013 g\u00f6r\u00f6g filoz\u00f3fus) \u00a0Kegyelemteljes h\u00fasv\u00e9t ut\u00e1ni napokat k\u00edv\u00e1nunk minden Kedves H\u00edv\u00fcnknek! \u00a0"}