{"version":"1.0","provider_name":"Stuttgarti Katolikusok","provider_url":"https:\/\/stuttgarti-katolikusok.de","title":"Programel\u0151zetes m\u00e1jus 14 \u00e9s 27 k\u00f6z\u00f6tt - Stuttgarti Katolikusok","type":"rich","width":600,"height":338,"html":"<blockquote class=\"wp-embedded-content\" data-secret=\"AIa0fTrclf\"><a href=\"https:\/\/stuttgarti-katolikusok.de\/index.php\/programelozetes-majus-14-es-27-kozott\/\">Programel\u0151zetes m\u00e1jus 14 \u00e9s 27 k\u00f6z\u00f6tt<\/a><\/blockquote><iframe sandbox=\"allow-scripts\" security=\"restricted\" src=\"https:\/\/stuttgarti-katolikusok.de\/index.php\/programelozetes-majus-14-es-27-kozott\/embed\/#?secret=AIa0fTrclf\" width=\"600\" height=\"338\" title=\"&#8220;Programel\u0151zetes m\u00e1jus 14 \u00e9s 27 k\u00f6z\u00f6tt&#8221; &#8212; Stuttgarti Katolikusok\" data-secret=\"AIa0fTrclf\" frameborder=\"0\" marginwidth=\"0\" marginheight=\"0\" scrolling=\"no\" class=\"wp-embedded-content\"><\/iframe><script type=\"text\/javascript\">\n\/* <![CDATA[ *\/\n\/*! This file is auto-generated *\/\n!function(d,l){\"use strict\";l.querySelector&&d.addEventListener&&\"undefined\"!=typeof URL&&(d.wp=d.wp||{},d.wp.receiveEmbedMessage||(d.wp.receiveEmbedMessage=function(e){var t=e.data;if((t||t.secret||t.message||t.value)&&!\/[^a-zA-Z0-9]\/.test(t.secret)){for(var s,r,n,a=l.querySelectorAll('iframe[data-secret=\"'+t.secret+'\"]'),o=l.querySelectorAll('blockquote[data-secret=\"'+t.secret+'\"]'),c=new RegExp(\"^https?:$\",\"i\"),i=0;i<o.length;i++)o[i].style.display=\"none\";for(i=0;i<a.length;i++)s=a[i],e.source===s.contentWindow&&(s.removeAttribute(\"style\"),\"height\"===t.message?(1e3<(r=parseInt(t.value,10))?r=1e3:~~r<200&&(r=200),s.height=r):\"link\"===t.message&&(r=new URL(s.getAttribute(\"src\")),n=new URL(t.value),c.test(n.protocol))&&n.host===r.host&&l.activeElement===s&&(d.top.location.href=t.value))}},d.addEventListener(\"message\",d.wp.receiveEmbedMessage,!1),l.addEventListener(\"DOMContentLoaded\",function(){for(var e,t,s=l.querySelectorAll(\"iframe.wp-embedded-content\"),r=0;r<s.length;r++)(t=(e=s[r]).getAttribute(\"data-secret\"))||(t=Math.random().toString(36).substring(2,12),e.src+=\"#?secret=\"+t,e.setAttribute(\"data-secret\",t)),e.contentWindow.postMessage({message:\"ready\",secret:t},\"*\")},!1)))}(window,document);\n\/\/# sourceURL=https:\/\/stuttgarti-katolikusok.de\/wp-includes\/js\/wp-embed.min.js\n\/* ]]> *\/\n<\/script>\n","description":"Programel\u0151zetes M\u00e1jus 17-\u00e9n, cs\u00fct\u00f6rt\u00f6k\u00f6n, Ulmi d\u00e9lut\u00e1n, 17.30 \u00f3rakor szentmise. El\u0151tte gy\u00f3ntat\u00e1s, m\u00e1jusi \u00e1jtatoss\u00e1g, ut\u00e1na Besz\u00e9lget\u00e9sek a Bibli\u00e1r\u00f3l. * M\u00e1jus 18-\u00e1n, p\u00e9nteken, Stuttgartban 16.00 \u00f3rakor Bar\u00e1ts\u00e1gklub. 17.50 \u00f3rakor m\u00e1jusi \u00e1jtatoss\u00e1g, majd szentmise. 19.00 \u00f3r\u00e1t\u00f3l Bibliak\u00f6r. Weingarteni d\u00e9lut\u00e1n a Marien Kirche-ben. 18.30 \u00f3rakor m\u00e1jusi \u00e1jtatoss\u00e1g, 19.00 \u00f3rakor szentmise, azt k\u00f6vet\u0151en pedig Besz\u00e9lget\u00e9sek a Bibli\u00e1r\u00f3l. * M\u00e1jus 20-\u00e1n, P\u00fcnk\u00f6sdvas\u00e1rnapj\u00e1n, Ludwigsburgban 9.30 \u00f3rakor szentmise. Ut\u00e1na \u00e1g\u00e1p\u00e9. Stuttgartban 11.00 \u00f3rakor a J\u00f3t\u00e9konys\u00e1gi Baz\u00e1r megnyit\u00f3ja, 12.00 \u00f3rakor szentmise, keret\u00e9ben els\u0151\u00e1ldoz\u00e1s. 13.30 \u00f3rakor k\u00f6z\u00f6s eb\u00e9d a templom el\u0151tti t\u00e9ren. 15.00 \u00f3rakor Any\u00e1k Napi koncert B\u00f6hm T\u00edmea \u00e9s az Egyh\u00e1zk\u00f6zs\u00e9g h\u00edvei el\u0151ad\u00e1s\u00e1ban. * M\u00e1jus 21 \u00e9s 27 k\u00f6z\u00f6tt Egyh\u00e1zk\u00f6zs\u00e9g\u00fcnk egy csoportja &#8211; Tibor atya vezet\u00e9s\u00e9vel &#8211; Lourdesbe zar\u00e1ndokol. * M\u00e1jus 23-\u00e1n, szerd\u00e1n, Stuttgartban 10.15 \u00f3rakor n\u00e9met nyelv\u0171 szentmise. * M\u00e1jus 25-\u00e9n, p\u00e9nteken, Stuttgartban 16.00 \u00f3rakor Bar\u00e1ts\u00e1gklub. 17.50 \u00f3rakor m\u00e1jusi \u00e1jtatoss\u00e1g, majd szentmise. A Sportklub ELMARAD. * M\u00e1jus 26-\u00e1n, szombaton, Heidenheimban a szentmise ELMARAD. * M\u00e1jus 27-\u00e9n, Szenth\u00e1roms\u00e1gvas\u00e1rnap, Biberachban a szentmise ELMARAD. B\u00f6blingenben 9.30 \u00f3rakor szentmise. Ut\u00e1na \u00e1g\u00e1p\u00e9. Ulmban 12.00 \u00f3rakor szentmise ELMARAD Eislingenben 15.00 \u00f3rakor a szentmise ELMARAD. Heilbronnban 15.30 \u00f3rakor szentmise. Ut\u00e1na \u00e1g\u00e1p\u00e9. * Minden helyen mindenkit szeretettel v\u00e1r a k\u00f6z\u00f6ss\u00e9g, Imre atya \u00e9s Tibor atya! \u201eA szeret\u0151 anyai sz\u00edv a term\u00e9szet legcsod\u00e1latosabb aj\u00e1nd\u00e9ka.\u201c (Horst Bulla \u2013 *1958 \u2013 n\u00e9met \u00edr\u00f3) Kegyelemteljes p\u00fcnk\u00f6sdi napokat, j\u00f3 munk\u00e1t, tartalmas besz\u00e9lget\u00e9seket \u00e9s \u00f6r\u00f6mteli tal\u00e1lkoz\u00e1sokat k\u00edv\u00e1nunk minden Kedves H\u00edv\u00fcnknek!"}