{"version":"1.0","provider_name":"Stuttgarti Katolikusok","provider_url":"https:\/\/stuttgarti-katolikusok.de","title":"Programel\u0151zetes m\u00e1jus 13 \u00e9s 19 k\u00f6z\u00f6tt - Stuttgarti Katolikusok","type":"rich","width":600,"height":338,"html":"<blockquote class=\"wp-embedded-content\" data-secret=\"dD2cHv4nHu\"><a href=\"https:\/\/stuttgarti-katolikusok.de\/index.php\/programelozetes-majus-13-es-19-kozott\/\">Programel\u0151zetes m\u00e1jus 13 \u00e9s 19 k\u00f6z\u00f6tt<\/a><\/blockquote><iframe sandbox=\"allow-scripts\" security=\"restricted\" src=\"https:\/\/stuttgarti-katolikusok.de\/index.php\/programelozetes-majus-13-es-19-kozott\/embed\/#?secret=dD2cHv4nHu\" width=\"600\" height=\"338\" title=\"&#8220;Programel\u0151zetes m\u00e1jus 13 \u00e9s 19 k\u00f6z\u00f6tt&#8221; &#8212; Stuttgarti Katolikusok\" data-secret=\"dD2cHv4nHu\" frameborder=\"0\" marginwidth=\"0\" marginheight=\"0\" scrolling=\"no\" class=\"wp-embedded-content\"><\/iframe><script type=\"text\/javascript\">\n\/* <![CDATA[ *\/\n\/*! This file is auto-generated *\/\n!function(d,l){\"use strict\";l.querySelector&&d.addEventListener&&\"undefined\"!=typeof URL&&(d.wp=d.wp||{},d.wp.receiveEmbedMessage||(d.wp.receiveEmbedMessage=function(e){var t=e.data;if((t||t.secret||t.message||t.value)&&!\/[^a-zA-Z0-9]\/.test(t.secret)){for(var s,r,n,a=l.querySelectorAll('iframe[data-secret=\"'+t.secret+'\"]'),o=l.querySelectorAll('blockquote[data-secret=\"'+t.secret+'\"]'),c=new RegExp(\"^https?:$\",\"i\"),i=0;i<o.length;i++)o[i].style.display=\"none\";for(i=0;i<a.length;i++)s=a[i],e.source===s.contentWindow&&(s.removeAttribute(\"style\"),\"height\"===t.message?(1e3<(r=parseInt(t.value,10))?r=1e3:~~r<200&&(r=200),s.height=r):\"link\"===t.message&&(r=new URL(s.getAttribute(\"src\")),n=new URL(t.value),c.test(n.protocol))&&n.host===r.host&&l.activeElement===s&&(d.top.location.href=t.value))}},d.addEventListener(\"message\",d.wp.receiveEmbedMessage,!1),l.addEventListener(\"DOMContentLoaded\",function(){for(var e,t,s=l.querySelectorAll(\"iframe.wp-embedded-content\"),r=0;r<s.length;r++)(t=(e=s[r]).getAttribute(\"data-secret\"))||(t=Math.random().toString(36).substring(2,12),e.src+=\"#?secret=\"+t,e.setAttribute(\"data-secret\",t)),e.contentWindow.postMessage({message:\"ready\",secret:t},\"*\")},!1)))}(window,document);\n\/\/# sourceURL=https:\/\/stuttgarti-katolikusok.de\/wp-includes\/js\/wp-embed.min.js\n\/* ]]> *\/\n<\/script>\n","description":"Programel\u0151zetes M\u00e1jus 15-\u00e9n, szerd\u00e1n, \u00a0\u00a0\u00a0\u00a0\u00a0\u00a0\u00a0\u00a0\u00a0\u00a0\u00a0 Stuttgartban 10.15 \u00f3rakor n\u00e9met nyelv\u0171 szentmise. * M\u00e1jus 16-\u00e1n, cs\u00fct\u00f6rt\u00f6k\u00f6n, \u00a0\u00a0\u00a0\u00a0\u00a0\u00a0\u00a0\u00a0\u00a0\u00a0\u00a0 Ulmi d\u00e9lut\u00e1n, 17.30 \u00f3rakor r\u00f3zsaf\u00fcz\u00e9r im\u00e1ds\u00e1g, ut\u00e1na szentmise. * M\u00e1jus 17-19 k\u00f6z\u00f6tt Egyh\u00e1zk\u00f6zs\u00e9g\u00fcnk alap\u00edt\u00e1s\u00e1nak 72. \u00e9vfordul\u00f3ja alkalm\u00e1b\u00f3l h\u00e1romnapos rendezv\u00e9ny. D\u00edszvend\u00e9geink Dr. M\u00e1rfi Gyula veszpr\u00e9mi \u00e9rsek atya \u00e9s az Aranycsapat Alap\u00edtv\u00e1ny r\u00e9sz\u00e9r\u0151l K\u00fc Lajos illetve Wichmann Tam\u00e1s. * M\u00e1jus 17-\u00e9n, p\u00e9nteken, \u00a0 \u00a0 \u00a0 \u00a0 \u00a0 \u00a0 Stuttgartban 16.00 \u00f3rakor Bar\u00e1ts\u00e1gklub. 18.00 \u00f3rakor m\u00e1jusi \u00e1jtatoss\u00e1g. Ut\u00e1na szentmise. 19.00 \u00f3rakor vet\u00edt\u00e9s el\u0151ad\u00e1s az Aranycsapatr\u00f3l a Magyar Kult\u00farint\u00e9zetben. \u00a0\u00a0\u00a0\u00a0\u00a0\u00a0\u00a0\u00a0\u00a0\u00a0\u00a0 A Weingarti d\u00e9lut\u00e1n ELMARAD! * M\u00e1jus 18-\u00e1n, szombaton, \u00a0 \u00a0 \u00a0 \u00a0 \u00a0 \u00a0 \u00a0Stuttgartban 10.00 \u00f3r\u00e1t\u00f3l 18.00 \u00f3r\u00e1ig foci Aranycsapat-Eml\u00e9ktorna a Bruder-Klaus-templom melletti sportp\u00e1ly\u00e1n. * M\u00e1jus 19-\u00e9n, H\u00fasv\u00e9t 5. vas\u00e1rnapj\u00e1n, \u00a0\u00a0\u00a0\u00a0\u00a0\u00a0\u00a0\u00a0\u00a0\u00a0\u00a0 Ludwigsburgban 9.30 \u00f3rakor szentmise, ut\u00e1na \u00e1g\u00e1p\u00e9. \u00a0 \u00a0 \u00a0 \u00a0 \u00a0 \u00a0 Stuttgartban 12.00 \u00f3rakor szentmise. Keret\u00e9ben els\u0151\u00e1ldoz\u00e1s \u00e9s b\u00e9rm\u00e1lkoz\u00e1s. Ut\u00e1na k\u00f6z\u00f6s eb\u00e9d. Majd 15.00 \u00f3rakor besz\u00e9lget\u00e9s Dr. M\u00e1rfi Gyula veszpr\u00e9mi \u00e9rsekkel a vil\u00e1gegyh\u00e1z \u00e9s a magyar egyh\u00e1z dolgair\u00f3l. * Minden helyen mindenkit szeretettel v\u00e1r a k\u00f6z\u00f6ss\u00e9g Tibor atya \u00e9s Imre atya! \u201e\u00dagy kell im\u00e1dkoznunk, mintha minden Istent\u0151l f\u00fcggene, \u00e9s \u00fagy dolgozni, mintha minden t\u0151l\u00fcnk f\u00fcggne.\u201d (Szent \u00c1goston \u2013 354-430 \u2013 p\u00fcsp\u00f6k, egyh\u00e1zatya, filoz\u00f3fus) Kegyelemteljes h\u00fasv\u00e9ti napokat \u00e9s \u00f6r\u00f6mteli tal\u00e1lkoz\u00e1sokat k\u00edv\u00e1nunk minden Kedves H\u00edv\u00fcnknek!"}