{"version":"1.0","provider_name":"Stuttgarti Katolikusok","provider_url":"https:\/\/stuttgarti-katolikusok.de","title":"Programel\u0151zetes j\u00fanius 3 \u00e9s 16 k\u00f6z\u00f6tt - Stuttgarti Katolikusok","type":"rich","width":600,"height":338,"html":"<blockquote class=\"wp-embedded-content\" data-secret=\"xUii5TX9t9\"><a href=\"https:\/\/stuttgarti-katolikusok.de\/index.php\/programelozetes-junius-3-es-16-kozott\/\">Programel\u0151zetes j\u00fanius 3 \u00e9s 16 k\u00f6z\u00f6tt<\/a><\/blockquote><iframe sandbox=\"allow-scripts\" security=\"restricted\" src=\"https:\/\/stuttgarti-katolikusok.de\/index.php\/programelozetes-junius-3-es-16-kozott\/embed\/#?secret=xUii5TX9t9\" width=\"600\" height=\"338\" title=\"&#8220;Programel\u0151zetes j\u00fanius 3 \u00e9s 16 k\u00f6z\u00f6tt&#8221; &#8212; Stuttgarti Katolikusok\" data-secret=\"xUii5TX9t9\" frameborder=\"0\" marginwidth=\"0\" marginheight=\"0\" scrolling=\"no\" class=\"wp-embedded-content\"><\/iframe><script type=\"text\/javascript\">\n\/* <![CDATA[ *\/\n\/*! This file is auto-generated *\/\n!function(d,l){\"use strict\";l.querySelector&&d.addEventListener&&\"undefined\"!=typeof URL&&(d.wp=d.wp||{},d.wp.receiveEmbedMessage||(d.wp.receiveEmbedMessage=function(e){var t=e.data;if((t||t.secret||t.message||t.value)&&!\/[^a-zA-Z0-9]\/.test(t.secret)){for(var s,r,n,a=l.querySelectorAll('iframe[data-secret=\"'+t.secret+'\"]'),o=l.querySelectorAll('blockquote[data-secret=\"'+t.secret+'\"]'),c=new RegExp(\"^https?:$\",\"i\"),i=0;i<o.length;i++)o[i].style.display=\"none\";for(i=0;i<a.length;i++)s=a[i],e.source===s.contentWindow&&(s.removeAttribute(\"style\"),\"height\"===t.message?(1e3<(r=parseInt(t.value,10))?r=1e3:~~r<200&&(r=200),s.height=r):\"link\"===t.message&&(r=new URL(s.getAttribute(\"src\")),n=new URL(t.value),c.test(n.protocol))&&n.host===r.host&&l.activeElement===s&&(d.top.location.href=t.value))}},d.addEventListener(\"message\",d.wp.receiveEmbedMessage,!1),l.addEventListener(\"DOMContentLoaded\",function(){for(var e,t,s=l.querySelectorAll(\"iframe.wp-embedded-content\"),r=0;r<s.length;r++)(t=(e=s[r]).getAttribute(\"data-secret\"))||(t=Math.random().toString(36).substring(2,12),e.src+=\"#?secret=\"+t,e.setAttribute(\"data-secret\",t)),e.contentWindow.postMessage({message:\"ready\",secret:t},\"*\")},!1)))}(window,document);\n\/\/# sourceURL=https:\/\/stuttgarti-katolikusok.de\/wp-includes\/js\/wp-embed.min.js\n\/* ]]> *\/\n<\/script>\n","description":"Programel\u0151zetes J\u00fanius 5-\u00e9n, szerd\u00e1n, \u00a0\u00a0\u00a0\u00a0\u00a0\u00a0\u00a0\u00a0\u00a0\u00a0\u00a0 Stuttgartban 10.15 \u00f3rakor n\u00e9met nyelv\u0171 szentmise. * J\u00fanius 6-\u00e1n, cs\u00fct\u00f6rt\u00f6k\u00f6n, \u00a0\u00a0\u00a0\u00a0\u00a0\u00a0\u00a0\u00a0\u00a0\u00a0\u00a0 Ulmi d\u00e9lut\u00e1n, 18.30 \u00f3rakor r\u00f3zsaf\u00fcz\u00e9r im\u00e1ds\u00e1g, ut\u00e1na szentmise. * J\u00fanius 7-\u00e9n, p\u00e9nteken, \u00a0\u00a0\u00a0\u00a0\u00a0\u00a0\u00a0\u00a0\u00a0\u00a0\u00a0 Stuttgartban 16.00 \u00f3rakor Bar\u00e1ts\u00e1gklub. 18.00 \u00f3rakor J\u00e9zus Sz\u00edve \u00e1jtatoss\u00e1g. Majd szentmise, keret\u00e9ben Besz\u00e9lget\u00e9sek a Katekizmusr\u00f3l. 19.00 \u00f3rakor Sportklub. \u00a0\u00a0\u00a0\u00a0\u00a0\u00a0\u00a0\u00a0\u00a0\u00a0\u00a0 Weingartenben, a Marien-Kirche-ben Weingarteni d\u00e9lut\u00e1n: 18.30 \u00f3rakor r\u00f3zsaf\u00fcz\u00e9r im\u00e1ds\u00e1g, ut\u00e1na szentmise. * J\u00fanius 8-\u00e1n, szombaton, \u00a0 \u00a0 \u00a0 \u00a0 \u00a0 \u00a0Friedrichshafenben 17.00 \u00f3rakor szentmise. Ut\u00e1na \u00e1g\u00e1p\u00e9. * J\u00fanius 9-\u00e9n, P\u00fcnk\u00f6sdvas\u00e1rnapj\u00e1n, \u00a0 \u00a0 \u00a0 \u00a0 \u00a0 \u00a0Ludwigsburgban templomb\u00facs\u00fa, 9.30 \u00f3rakor szentmise, majd \u00e1g\u00e1p\u00e9. \u00a0\u00a0\u00a0\u00a0\u00a0\u00a0\u00a0\u00a0\u00a0\u00a0\u00a0 Weingartenben a 14 Nothelfer Kapelle-ben 10.00 \u00f3rakor szentmise, ut\u00e1na \u00e1g\u00e1p\u00e9. \u00a0 \u00a0 \u00a0 \u00a0 \u00a0 \u00a0Stuttgartban 12.00 \u00f3rakor szentmise. \u00a0 \u00a0 \u00a0 \u00a0 \u00a0 \u00a0Ulmban 15.00 \u00f3rakor szentmise, majd \u00e1g\u00e1p\u00e9. * J\u00fanius 13., cs\u00fct\u00f6rt\u00f6k, \u00a0 \u00a0 \u00a0 \u00a0 \u00a0 \u00a0Ulmban Ulmi d\u00e9lut\u00e1n, 18.30 \u00f3rakor r\u00f3zsaf\u00fcz\u00e9r im\u00e1ds\u00e1g, ut\u00e1na szentmise. * J\u00fanius 14., p\u00e9ntek, \u00a0 \u00a0 \u00a0 \u00a0 \u00a0 \u00a0Weingartenben, a Marien Kirche-ben Weingarteni d\u00e9lut\u00e1n, 18.30 \u00f3rakor r\u00f3zsaf\u00fcz\u00e9r im\u00e1ds\u00e1g, ut\u00e1na szentmise. * Minden helyen mindenkit szeretettel v\u00e1r a k\u00f6z\u00f6ss\u00e9g, Imre atya \u00e9s Tibor atya! \u00a0 \u201eP\u00fcnk\u00f6sd napj\u00e1n az embereknek ott a hely\u00fck, ahol a sz\u00edv\u00fck.\u201d (B\u00f3di Attila \u2013 sz. 1970 \u2013 erd\u00e9lyi \u00edr\u00f3) \u00a0 Kegyelemteljes p\u00fcnk\u00f6sdi napokat \u00e9s \u00f6r\u00f6mteli tal\u00e1lkoz\u00e1sokat k\u00edv\u00e1nunk minden Kedves H\u00edv\u00fcnknek!"}