{"version":"1.0","provider_name":"Stuttgarti Katolikusok","provider_url":"https:\/\/stuttgarti-katolikusok.de","title":"Programel\u0151zetes j\u00fanius 2 \u00e9s 5 k\u00f6z\u00f6tt - Stuttgarti Katolikusok","type":"rich","width":600,"height":338,"html":"<blockquote class=\"wp-embedded-content\" data-secret=\"pnIiWDu3sg\"><a href=\"https:\/\/stuttgarti-katolikusok.de\/index.php\/programelozetes-junius-2-es-5-kozott\/\">Programel\u0151zetes j\u00fanius 2 \u00e9s 5 k\u00f6z\u00f6tt<\/a><\/blockquote><iframe sandbox=\"allow-scripts\" security=\"restricted\" src=\"https:\/\/stuttgarti-katolikusok.de\/index.php\/programelozetes-junius-2-es-5-kozott\/embed\/#?secret=pnIiWDu3sg\" width=\"600\" height=\"338\" title=\"&#8220;Programel\u0151zetes j\u00fanius 2 \u00e9s 5 k\u00f6z\u00f6tt&#8221; &#8212; Stuttgarti Katolikusok\" data-secret=\"pnIiWDu3sg\" frameborder=\"0\" marginwidth=\"0\" marginheight=\"0\" scrolling=\"no\" class=\"wp-embedded-content\"><\/iframe><script type=\"text\/javascript\">\n\/* <![CDATA[ *\/\n\/*! This file is auto-generated *\/\n!function(d,l){\"use strict\";l.querySelector&&d.addEventListener&&\"undefined\"!=typeof URL&&(d.wp=d.wp||{},d.wp.receiveEmbedMessage||(d.wp.receiveEmbedMessage=function(e){var t=e.data;if((t||t.secret||t.message||t.value)&&!\/[^a-zA-Z0-9]\/.test(t.secret)){for(var s,r,n,a=l.querySelectorAll('iframe[data-secret=\"'+t.secret+'\"]'),o=l.querySelectorAll('blockquote[data-secret=\"'+t.secret+'\"]'),c=new RegExp(\"^https?:$\",\"i\"),i=0;i<o.length;i++)o[i].style.display=\"none\";for(i=0;i<a.length;i++)s=a[i],e.source===s.contentWindow&&(s.removeAttribute(\"style\"),\"height\"===t.message?(1e3<(r=parseInt(t.value,10))?r=1e3:~~r<200&&(r=200),s.height=r):\"link\"===t.message&&(r=new URL(s.getAttribute(\"src\")),n=new URL(t.value),c.test(n.protocol))&&n.host===r.host&&l.activeElement===s&&(d.top.location.href=t.value))}},d.addEventListener(\"message\",d.wp.receiveEmbedMessage,!1),l.addEventListener(\"DOMContentLoaded\",function(){for(var e,t,s=l.querySelectorAll(\"iframe.wp-embedded-content\"),r=0;r<s.length;r++)(t=(e=s[r]).getAttribute(\"data-secret\"))||(t=Math.random().toString(36).substring(2,12),e.src+=\"#?secret=\"+t,e.setAttribute(\"data-secret\",t)),e.contentWindow.postMessage({message:\"ready\",secret:t},\"*\")},!1)))}(window,document);\n\/\/# sourceURL=https:\/\/stuttgarti-katolikusok.de\/wp-includes\/js\/wp-embed.min.js\n\/* ]]> *\/\n<\/script>\n","description":"Programel\u0151zetes \u00a0\u00a0J\u00fanius 2-\u00e1n, cs\u00fct\u00f6rt\u00f6k\u00f6n, Ulmban a szentmise \u00e9s a\u00a0 Bibliak\u00f6r ELMARAD! * J\u00fanius 3-\u00e1n, p\u00e9nteken, 15.30 \u00f3rakor Stuttgartban Bar\u00e1ts\u00e1gklub.\u00a0 Minden kellemes t\u00e1rsas\u00e1gra v\u00e1gy\u00f3 \u00e9rdekl\u0151d\u0151t szeretettel v\u00e1r a Tags\u00e1g \u00e9s Imre atya! Este 17.45 \u00f3rakor J\u00e9zus Sz\u00edve-\u00e1jtatoss\u00e1g, ut\u00e1na szentmise. Keret\u00e9ben Besz\u00e9lget\u00e9sek a katekizmusr\u00f3l. Ut\u00e1na Imak\u00f6r. Mindenkit szeretettel v\u00e1runk! Weingartenben 19.00 \u00f3rakor szentmise a St. Marien-templomban. Ut\u00e1na Besz\u00e9lget\u00e9sek a Bibli\u00e1r\u00f3l. Mindenkit szeretettel v\u00e1r a k\u00f6z\u00f6ss\u00e9g Tibor atya! * J\u00fanius 4-\u00e9n, szombaton, 17.00 \u00f3rakor Balingenben szentmise. Ut\u00e1na \u00e1g\u00e1p\u00e9. Mindenkit szeretettel v\u00e1r a k\u00f6z\u00f6ss\u00e9g \u00e9s Tibor atya. * J\u00fanius 5-\u00e9n, vas\u00e1rnap, 9.00 \u00f3rakor Munderkingenben \u00a0szentmise. El\u0151tte gy\u00f3ntat\u00e1s. Mindenkit szeretettel v\u00e1r a k\u00f6z\u00f6ss\u00e9g \u00e9s Tibor atya. 9.30 \u00f3rakor Schw\u00e4bisch-Gm\u00fcndben szentmise. Ut\u00e1na \u00e1g\u00e1p\u00e9. Mindenkit szeretettel v\u00e1r a k\u00f6z\u00f6ss\u00e9g \u00e9s Imre atya! Stuttgartban Nemzeti \u00d6sszefog\u00e1s Vas\u00e1rnapja. Ez\u00fattal az \u0150rs\u00e9gi (Burgenland) magyarok k\u00e9pviselet\u00e9ben Dr. P\u00e1l L\u00e1szl\u00f3 p\u00fcsp\u00f6ki helyn\u00f6k, l\u00e1togat meg benn\u00fcnket. Programunk: 11.45 \u00f3rakor z\u00e1szl\u00f3felh\u00faz\u00e1s 12.00 \u00f3rakor szentmise 13.30 \u00f3rakor k\u00f6z\u00f6s eb\u00e9d 15.00 \u00f3r\u00e1t\u00f3l P\u00f3t\u00e1pi \u00c1rp\u00e1d nemzetpolitik\u00e1\u00e9rt felel\u0151s \u00e1llamtitk\u00e1r sz\u00f3l hozz\u00e1nk 15.30 \u00f3rakor Dr. P\u00e1l L\u00e1szl\u00f3 helyn\u00f6k besz\u00e1mol\u00f3t tart az \u0151rs\u00e9gi magyarok helyzet\u00e9r\u0151l 16.30 \u00f3r\u00e1t\u00f3l a s\u00e1rospataki \u201e8kor\u201d Sz\u00ednh\u00e1z m\u0171sor\u00e1nak \u00f6rvendhet\u00fcnk. 17.30 \u00f3rakor z\u00e1szl\u00f3bont\u00e1s. K\u00e9rek mindenkit, hogy j\u00f6jj\u00f6n el erre a nagy esem\u00e9nyre, \u00e9s ugyanakkor terjessze ezt az \u00f6r\u00f6mh\u00edrt m\u00e1sok fel\u00e9 is! * \u201eAki egy embert meg\u00f6rvendeztet \u00e9s nevet\u00e9sre b\u00edr, a mennyek orsz\u00e1g\u00e1t nyitja meg sz\u00e1m\u00e1ra.\u201d (J\u00fcrgen Moltmann \u2013 *1926 \u2013 n\u00e9met evang\u00e9likus teol\u00f3gus). *\u00a0 Sz\u00e9p napokat, j\u00f3 munk\u00e1t, tartalmas besz\u00e9lget\u00e9seket \u00e9s kellemes tal\u00e1lkoz\u00e1sokat k\u00edv\u00e1nunk minden Kedves H\u00edv\u00fcnknek! \u00a0"}