{"version":"1.0","provider_name":"Stuttgarti Katolikusok","provider_url":"https:\/\/stuttgarti-katolikusok.de","title":"Programel\u0151zetes j\u00fanius 19 \u00e9s j\u00falius 9 k\u00f6z\u00f6tt - Stuttgarti Katolikusok","type":"rich","width":600,"height":338,"html":"<blockquote class=\"wp-embedded-content\" data-secret=\"qtju8i8ghY\"><a href=\"https:\/\/stuttgarti-katolikusok.de\/index.php\/programelozetes-junius-19-es-julius-9-kozott\/\">Programel\u0151zetes j\u00fanius 19 \u00e9s j\u00falius 9 k\u00f6z\u00f6tt<\/a><\/blockquote><iframe sandbox=\"allow-scripts\" security=\"restricted\" src=\"https:\/\/stuttgarti-katolikusok.de\/index.php\/programelozetes-junius-19-es-julius-9-kozott\/embed\/#?secret=qtju8i8ghY\" width=\"600\" height=\"338\" title=\"&#8220;Programel\u0151zetes j\u00fanius 19 \u00e9s j\u00falius 9 k\u00f6z\u00f6tt&#8221; &#8212; Stuttgarti Katolikusok\" data-secret=\"qtju8i8ghY\" frameborder=\"0\" marginwidth=\"0\" marginheight=\"0\" scrolling=\"no\" class=\"wp-embedded-content\"><\/iframe><script type=\"text\/javascript\">\n\/* <![CDATA[ *\/\n\/*! This file is auto-generated *\/\n!function(d,l){\"use strict\";l.querySelector&&d.addEventListener&&\"undefined\"!=typeof URL&&(d.wp=d.wp||{},d.wp.receiveEmbedMessage||(d.wp.receiveEmbedMessage=function(e){var t=e.data;if((t||t.secret||t.message||t.value)&&!\/[^a-zA-Z0-9]\/.test(t.secret)){for(var s,r,n,a=l.querySelectorAll('iframe[data-secret=\"'+t.secret+'\"]'),o=l.querySelectorAll('blockquote[data-secret=\"'+t.secret+'\"]'),c=new RegExp(\"^https?:$\",\"i\"),i=0;i<o.length;i++)o[i].style.display=\"none\";for(i=0;i<a.length;i++)s=a[i],e.source===s.contentWindow&&(s.removeAttribute(\"style\"),\"height\"===t.message?(1e3<(r=parseInt(t.value,10))?r=1e3:~~r<200&&(r=200),s.height=r):\"link\"===t.message&&(r=new URL(s.getAttribute(\"src\")),n=new URL(t.value),c.test(n.protocol))&&n.host===r.host&&l.activeElement===s&&(d.top.location.href=t.value))}},d.addEventListener(\"message\",d.wp.receiveEmbedMessage,!1),l.addEventListener(\"DOMContentLoaded\",function(){for(var e,t,s=l.querySelectorAll(\"iframe.wp-embedded-content\"),r=0;r<s.length;r++)(t=(e=s[r]).getAttribute(\"data-secret\"))||(t=Math.random().toString(36).substring(2,12),e.src+=\"#?secret=\"+t,e.setAttribute(\"data-secret\",t)),e.contentWindow.postMessage({message:\"ready\",secret:t},\"*\")},!1)))}(window,document);\n\/\/# sourceURL=https:\/\/stuttgarti-katolikusok.de\/wp-includes\/js\/wp-embed.min.js\n\/* ]]> *\/\n<\/script>\n","description":"Programel\u0151zetes \u00a0 J\u00fanius 22-\u00e9n, cs\u00fct\u00f6rt\u00f6k\u00f6n, 17.30 \u00f3rakor, Ulmi d\u00e9lut\u00e1n. Szentmise el\u0151tt gy\u00f3ntat\u00e1s, szentmise ut\u00e1n Besz\u00e9lget\u00e9sek a Bibli\u00e1r\u00f3l. * J\u00fanius 23-\u00e1n, p\u00e9nteken, Stuttgartban 16.00 \u00f3rakor Bar\u00e1ts\u00e1gklub.\u00a0 17.50 \u00f3rakor J\u00e9zus Sz\u00edve \u00e1jtatoss\u00e1g, majd szentmise, keret\u00e9ben P\u00e9nteki Egyetem: Besz\u00e9lget\u00e9sek a Katekizmusr\u00f3l. Ut\u00e1na Sportklub. 19.00 \u00f3rakor Weingarteni d\u00e9lut\u00e1n a Marien Kirche-ben. 18.30-kor r\u00f3zsaf\u00fcz\u00e9r im\u00e1ds\u00e1g, J\u00e9zus Sz\u00edve \u00e1jtatoss\u00e1g, 19.00 \u00f3rakor szentmise, azt k\u00f6vet\u0151en pedig Besz\u00e9lget\u00e9sek a Bibli\u00e1r\u00f3l. * J\u00fanius 24, szombat, Biberachban templomb\u00facs\u00fa: \u00c1rp\u00e1dh\u00e1zi Szent Kinga \u00fcnnepe. 16.00 \u00f3rakor szentmise, majd \u00e1g\u00e1p\u00e9. Reutlingenben 16.30 \u00f3rakor szentmise, ut\u00e1na \u00e1g\u00e1p\u00e9. * J\u00fanius 25-\u00e9n, vas\u00e1rnap, Heidenheimban, 8.00 \u00f3rakkor szentmise! A szentmise keret\u00e9ben Sarnyai Tamara els\u0151\u00e1ldoz\u00e1s\u00e1ra ker\u00fcl sor. B\u00f6blingenben templomb\u00facs\u00fa: Boldog Scheffler J\u00e1nos \u00e9s Boldog Bogd\u00e1nffy Szil\u00e1rd v\u00e9rtan\u00fa p\u00fcsp\u00f6k\u00f6k \u00fcnnepe. 9.30 \u00f3rakor szentmise, ut\u00e1na \u00e1g\u00e1p\u00e9. Eislingenben 15.00 \u00f3rakor szentmise, majd ut\u00e1na f\u00e9l\u00e9vz\u00e1r\u00f3 \u00e1g\u00e1p\u00e9, amelyen l\u00e1ngoss\u00fct\u00e9s lesz. Heilbronnban 15.30 \u00f3rakor igeistentisztelet, ut\u00e1na \u00e1g\u00e1p\u00e9. * J\u00fanius 29-\u00e9n, cs\u00fct\u00f6rt\u00f6k\u00f6n, 17.30 \u00f3rakor, Ulmi d\u00e9lut\u00e1n. Szentmise el\u0151tt gy\u00f3ntat\u00e1s, szentmise ut\u00e1n Besz\u00e9lget\u00e9sek a Bibli\u00e1r\u00f3l. * J\u00fanius 30-\u00e1n, p\u00e9nteken, Stuttgartban 17.50 \u00f3rakor J\u00e9zus Sz\u00edve \u00e1jtatoss\u00e1g, majd szentmise, keret\u00e9ben P\u00e9nteki Egyetem: Besz\u00e9lget\u00e9sek a Katekizmusr\u00f3l. Ut\u00e1na bar\u00e1ti egy\u00fcttl\u00e9t a pl\u00e9b\u00e1ni\u00e1n. 19.00 \u00f3rakor Weingarteni d\u00e9lut\u00e1n a Marien Kirche-ben. 18.30-kor r\u00f3zsaf\u00fcz\u00e9r im\u00e1ds\u00e1g, J\u00e9zus Sz\u00edve \u00e1jtatoss\u00e1g, 19.00 \u00f3rakor szentmise, azt k\u00f6vet\u0151en pedig Besz\u00e9lget\u00e9sek a Bibli\u00e1r\u00f3l. * J\u00falius 01, szombat, Stuttgartban Lektorok Napja, tov\u00e1bbk\u00e9pz\u0151: A lektor \u00e9s a Szent\u00edr\u00e1s c\u00edmmel. Tal\u00e1lkoz\u00f3: \u00a09.00 \u00f3rakor a K\u00f6z\u00f6ss\u00e9gi Teremben. \u00a0Z\u00e1r\u00f3ima: 11.00 \u00f3rakor a templomban. * J\u00falius 02, vas\u00e1rnap, a Stuttgarthoz k\u00e9zel fekv\u0151 B\u00e4rensee mellett Csal\u00e1di Nap. 9.30 \u00f3rakor t\u00e1bori szentmise, ut\u00e1na j\u00e1t\u00e9k, bar\u00e1ti egy\u00fcttl\u00e9t. * J\u00falius 06-\u00e1n, cs\u00fct\u00f6rt\u00f6k\u00f6n, 17.30 \u00f3rakor, Ulmi d\u00e9lut\u00e1n. Szentmise el\u0151tt gy\u00f3ntat\u00e1s, szentmise ut\u00e1n Besz\u00e9lget\u00e9sek a Bibli\u00e1r\u00f3l. * J\u00falius 07-\u00e9n, p\u00e9nteken, Stuttgartban 17.50 \u00f3rakor r\u00f3zsaf\u00fcz\u00e9r \u00e1jtatoss\u00e1g, majd szentmise, keret\u00e9ben P\u00e9nteki Egyetem: Besz\u00e9lget\u00e9sek a Katekizmusr\u00f3l. Ut\u00e1na Imak\u00f6r. 19.00 \u00f3rakor Weingarteni d\u00e9lut\u00e1n a Marien Kirche-ben. 18.30-kor r\u00f3zsaf\u00fcz\u00e9r im\u00e1ds\u00e1g, J\u00e9zus Sz\u00edve \u00e1jtatoss\u00e1g, 19.00 \u00f3rakor szentmise, azt k\u00f6vet\u0151en pedig Besz\u00e9lget\u00e9sek a Bibli\u00e1r\u00f3l. * J\u00falius 09, vas\u00e1rnap,... R\u00e9szletek"}