{"version":"1.0","provider_name":"Stuttgarti Katolikusok","provider_url":"https:\/\/stuttgarti-katolikusok.de","title":"Programel\u0151zetes j\u00fanius 16 \u00e9s j\u00falius 14 k\u00f6z\u00f6tt - Stuttgarti Katolikusok","type":"rich","width":600,"height":338,"html":"<blockquote class=\"wp-embedded-content\" data-secret=\"ymBuL9rZMt\"><a href=\"https:\/\/stuttgarti-katolikusok.de\/index.php\/programelozetes-junius-16-es-julius-14-kozott\/\">Programel\u0151zetes j\u00fanius 16 \u00e9s j\u00falius 14 k\u00f6z\u00f6tt<\/a><\/blockquote><iframe sandbox=\"allow-scripts\" security=\"restricted\" src=\"https:\/\/stuttgarti-katolikusok.de\/index.php\/programelozetes-junius-16-es-julius-14-kozott\/embed\/#?secret=ymBuL9rZMt\" width=\"600\" height=\"338\" title=\"&#8220;Programel\u0151zetes j\u00fanius 16 \u00e9s j\u00falius 14 k\u00f6z\u00f6tt&#8221; &#8212; Stuttgarti Katolikusok\" data-secret=\"ymBuL9rZMt\" frameborder=\"0\" marginwidth=\"0\" marginheight=\"0\" scrolling=\"no\" class=\"wp-embedded-content\"><\/iframe><script type=\"text\/javascript\">\n\/* <![CDATA[ *\/\n\/*! This file is auto-generated *\/\n!function(d,l){\"use strict\";l.querySelector&&d.addEventListener&&\"undefined\"!=typeof URL&&(d.wp=d.wp||{},d.wp.receiveEmbedMessage||(d.wp.receiveEmbedMessage=function(e){var t=e.data;if((t||t.secret||t.message||t.value)&&!\/[^a-zA-Z0-9]\/.test(t.secret)){for(var s,r,n,a=l.querySelectorAll('iframe[data-secret=\"'+t.secret+'\"]'),o=l.querySelectorAll('blockquote[data-secret=\"'+t.secret+'\"]'),c=new RegExp(\"^https?:$\",\"i\"),i=0;i<o.length;i++)o[i].style.display=\"none\";for(i=0;i<a.length;i++)s=a[i],e.source===s.contentWindow&&(s.removeAttribute(\"style\"),\"height\"===t.message?(1e3<(r=parseInt(t.value,10))?r=1e3:~~r<200&&(r=200),s.height=r):\"link\"===t.message&&(r=new URL(s.getAttribute(\"src\")),n=new URL(t.value),c.test(n.protocol))&&n.host===r.host&&l.activeElement===s&&(d.top.location.href=t.value))}},d.addEventListener(\"message\",d.wp.receiveEmbedMessage,!1),l.addEventListener(\"DOMContentLoaded\",function(){for(var e,t,s=l.querySelectorAll(\"iframe.wp-embedded-content\"),r=0;r<s.length;r++)(t=(e=s[r]).getAttribute(\"data-secret\"))||(t=Math.random().toString(36).substring(2,12),e.src+=\"#?secret=\"+t,e.setAttribute(\"data-secret\",t)),e.contentWindow.postMessage({message:\"ready\",secret:t},\"*\")},!1)))}(window,document);\n\/\/# sourceURL=https:\/\/stuttgarti-katolikusok.de\/wp-includes\/js\/wp-embed.min.js\n\/* ]]> *\/\n<\/script>\n","thumbnail_url":"https:\/\/stuttgarti-katolikusok.de\/wp-content\/uploads\/2019\/06\/sziv.gif","thumbnail_width":332,"thumbnail_height":345,"description":"Programel\u0151zetes J\u00fanius 20-\u00e1n, cs\u00fct\u00f6rt\u00f6k\u00f6n, \u00darnapj\u00e1n, Ulmban 9.00 \u00f3rakor a Marktplatzon k\u00f6z\u00f6s \u00farnapi szentmise a m\u00e1s anyanyelv\u0171 k\u00f6z\u00f6ss\u00e9gekkel egy\u00fctt. Az esti szentmise ELMARAD! * J\u00fanius 21-\u00e9n, p\u00e9nteken, Stuttgartban 16.00 \u00f3rakor Bar\u00e1ts\u00e1gklub. 18.00 \u00f3rakor J\u00e9zus Sz\u00edve \u00e1jtatoss\u00e1g. Majd szentmise, keret\u00e9ben Besz\u00e9lget\u00e9sek a Katekizmusr\u00f3l. 19.00 \u00f3rakor Bibliak\u00f6r. Weingartenben, a Marien-Kirche-ben 18.30 \u00f3rakor r\u00f3zsaf\u00fcz\u00e9r im\u00e1ds\u00e1g, ut\u00e1na szentmise. * J\u00fanius 22-\u00e9n, szombaton, Heidenheimban 15.30 \u00f3rakor igeistentisztelet. Ut\u00e1na \u00e1g\u00e1p\u00e9. Biberachban templomb\u00facs\u00fa: \u00c1rp\u00e1dh\u00e1zi Szent Kinga \u00fcnnepe. 16.00 \u00f3rakor szentmise, ut\u00e1na \u00e1g\u00e1p\u00e9. Reutlingenben 16.30 \u00f3rakor szentmise, ut\u00e1na \u00e1g\u00e1p\u00e9. * J\u00fanius 23-\u00e1n, \u00e9vk\u00f6zi 12. vas\u00e1rnapon, B\u00f6blingenben templomb\u00facs\u00fa: Dr. Scheffler J\u00e1nos \u00e9s Dr. Bogd\u00e1nffy Szil\u00e1rd v\u00e9rtan\u00fa p\u00fcsp\u00f6k\u00f6k \u00fcnnepe. 9.30 \u00f3rakor szentmise, ut\u00e1na \u00e1g\u00e1p\u00e9. Ulmban 12.00 \u00f3rakor szentmise. Eislingenben 15.00 \u00f3rakor szentmise, ut\u00e1na \u00e1g\u00e1p\u00e9. Heilbronnban 15.30 \u00f3rakor szentmise, ut\u00e1na \u00e1g\u00e1p\u00e9. * J\u00fanius 27-\u00e9n, cs\u00fct\u00f6rt\u00f6k\u00f6n, Ulmi d\u00e9lut\u00e1n, 18.30 \u00f3rakor r\u00f3zsaf\u00fcz\u00e9r im\u00e1ds\u00e1g, ut\u00e1na szentmise. * J\u00fanius 28-\u00e1n, p\u00e9nteken, Stuttgartban 16.00 \u00f3rakor Bar\u00e1ts\u00e1gklub. A J\u00e9zus Sz\u00edve \u00e1jtatoss\u00e1g \u00e9s a szentmise ELMARAD! 19.00 \u00f3rakor Sportklub. Weingarteni d\u00e9lut\u00e1n a Marien-Kirche-ben. 18.30 \u00f3rakor r\u00f3zsaf\u00fcz\u00e9r im\u00e1ds\u00e1g, ut\u00e1na\u00a0 szentmise. * J\u00fanius 30-\u00e1n, \u00e9vk\u00f6zi 13. vas\u00e1rnapon, Tuttlingenben 15.00 \u00f3rakor szentmise, ut\u00e1na \u00e1g\u00e1p\u00e9. * J\u00falius 6-\u00e1n, szombaton, bicikli-zar\u00e1ndoklat. \u00datir\u00e1ny: Mosbach. Jelentkezni lehet az Irod\u00e1n. * J\u00falius 7-\u00e9n, \u00e9vk\u00f6zi 14. vas\u00e1rnapon, Csal\u00e1di Nap a B\u00e4rensee mellett. 9.30 \u00f3rakor szentmise, majd k\u00f6z\u00f6s eb\u00e9d, sport \u00e9s bar\u00e1ti egy\u00fcttl\u00e9t napestig! * J\u00falius 14-\u00e9n, \u00e9vk\u00f6zi 15. vas\u00e1rnapon, Kis-zar\u00e1ndoklat Schramberg-Heiligenbronnba. 11.30 \u00f3rakor \u00fcnnepi szentmise. Ut\u00e1na eb\u00e9d, \u00e9nek \u00e9s bar\u00e1ti egy\u00fcttl\u00e9t. Weingartenb\u0151l illetve Stuttgartb\u00f3l aut\u00f3busz indul. Aki vel\u00fcnk tartana, jelentkezz\u00e9k az Irod\u00e1n! * Minden helyen mindenkit szeretettel v\u00e1r a k\u00f6z\u00f6ss\u00e9g, Imre atya \u00e9s Tibor atya! * Az egyh\u00e1zi \u00e9v I. fel\u00e9nek v\u00e9g\u00e9n k\u00f6sz\u00f6net az egyh\u00e1ztan\u00e1csosoknak, a leg\u00e1tusoknak, az \u00e1ldoztat\u00f3knak, a felolvas\u00f3knak, az orgonist\u00e1knak, a sekresty\u00e9seknek, a ministr\u00e1nsoknak, az \u00e1g\u00e1p\u00e9soknak \u00e9s valamennyi \u00f6nk\u00e9ntes seg\u00edt\u0151nek a sok \u00e1ldozat\u00e9rt, melyet r\u00e9szegyh\u00e1zk\u00f6zs\u00e9geink\u00e9rt hoznak. Isten fizesse meg nekik sz\u00e1zszorosan! * Az aty\u00e1k szabads\u00e1ga: Tibor atya j\u00falius h\u00f3napban, j\u00f3magam augusztusban szabads\u00e1golok. Ez alatt az... R\u00e9szletek"}