{"version":"1.0","provider_name":"Stuttgarti Katolikusok","provider_url":"https:\/\/stuttgarti-katolikusok.de","title":"Programel\u0151zetes janu\u00e1r 29 \u00e9s febru\u00e1r 4 k\u00f6z\u00f6tt - Stuttgarti Katolikusok","type":"rich","width":600,"height":338,"html":"<blockquote class=\"wp-embedded-content\" data-secret=\"yhGYCQhfTi\"><a href=\"https:\/\/stuttgarti-katolikusok.de\/index.php\/programelozetes-januar-29-es-februar-4-kozott\/\">Programel\u0151zetes janu\u00e1r 29 \u00e9s febru\u00e1r 4 k\u00f6z\u00f6tt<\/a><\/blockquote><iframe sandbox=\"allow-scripts\" security=\"restricted\" src=\"https:\/\/stuttgarti-katolikusok.de\/index.php\/programelozetes-januar-29-es-februar-4-kozott\/embed\/#?secret=yhGYCQhfTi\" width=\"600\" height=\"338\" title=\"&#8220;Programel\u0151zetes janu\u00e1r 29 \u00e9s febru\u00e1r 4 k\u00f6z\u00f6tt&#8221; &#8212; Stuttgarti Katolikusok\" data-secret=\"yhGYCQhfTi\" frameborder=\"0\" marginwidth=\"0\" marginheight=\"0\" scrolling=\"no\" class=\"wp-embedded-content\"><\/iframe><script type=\"text\/javascript\">\n\/* <![CDATA[ *\/\n\/*! This file is auto-generated *\/\n!function(d,l){\"use strict\";l.querySelector&&d.addEventListener&&\"undefined\"!=typeof URL&&(d.wp=d.wp||{},d.wp.receiveEmbedMessage||(d.wp.receiveEmbedMessage=function(e){var t=e.data;if((t||t.secret||t.message||t.value)&&!\/[^a-zA-Z0-9]\/.test(t.secret)){for(var s,r,n,a=l.querySelectorAll('iframe[data-secret=\"'+t.secret+'\"]'),o=l.querySelectorAll('blockquote[data-secret=\"'+t.secret+'\"]'),c=new RegExp(\"^https?:$\",\"i\"),i=0;i<o.length;i++)o[i].style.display=\"none\";for(i=0;i<a.length;i++)s=a[i],e.source===s.contentWindow&&(s.removeAttribute(\"style\"),\"height\"===t.message?(1e3<(r=parseInt(t.value,10))?r=1e3:~~r<200&&(r=200),s.height=r):\"link\"===t.message&&(r=new URL(s.getAttribute(\"src\")),n=new URL(t.value),c.test(n.protocol))&&n.host===r.host&&l.activeElement===s&&(d.top.location.href=t.value))}},d.addEventListener(\"message\",d.wp.receiveEmbedMessage,!1),l.addEventListener(\"DOMContentLoaded\",function(){for(var e,t,s=l.querySelectorAll(\"iframe.wp-embedded-content\"),r=0;r<s.length;r++)(t=(e=s[r]).getAttribute(\"data-secret\"))||(t=Math.random().toString(36).substring(2,12),e.src+=\"#?secret=\"+t,e.setAttribute(\"data-secret\",t)),e.contentWindow.postMessage({message:\"ready\",secret:t},\"*\")},!1)))}(window,document);\n\/\/# sourceURL=https:\/\/stuttgarti-katolikusok.de\/wp-includes\/js\/wp-embed.min.js\n\/* ]]> *\/\n<\/script>\n","description":"Programel\u0151zetes Janu\u00e1r 31-\u00e9n, szerd\u00e1n, Stuttgartban 10.15 \u00f3rakor n\u00e9metnyelv\u0171 szentmise. * Febru\u00e1r 1-j\u00e9n, cs\u00fct\u00f6rt\u00f6k\u00f6n, Ulmi d\u00e9lut\u00e1n. 17.30 \u00f3rakor r\u00f3zsaf\u00fcz\u00e9r, gy\u00f3ntat\u00e1s, szentmise. Ut\u00e1na Besz\u00e9lget\u00e9sek a Bibli\u00e1r\u00f3l. * Febru\u00e1r 2-\u00e1n, p\u00e9nteken, Stuttgartban 16.00 \u00f3rakor Bar\u00e1ts\u00e1gklub, 18.00 \u00f3rakor szentmise. 19.00 \u00f3rakor Imak\u00f6r: szents\u00e9gim\u00e1d\u00e1s. Weingartenben 17.30 \u00f3rakor a Marienkirche-ben r\u00f3zsaf\u00fcz\u00e9r, 18.00 \u00f3rakor szentmise, ut\u00e1na Besz\u00e9lget\u00e9sek a Bibli\u00e1r\u00f3l. * Febru\u00e1r 3-\u00e1n, szombaton, Magyar Szent P\u00e1l \u00fcnnepe, Balingenben templomb\u00facs\u00fa, 17.00 \u00f3rakor szentmise. El\u0151tte gy\u00f3ntat\u00e1s, ut\u00e1na \u00e1g\u00e1p\u00e9. * Febru\u00e1r 4-\u00e9n, vas\u00e1rnap, Munderkingenben 9.00 \u00f3rakor szentmise. Keret\u00e9ben gyertyaszentel\u00e9s \u00e9s bal\u00e1zs\u00e1ld\u00e1s. Schw\u00e4bisch-Gm\u00fcndben 9.30 \u00f3rakor szentmise. Keret\u00e9ben gyertyaszentel\u00e9s \u00e9s bal\u00e1zs\u00e1ld\u00e1s. \u00a0Ut\u00e1na \u00e1g\u00e1p\u00e9. Stuttgartban 15.00 \u00f3rakor szentmise. Keret\u00e9ben gyertyaszentel\u00e9s \u00e9s bal\u00e1zs\u00e1ld\u00e1s. Ut\u00e1na, 16.00 \u00f3r\u00e1t\u00f3l farsangi m\u0171sor. * Minden helyen mindenkit szeretettel v\u00e1r a k\u00f6z\u00f6ss\u00e9g, Imre atya \u00e9s Tibor atya! \u201eIsten mindent k\u00e9szre teremtett, csak az embert teremtette\u00a0 rem\u00e9nyre, hogy t\u00faln\u0151jj\u00f6n \u00f6nmag\u00e1n, \u00e9s soha ne adja fel!\u201d (ismeretlen) Sz\u00e9p napokat, j\u00f3 munk\u00e1t, tartalmas besz\u00e9lget\u00e9seket \u00e9s \u00f6r\u00f6mteli tal\u00e1lkoz\u00e1sokat k\u00edv\u00e1nunk minden Kedves H\u00edv\u00fcnknek! &nbsp;"}