{"version":"1.0","provider_name":"Stuttgarti Katolikusok","provider_url":"https:\/\/stuttgarti-katolikusok.de","title":"Programel\u0151zetes janu\u00e1r 2 \u00e9s 8 k\u00f6z\u00f6tt - Stuttgarti Katolikusok","type":"rich","width":600,"height":338,"html":"<blockquote class=\"wp-embedded-content\" data-secret=\"OEU0oTqi7u\"><a href=\"https:\/\/stuttgarti-katolikusok.de\/index.php\/programelozetes-januar-2-es-8-kozott\/\">Programel\u0151zetes janu\u00e1r 2 \u00e9s 8 k\u00f6z\u00f6tt<\/a><\/blockquote><iframe sandbox=\"allow-scripts\" security=\"restricted\" src=\"https:\/\/stuttgarti-katolikusok.de\/index.php\/programelozetes-januar-2-es-8-kozott\/embed\/#?secret=OEU0oTqi7u\" width=\"600\" height=\"338\" title=\"&#8220;Programel\u0151zetes janu\u00e1r 2 \u00e9s 8 k\u00f6z\u00f6tt&#8221; &#8212; Stuttgarti Katolikusok\" data-secret=\"OEU0oTqi7u\" frameborder=\"0\" marginwidth=\"0\" marginheight=\"0\" scrolling=\"no\" class=\"wp-embedded-content\"><\/iframe><script type=\"text\/javascript\">\n\/* <![CDATA[ *\/\n\/*! This file is auto-generated *\/\n!function(d,l){\"use strict\";l.querySelector&&d.addEventListener&&\"undefined\"!=typeof URL&&(d.wp=d.wp||{},d.wp.receiveEmbedMessage||(d.wp.receiveEmbedMessage=function(e){var t=e.data;if((t||t.secret||t.message||t.value)&&!\/[^a-zA-Z0-9]\/.test(t.secret)){for(var s,r,n,a=l.querySelectorAll('iframe[data-secret=\"'+t.secret+'\"]'),o=l.querySelectorAll('blockquote[data-secret=\"'+t.secret+'\"]'),c=new RegExp(\"^https?:$\",\"i\"),i=0;i<o.length;i++)o[i].style.display=\"none\";for(i=0;i<a.length;i++)s=a[i],e.source===s.contentWindow&&(s.removeAttribute(\"style\"),\"height\"===t.message?(1e3<(r=parseInt(t.value,10))?r=1e3:~~r<200&&(r=200),s.height=r):\"link\"===t.message&&(r=new URL(s.getAttribute(\"src\")),n=new URL(t.value),c.test(n.protocol))&&n.host===r.host&&l.activeElement===s&&(d.top.location.href=t.value))}},d.addEventListener(\"message\",d.wp.receiveEmbedMessage,!1),l.addEventListener(\"DOMContentLoaded\",function(){for(var e,t,s=l.querySelectorAll(\"iframe.wp-embedded-content\"),r=0;r<s.length;r++)(t=(e=s[r]).getAttribute(\"data-secret\"))||(t=Math.random().toString(36).substring(2,12),e.src+=\"#?secret=\"+t,e.setAttribute(\"data-secret\",t)),e.contentWindow.postMessage({message:\"ready\",secret:t},\"*\")},!1)))}(window,document);\n\/\/# sourceURL=https:\/\/stuttgarti-katolikusok.de\/wp-includes\/js\/wp-embed.min.js\n\/* ]]> *\/\n<\/script>\n","description":"Programel\u0151zetes Janu\u00e1r 5-\u00e9n, cs\u00fct\u00f6rt\u00f6k\u00f6n, Ulmban \u00a017.30 \u00f3rakor r\u00f3zsaf\u00fcz\u00e9r-\u00e1jtatoss\u00e1g, ut\u00e1na szentmise. Ezt k\u00f6vet\u0151en kr\u00e9ta- \u00e9s v\u00edzszentel\u00e9s. * Janu\u00e1r 6-\u00e1n, p\u00e9nteken, V\u00cdZKERESZT \u00fcnnepe. Weingartenben 11.00 \u00f3rakor szentmise a St.Marien-templomban. Keret\u00e9ben kr\u00e9ta- \u00e9s v\u00edzszentel\u00e9s. D\u00e9lut\u00e1n folyam\u00e1n pedig az els\u0151p\u00e9ntekes id\u0151seket \u00e9s betegeket l\u00e1togatom meg, a h\u00e1z meg\u00e1ld\u00e1s\u00e1val egybek\u00f6tve. Stuttgartban 17.45 \u00f3r\u00e1t\u00f3l r\u00f3zsaf\u00fcz\u00e9r-\u00e1jtatoss\u00e1g, ut\u00e1na szentmise. Keret\u00e9ben kr\u00e9ta- \u00e9s v\u00edzszentel\u00e9s. Ut\u00e1na az Iroda megszentel\u00e9se. * Janu\u00e1r 7-\u00e9n, szombaton, 17.00 \u00f3r\u00e1t\u00f3l Balingenben szentmise, majd \u00e1g\u00e1p\u00e9. * Janu\u00e1r 8-\u00e1n, vas\u00e1rnap, Weingartenben 10.00 \u00f3rakor szentmise, majd \u00e1g\u00e1p\u00e9. &nbsp; Ulmban 15.00 \u00f3rakor \u00f6kumenikus istentisztelet, azut\u00e1n \u00e1g\u00e1p\u00e9. * Minden helyen mindenkit szeretettel v\u00e1r a k\u00f6z\u00f6ss\u00e9g, Imre atya \u00e9s Tibor atya! \u201eAki l\u00e1tsz\u00f3lag tehetetlen, azaz emberi k\u00e9pess\u00e9geinek hat\u00e1r\u00e1t m\u00e1r el\u00e9rte, a legl\u00e9nyegesebbet m\u00e9g mindig megteheti: im\u00e1ban kapcsolatba l\u00e9phet a mindenhat\u00f3 Istennel.\u201d (Gertrud von Le Fort \u2013 1876-1971 \u2013 n\u00e9met k\u00f6lt\u0151n\u0151) \u00c1ld\u00e1sos, b\u00e9k\u00e9s \u00e9s boldog \u00faj \u00e9vet, j\u00f3 munk\u00e1t, tartalmas besz\u00e9lget\u00e9seket \u00e9s kellemes tal\u00e1lkoz\u00e1sokat k\u00edv\u00e1nunk minden kedves H\u00edv\u00fcnknek!"}