{"version":"1.0","provider_name":"Stuttgarti Katolikusok","provider_url":"https:\/\/stuttgarti-katolikusok.de","title":"Programel\u0151zetes febru\u00e1r 27 \u00e9s m\u00e1rcius 5 k\u00f6z\u00f6tt - Stuttgarti Katolikusok","type":"rich","width":600,"height":338,"html":"<blockquote class=\"wp-embedded-content\" data-secret=\"St1ysAliIn\"><a href=\"https:\/\/stuttgarti-katolikusok.de\/index.php\/programelozetes-februar-27-es-marcius-5-kozott\/\">Programel\u0151zetes febru\u00e1r 27 \u00e9s m\u00e1rcius 5 k\u00f6z\u00f6tt<\/a><\/blockquote><iframe sandbox=\"allow-scripts\" security=\"restricted\" src=\"https:\/\/stuttgarti-katolikusok.de\/index.php\/programelozetes-februar-27-es-marcius-5-kozott\/embed\/#?secret=St1ysAliIn\" width=\"600\" height=\"338\" title=\"&#8220;Programel\u0151zetes febru\u00e1r 27 \u00e9s m\u00e1rcius 5 k\u00f6z\u00f6tt&#8221; &#8212; Stuttgarti Katolikusok\" data-secret=\"St1ysAliIn\" frameborder=\"0\" marginwidth=\"0\" marginheight=\"0\" scrolling=\"no\" class=\"wp-embedded-content\"><\/iframe><script type=\"text\/javascript\">\n\/* <![CDATA[ *\/\n\/*! This file is auto-generated *\/\n!function(d,l){\"use strict\";l.querySelector&&d.addEventListener&&\"undefined\"!=typeof URL&&(d.wp=d.wp||{},d.wp.receiveEmbedMessage||(d.wp.receiveEmbedMessage=function(e){var t=e.data;if((t||t.secret||t.message||t.value)&&!\/[^a-zA-Z0-9]\/.test(t.secret)){for(var s,r,n,a=l.querySelectorAll('iframe[data-secret=\"'+t.secret+'\"]'),o=l.querySelectorAll('blockquote[data-secret=\"'+t.secret+'\"]'),c=new RegExp(\"^https?:$\",\"i\"),i=0;i<o.length;i++)o[i].style.display=\"none\";for(i=0;i<a.length;i++)s=a[i],e.source===s.contentWindow&&(s.removeAttribute(\"style\"),\"height\"===t.message?(1e3<(r=parseInt(t.value,10))?r=1e3:~~r<200&&(r=200),s.height=r):\"link\"===t.message&&(r=new URL(s.getAttribute(\"src\")),n=new URL(t.value),c.test(n.protocol))&&n.host===r.host&&l.activeElement===s&&(d.top.location.href=t.value))}},d.addEventListener(\"message\",d.wp.receiveEmbedMessage,!1),l.addEventListener(\"DOMContentLoaded\",function(){for(var e,t,s=l.querySelectorAll(\"iframe.wp-embedded-content\"),r=0;r<s.length;r++)(t=(e=s[r]).getAttribute(\"data-secret\"))||(t=Math.random().toString(36).substring(2,12),e.src+=\"#?secret=\"+t,e.setAttribute(\"data-secret\",t)),e.contentWindow.postMessage({message:\"ready\",secret:t},\"*\")},!1)))}(window,document);\n\/\/# sourceURL=https:\/\/stuttgarti-katolikusok.de\/wp-includes\/js\/wp-embed.min.js\n\/* ]]> *\/\n<\/script>\n","description":"Programel\u0151zetes M\u00e1rcius 1-j\u00e9n, Hamvaz\u00f3szerda, a nagyb\u00f6jt kezdete, szigor\u00fa b\u00f6jti nap. Stuttgartban de. 10.15 \u00f3rakor n\u00e9met-magyar nyelv\u0171 szentmise, keret\u00e9ben hamvaz\u00e1s. M\u00e1rcius 2-\u00e1n, cs\u00fct\u00f6rt\u00f6k\u00f6n, Ulmban 17.30 kereszt\u00fati \u00e1jtatoss\u00e1g, szentmise, hamvaz\u00e1s, el\u0151ad\u00e1s a nagyb\u00f6jtr\u0151l. * M\u00e1rcius 3-\u00e1n, p\u00e9nteken, Stuttgartban 16.00 \u00f3rakor Bar\u00e1ts\u00e1gklub.\u00a0 17.50 \u00f3rakor kereszt\u00fati \u00e1jtatoss\u00e1g, majd szentmise, keret\u00e9ben hamvaz\u00e1s. Ut\u00e1na nagyb\u00f6jt kezdete a Kisk\u00f6nyvt\u00e1rban. Weingartenben 17.30 \u00f3rakor a 14 Nothelfer Kapelle-ben kereszt\u00fati \u00e1jtatoss\u00e1g, azt\u00e1n szentmise, hamvaz\u00e1s, majd el\u0151ad\u00e1s a nagyb\u00f6jtr\u0151l. * M\u00e1rcius 4-\u00e9n, szombaton, 17.00 \u00f3rakor Balingenben szentmise. Keret\u00e9ben hamvaz\u00e1s, ut\u00e1na \u00e1g\u00e1p\u00e9. * M\u00e1rcius 5-\u00e9n, vas\u00e1rnap, 9.00 \u00f3rakor Munderkingenben \u00a0szentmise, keret\u00e9ben hamvaz\u00e1s. 9.30 \u00f3rakor Schw\u00e4bisch-Gm\u00fcndben szentmise, keret\u00e9ben hamvaz\u00e1s, ut\u00e1na \u00e1g\u00e1p\u00e9. 15.00 \u00f3rakor Stuttgartban szentmise, keret\u00e9ben hamvaz\u00e1s. Ut\u00e1na B\u00e1lint Nat\u00e1Lia \u00e9nekesn\u0151 \u00e9s Jevgeny\u00edj Alekszejev zongoram\u0171v\u00e9sz nagyb\u00f6jti koncertet ad. V\u00e9g\u00fcl \u00e1g\u00e1p\u00e9. Ezalatt a \u00a0Kisk\u00f6nyvt\u00e1rban els\u0151\u00e1ldoz\u00f3k el\u0151k\u00e9sz\u00edt\u0151je. Minden helyen mindenkit szeretettel v\u00e1r a k\u00f6z\u00f6ss\u00e9g, Imre atya \u00e9s Tibor atya! \u201eAz ima a lelket, a f\u00e1jdalom a testet tiszt\u00edtja.\u201d (Ismeretlen) Kegyelemteljes nagyb\u00f6jti napokat, j\u00f3 munk\u00e1t, tartalmas besz\u00e9lget\u00e9seket \u00e9s \u00f6r\u00f6mteli tal\u00e1lkoz\u00e1sokat k\u00edv\u00e1nunk minden Kedves H\u00edv\u00fcnknek! \u00a0"}