{"version":"1.0","provider_name":"Stuttgarti Katolikusok","provider_url":"https:\/\/stuttgarti-katolikusok.de","title":"Programel\u0151zetes febru\u00e1r 20 \u00e9s 26 k\u00f6z\u00f6tt - Stuttgarti Katolikusok","type":"rich","width":600,"height":338,"html":"<blockquote class=\"wp-embedded-content\" data-secret=\"0MVUVVmzJd\"><a href=\"https:\/\/stuttgarti-katolikusok.de\/index.php\/programelozetes-februar-20-es-26-kozott\/\">Programel\u0151zetes febru\u00e1r 20 \u00e9s 26 k\u00f6z\u00f6tt<\/a><\/blockquote><iframe sandbox=\"allow-scripts\" security=\"restricted\" src=\"https:\/\/stuttgarti-katolikusok.de\/index.php\/programelozetes-februar-20-es-26-kozott\/embed\/#?secret=0MVUVVmzJd\" width=\"600\" height=\"338\" title=\"&#8220;Programel\u0151zetes febru\u00e1r 20 \u00e9s 26 k\u00f6z\u00f6tt&#8221; &#8212; Stuttgarti Katolikusok\" data-secret=\"0MVUVVmzJd\" frameborder=\"0\" marginwidth=\"0\" marginheight=\"0\" scrolling=\"no\" class=\"wp-embedded-content\"><\/iframe><script type=\"text\/javascript\">\n\/* <![CDATA[ *\/\n\/*! This file is auto-generated *\/\n!function(d,l){\"use strict\";l.querySelector&&d.addEventListener&&\"undefined\"!=typeof URL&&(d.wp=d.wp||{},d.wp.receiveEmbedMessage||(d.wp.receiveEmbedMessage=function(e){var t=e.data;if((t||t.secret||t.message||t.value)&&!\/[^a-zA-Z0-9]\/.test(t.secret)){for(var s,r,n,a=l.querySelectorAll('iframe[data-secret=\"'+t.secret+'\"]'),o=l.querySelectorAll('blockquote[data-secret=\"'+t.secret+'\"]'),c=new RegExp(\"^https?:$\",\"i\"),i=0;i<o.length;i++)o[i].style.display=\"none\";for(i=0;i<a.length;i++)s=a[i],e.source===s.contentWindow&&(s.removeAttribute(\"style\"),\"height\"===t.message?(1e3<(r=parseInt(t.value,10))?r=1e3:~~r<200&&(r=200),s.height=r):\"link\"===t.message&&(r=new URL(s.getAttribute(\"src\")),n=new URL(t.value),c.test(n.protocol))&&n.host===r.host&&l.activeElement===s&&(d.top.location.href=t.value))}},d.addEventListener(\"message\",d.wp.receiveEmbedMessage,!1),l.addEventListener(\"DOMContentLoaded\",function(){for(var e,t,s=l.querySelectorAll(\"iframe.wp-embedded-content\"),r=0;r<s.length;r++)(t=(e=s[r]).getAttribute(\"data-secret\"))||(t=Math.random().toString(36).substring(2,12),e.src+=\"#?secret=\"+t,e.setAttribute(\"data-secret\",t)),e.contentWindow.postMessage({message:\"ready\",secret:t},\"*\")},!1)))}(window,document);\n\/\/# sourceURL=https:\/\/stuttgarti-katolikusok.de\/wp-includes\/js\/wp-embed.min.js\n\/* ]]> *\/\n<\/script>\n","thumbnail_url":"https:\/\/stuttgarti-katolikusok.de\/wp-content\/uploads\/2017\/02\/istengondolrad.jpg","thumbnail_width":736,"thumbnail_height":736,"description":"Programel\u0151zetes Febru\u00e1r 23-\u00e1n, cs\u00fct\u00f6rt\u00f6k\u00f6n, 17.30 \u00f3rakor Ulmban szentmise. El\u0151tte gy\u00f3n\u00e1si lehet\u0151s\u00e9g, ut\u00e1na Besz\u00e9lget\u00e9sek a Bibli\u00e1r\u00f3l. * Febru\u00e1r 24-\u00e9n, p\u00e9nteken, Stuttgartban 16.00 \u00f3rakor Bar\u00e1ts\u00e1gklub. 18.00 \u00f3rakor szentmise, keret\u00e9ben P\u00e9nteki Egyetem. Ut\u00e1na Dr. \u00d3dor L\u00e1szl\u00f3, a Magyar Kult\u00farint\u00e9zet volt igazgat\u00f3ja mutatja be leg\u00fajabb k\u00f6nyv\u00e9t. Weingartenben 17.30 \u00f3rakor r\u00f3zsaf\u00fcz\u00e9r \u00e1jtatoss\u00e1g \u00e9s gy\u00f3ntat\u00e1s, 18.00 \u00f3rakor szentmise a St.Marien-templomban. El\u0151tte gy\u00f3ntat\u00e1s, ut\u00e1na Besz\u00e9lget\u00e9sek a Bibli\u00e1r\u00f3l. * Febru\u00e1r 25-\u00e9n, szombaton, 15.30 \u00f3rakor Heidenheimban szentmise, majd \u00e1g\u00e1p\u00e9. El\u0151tte, 14.30 \u00f3rakor katek\u00e9zis \u00e9s gy\u00f3ntat\u00e1s. Ut\u00e1na \u00e1g\u00e1p\u00e9. 16.30 \u00f3rakor Reutlingenben szentmise, majd ut\u00e1na \u00e1g\u00e1p\u00e9. * Febru\u00e1r 26-\u00e1n, vas\u00e1rnap, 8.45 \u00f3rakor Biberachban szentmise, majd \u00e1g\u00e1p\u00e9. 9.30 \u00f3rakor B\u00f6blingenben szentmise, ut\u00e1na \u00e1g\u00e1p\u00e9. 12.00 \u00f3rakor Ulmban szentmise. 15.00 rakor Eislingenben szentmise, majd \u00e1g\u00e1p\u00e9. Keret\u00e9ben Farsangi m\u0171sor. 15.30 \u00f3rakor Heilbronnban szentmise, ut\u00e1na \u00e1g\u00e1p\u00e9. Minden helyen mindenkit szeretettel v\u00e1r a k\u00f6z\u00f6ss\u00e9g, Imre atya \u00e9s Tibor atya! * \u201eHa az embernek csak feleannyi k\u00edv\u00e1ns\u00e1ga megval\u00f3sulna, amennyi ut\u00e1n v\u00e1gyakozik, megk\u00e9tszerez\u0151dn\u00e9nek a gondjai!\u201d (Franklin Benjamin \u2013 1706 \u2013 1790 \u2013 amerikai tud\u00f3s \u00e9s politikus) Sz\u00e9p napokat, j\u00f3 munk\u00e1t, tartalmas besz\u00e9lget\u00e9seket \u00e9s kellemes tal\u00e1lkoz\u00e1sokat k\u00edv\u00e1nunk minden Kedves H\u00edv\u00fcnknek!"}