{"version":"1.0","provider_name":"Stuttgarti Katolikusok","provider_url":"https:\/\/stuttgarti-katolikusok.de","title":"Programel\u0151zetes febru\u00e1r 19 \u00e9s 25 k\u00f6z\u00f6tt - Stuttgarti Katolikusok","type":"rich","width":600,"height":338,"html":"<blockquote class=\"wp-embedded-content\" data-secret=\"5Bk23eVV9D\"><a href=\"https:\/\/stuttgarti-katolikusok.de\/index.php\/programelozetes-februar-19-es-25-kozott\/\">Programel\u0151zetes febru\u00e1r 19 \u00e9s 25 k\u00f6z\u00f6tt<\/a><\/blockquote><iframe sandbox=\"allow-scripts\" security=\"restricted\" src=\"https:\/\/stuttgarti-katolikusok.de\/index.php\/programelozetes-februar-19-es-25-kozott\/embed\/#?secret=5Bk23eVV9D\" width=\"600\" height=\"338\" title=\"&#8220;Programel\u0151zetes febru\u00e1r 19 \u00e9s 25 k\u00f6z\u00f6tt&#8221; &#8212; Stuttgarti Katolikusok\" data-secret=\"5Bk23eVV9D\" frameborder=\"0\" marginwidth=\"0\" marginheight=\"0\" scrolling=\"no\" class=\"wp-embedded-content\"><\/iframe><script type=\"text\/javascript\">\n\/* <![CDATA[ *\/\n\/*! This file is auto-generated *\/\n!function(d,l){\"use strict\";l.querySelector&&d.addEventListener&&\"undefined\"!=typeof URL&&(d.wp=d.wp||{},d.wp.receiveEmbedMessage||(d.wp.receiveEmbedMessage=function(e){var t=e.data;if((t||t.secret||t.message||t.value)&&!\/[^a-zA-Z0-9]\/.test(t.secret)){for(var s,r,n,a=l.querySelectorAll('iframe[data-secret=\"'+t.secret+'\"]'),o=l.querySelectorAll('blockquote[data-secret=\"'+t.secret+'\"]'),c=new RegExp(\"^https?:$\",\"i\"),i=0;i<o.length;i++)o[i].style.display=\"none\";for(i=0;i<a.length;i++)s=a[i],e.source===s.contentWindow&&(s.removeAttribute(\"style\"),\"height\"===t.message?(1e3<(r=parseInt(t.value,10))?r=1e3:~~r<200&&(r=200),s.height=r):\"link\"===t.message&&(r=new URL(s.getAttribute(\"src\")),n=new URL(t.value),c.test(n.protocol))&&n.host===r.host&&l.activeElement===s&&(d.top.location.href=t.value))}},d.addEventListener(\"message\",d.wp.receiveEmbedMessage,!1),l.addEventListener(\"DOMContentLoaded\",function(){for(var e,t,s=l.querySelectorAll(\"iframe.wp-embedded-content\"),r=0;r<s.length;r++)(t=(e=s[r]).getAttribute(\"data-secret\"))||(t=Math.random().toString(36).substring(2,12),e.src+=\"#?secret=\"+t,e.setAttribute(\"data-secret\",t)),e.contentWindow.postMessage({message:\"ready\",secret:t},\"*\")},!1)))}(window,document);\n\/\/# sourceURL=https:\/\/stuttgarti-katolikusok.de\/wp-includes\/js\/wp-embed.min.js\n\/* ]]> *\/\n<\/script>\n","description":"Programel\u0151zetes Febru\u00e1r 22-\u00e9n, cs\u00fct\u00f6rt\u00f6k\u00f6n, Ulmi d\u00e9lut\u00e1n. 17.30 \u00f3rakor kereszt\u00fati \u00e1jtatoss\u00e1g, szentmise. Ut\u00e1na Besz\u00e9lget\u00e9sek a Bibli\u00e1r\u00f3l. * Febru\u00e1r 23-\u00e1n, p\u00e9nteken, Stuttgartban 16.00 \u00f3rakor Bar\u00e1ts\u00e1gklub. 18.00 \u00f3rakor kereszt\u00fati \u00e1jtatoss\u00e1g, majd szentmise. 19.00 \u00f3rakor pedig Sportklub. Weingarteni d\u00e9lut\u00e1n a Marien Kirche-ben. 17.30 \u00f3rakor kereszt\u00fati \u00e1jtatoss\u00e1g, 18.00 \u00f3rakor szentmise, azt k\u00f6vet\u0151en pedig Besz\u00e9lget\u00e9sek a Bibli\u00e1r\u00f3l. * Febru\u00e1r 24-\u00e1n, szombaton, Heidenheimban 15.30 \u00f3rakor szentmise, hamvaz\u00e1s. Ut\u00e1na \u00e1g\u00e1p\u00e9. * Febru\u00e1r 25-\u00e9n, nagyb\u00f6jt 2. vas\u00e1rnapja, Biberachban \u00a08.45 \u00f3rakor szentmise. Keret\u00e9ben hamvaz\u00e1s. Ut\u00e1na \u00e1g\u00e1p\u00e9. B\u00f6blingenben 9.30 \u00f3rakor szentmise. Keret\u00e9ben hamvaz\u00e1s. Ut\u00e1na \u00e1g\u00e1p\u00e9. \u00a0\u00a0\u00a0\u00a0\u00a0 Ulmban 12.00 \u00f3rakor szentmise. Keret\u00e9ben hamvaz\u00e1s. Eislingenben 15.00 \u00f3rakor szentmise. Keret\u00e9ben hamvaz\u00e1s. Ut\u00e1na \u00e1g\u00e1p\u00e9. Heilbronnban 15.30 \u00f3rakor szentmise. Keret\u00e9ben hamvaz\u00e1s. Ut\u00e1na \u00e1g\u00e1p\u00e9. *\u00a0 \u201e A k\u00e9pmutat\u00f3 az\u00e9rt b\u00f6jt\u00f6l, hogy dics\u00e9rj\u00e9k. A fukari, hogy t\u00f6mje a zseb\u00e9t. Az igaz ember az\u00e9rt b\u00f6jt\u00f6l, hogy Isten tetsz\u00e9s\u00e9t elnyerje.\u201d (P\u00e1duai Szent Antal \u2013 1195-1231 \u2013 egyh\u00e1ztan\u00edt\u00f3) Kegyelemteljes nagyb\u00f6jti napokat, j\u00f3 munk\u00e1t, tartalmas besz\u00e9lget\u00e9seket \u00e9s \u00f6r\u00f6mteli tal\u00e1lkoz\u00e1sokat k\u00edv\u00e1nunk minden Kedves H\u00edv\u00fcnknek!"}