{"version":"1.0","provider_name":"Stuttgarti Katolikusok","provider_url":"https:\/\/stuttgarti-katolikusok.de","title":"Programel\u0151zetes febru\u00e1r 18 \u00e9s 24 k\u00f6z\u00f6tt - Stuttgarti Katolikusok","type":"rich","width":600,"height":338,"html":"<blockquote class=\"wp-embedded-content\" data-secret=\"Em6Hw7vzFJ\"><a href=\"https:\/\/stuttgarti-katolikusok.de\/index.php\/programelozetes-februar-18-es-24-kozott\/\">Programel\u0151zetes febru\u00e1r 18 \u00e9s 24 k\u00f6z\u00f6tt<\/a><\/blockquote><iframe sandbox=\"allow-scripts\" security=\"restricted\" src=\"https:\/\/stuttgarti-katolikusok.de\/index.php\/programelozetes-februar-18-es-24-kozott\/embed\/#?secret=Em6Hw7vzFJ\" width=\"600\" height=\"338\" title=\"&#8220;Programel\u0151zetes febru\u00e1r 18 \u00e9s 24 k\u00f6z\u00f6tt&#8221; &#8212; Stuttgarti Katolikusok\" data-secret=\"Em6Hw7vzFJ\" frameborder=\"0\" marginwidth=\"0\" marginheight=\"0\" scrolling=\"no\" class=\"wp-embedded-content\"><\/iframe><script type=\"text\/javascript\">\n\/* <![CDATA[ *\/\n\/*! This file is auto-generated *\/\n!function(d,l){\"use strict\";l.querySelector&&d.addEventListener&&\"undefined\"!=typeof URL&&(d.wp=d.wp||{},d.wp.receiveEmbedMessage||(d.wp.receiveEmbedMessage=function(e){var t=e.data;if((t||t.secret||t.message||t.value)&&!\/[^a-zA-Z0-9]\/.test(t.secret)){for(var s,r,n,a=l.querySelectorAll('iframe[data-secret=\"'+t.secret+'\"]'),o=l.querySelectorAll('blockquote[data-secret=\"'+t.secret+'\"]'),c=new RegExp(\"^https?:$\",\"i\"),i=0;i<o.length;i++)o[i].style.display=\"none\";for(i=0;i<a.length;i++)s=a[i],e.source===s.contentWindow&&(s.removeAttribute(\"style\"),\"height\"===t.message?(1e3<(r=parseInt(t.value,10))?r=1e3:~~r<200&&(r=200),s.height=r):\"link\"===t.message&&(r=new URL(s.getAttribute(\"src\")),n=new URL(t.value),c.test(n.protocol))&&n.host===r.host&&l.activeElement===s&&(d.top.location.href=t.value))}},d.addEventListener(\"message\",d.wp.receiveEmbedMessage,!1),l.addEventListener(\"DOMContentLoaded\",function(){for(var e,t,s=l.querySelectorAll(\"iframe.wp-embedded-content\"),r=0;r<s.length;r++)(t=(e=s[r]).getAttribute(\"data-secret\"))||(t=Math.random().toString(36).substring(2,12),e.src+=\"#?secret=\"+t,e.setAttribute(\"data-secret\",t)),e.contentWindow.postMessage({message:\"ready\",secret:t},\"*\")},!1)))}(window,document);\n\/\/# sourceURL=https:\/\/stuttgarti-katolikusok.de\/wp-includes\/js\/wp-embed.min.js\n\/* ]]> *\/\n<\/script>\n","description":"Programel\u0151zetes Febru\u00e1r 20-\u00e1n, szerd\u00e1n, Stuttgartban 10.15 \u00f3rakor n\u00e9metnyelv\u0171 szentmise. * Febru\u00e1r 21-\u00e9n, cs\u00fct\u00f6rt\u00f6k\u00f6n, Ulmi d\u00e9lut\u00e1n, 17.30 \u00f3r\u00e1t\u00f3l r\u00f3zsaf\u00fcz\u00e9r-\u00e1jtatoss\u00e1g, ut\u00e1na szentmise. * Febru\u00e1r 22-\u00e9n, p\u00e9nteken, Stuttgartban 16.00 \u00f3rakor Bar\u00e1ts\u00e1gklub. \u00a0\u00a0\u00a0\u00a0\u00a0\u00a0\u00a0\u00a0\u00a0\u00a0\u00a0 18.00 \u00f3rakor szentmise, keret\u00e9ben P\u00e9nteki Egyetem. Ut\u00e1na Sportklub. Weingarteni d\u00e9lut\u00e1n a Marien Kirche-ben. 17.30-kor r\u00f3zsaf\u00fcz\u00e9r-\u00e1jtatoss\u00e1g. Ut\u00e1na szentmise. * Febru\u00e1r 23-\u00e1n, szombaton, Heidenheimban 15.30 \u00f3rakor szentmise. Ut\u00e1na \u00e1g\u00e1p\u00e9.\u00a0\u00a0\u00a0 * Febru\u00e1r 24-\u00e9n, \u00e9vk\u00f6zi 7. vas\u00e1rnap, Biberachban 8.45 \u00f3rakor szentmise, ut\u00e1na \u00e1g\u00e1p\u00e9. B\u00f6blingenben 9.30 \u00f3rakor szentmise, ut\u00e1na \u00e1g\u00e1p\u00e9. Ulmban 12.00 \u00f3rakor szentmise. Eislingenben 15.00 \u00f3rakor szentmise, ut\u00e1na \u00e1g\u00e1p\u00e9. Heilbronnban 15.30 \u00f3rakor szentmise, ut\u00e1na \u00e1g\u00e1p\u00e9. * Minden helyen mindenkit szeretettel v\u00e1r a k\u00f6z\u00f6ss\u00e9g, Imre atya \u00e9s Tibor atya!\u00a0\u00a0\u00a0\u00a0\u00a0\u00a0\u00a0\u00a0 \u201eNem csak a napf\u00e9nyes napnak, de az \u00e9jszak\u00e1nak is megvannak a maga csod\u00e1i. Vannak vir\u00e1gok, amelyek csak a vadonban vir\u00e1gzanak. Csillagok, amelyek a sivatag horizontj\u00e1n t\u0171nnek fel. Sokszor az isteni szeretet is csak a legnagyobb elhagyatotts\u00e1gban, a k\u00e9ts\u00e9gbees\u00e9s hat\u00e1r\u00e1n lesz aj\u00e1nd\u00e9kunk.\u201d (Gertrud von Le Fort \u2013 1876-1971 \u2013 n\u00e9met \u00edr\u00f3n\u0151) \u00c1ldott napokat, j\u00f3 munk\u00e1t, tartalmas besz\u00e9lget\u00e9seket \u00e9s \u00f6r\u00f6mteli tal\u00e1lkoz\u00e1sokat k\u00edv\u00e1nunk minden Kedves H\u00edv\u00fcnknek!"}