{"version":"1.0","provider_name":"Stuttgarti Katolikusok","provider_url":"https:\/\/stuttgarti-katolikusok.de","title":"Programel\u0151zetes febru\u00e1r 17 \u00e9s 23 k\u00f6z\u00f6tt - Stuttgarti Katolikusok","type":"rich","width":600,"height":338,"html":"<blockquote class=\"wp-embedded-content\" data-secret=\"l3AacqYH3e\"><a href=\"https:\/\/stuttgarti-katolikusok.de\/index.php\/programelozetes-februar-17-es-23-kozott\/\">Programel\u0151zetes febru\u00e1r 17 \u00e9s 23 k\u00f6z\u00f6tt<\/a><\/blockquote><iframe sandbox=\"allow-scripts\" security=\"restricted\" src=\"https:\/\/stuttgarti-katolikusok.de\/index.php\/programelozetes-februar-17-es-23-kozott\/embed\/#?secret=l3AacqYH3e\" width=\"600\" height=\"338\" title=\"&#8220;Programel\u0151zetes febru\u00e1r 17 \u00e9s 23 k\u00f6z\u00f6tt&#8221; &#8212; Stuttgarti Katolikusok\" data-secret=\"l3AacqYH3e\" frameborder=\"0\" marginwidth=\"0\" marginheight=\"0\" scrolling=\"no\" class=\"wp-embedded-content\"><\/iframe><script type=\"text\/javascript\">\n\/* <![CDATA[ *\/\n\/*! This file is auto-generated *\/\n!function(d,l){\"use strict\";l.querySelector&&d.addEventListener&&\"undefined\"!=typeof URL&&(d.wp=d.wp||{},d.wp.receiveEmbedMessage||(d.wp.receiveEmbedMessage=function(e){var t=e.data;if((t||t.secret||t.message||t.value)&&!\/[^a-zA-Z0-9]\/.test(t.secret)){for(var s,r,n,a=l.querySelectorAll('iframe[data-secret=\"'+t.secret+'\"]'),o=l.querySelectorAll('blockquote[data-secret=\"'+t.secret+'\"]'),c=new RegExp(\"^https?:$\",\"i\"),i=0;i<o.length;i++)o[i].style.display=\"none\";for(i=0;i<a.length;i++)s=a[i],e.source===s.contentWindow&&(s.removeAttribute(\"style\"),\"height\"===t.message?(1e3<(r=parseInt(t.value,10))?r=1e3:~~r<200&&(r=200),s.height=r):\"link\"===t.message&&(r=new URL(s.getAttribute(\"src\")),n=new URL(t.value),c.test(n.protocol))&&n.host===r.host&&l.activeElement===s&&(d.top.location.href=t.value))}},d.addEventListener(\"message\",d.wp.receiveEmbedMessage,!1),l.addEventListener(\"DOMContentLoaded\",function(){for(var e,t,s=l.querySelectorAll(\"iframe.wp-embedded-content\"),r=0;r<s.length;r++)(t=(e=s[r]).getAttribute(\"data-secret\"))||(t=Math.random().toString(36).substring(2,12),e.src+=\"#?secret=\"+t,e.setAttribute(\"data-secret\",t)),e.contentWindow.postMessage({message:\"ready\",secret:t},\"*\")},!1)))}(window,document);\n\/\/# sourceURL=https:\/\/stuttgarti-katolikusok.de\/wp-includes\/js\/wp-embed.min.js\n\/* ]]> *\/\n<\/script>\n","thumbnail_url":"https:\/\/stuttgarti-katolikusok.de\/wp-content\/uploads\/2020\/02\/nek.jpg","thumbnail_width":593,"thumbnail_height":875,"description":"Programel\u0151zetes Febru\u00e1r 20-\u00e1n, cs\u00fct\u00f6rt\u00f6k\u00f6n, \u00a0\u00a0\u00a0\u00a0\u00a0\u00a0\u00a0\u00a0\u00a0 Ulmi d\u00e9lut\u00e1n 17.30 \u00f3rakor r\u00f3zsaf\u00fcz\u00e9r im\u00e1ds\u00e1g, ut\u00e1na szentmise. Keret\u00e9ben: Besz\u00e9lget\u00e9sek a Katekizmusr\u00f3l. * Febru\u00e1r 21-\u00e9n, p\u00e9nteken, \u00a0\u00a0\u00a0\u00a0\u00a0\u00a0\u00a0\u00a0\u00a0 Stuttgartban 16.00 \u00f3rakor Bar\u00e1ts\u00e1gklub. 18.00 \u00f3rakor szentmise. Megh\u00edvott vend\u00e9g\u00fcnk Ft. F\u00e1bry Korn\u00e9l, a budapesti Nemzetk\u00f6zi Eukarisztikus Kongresszus f\u0151titk\u00e1ra. Ut\u00e1na el\u0151ad\u00e1s, v\u00e9g\u00fcl \u00e1g\u00e1p\u00e9 a magunkkal hozottakb\u00f3l. \u00a0\u00a0\u00a0\u00a0\u00a0\u00a0\u00a0\u00a0\u00a0 Weingarteni d\u00e9lut\u00e1n a Marien Kirche-ben: 17.30 \u00f3rakor r\u00f3zsaf\u00fcz\u00e9r im\u00e1ds\u00e1g, ut\u00e1na szentmise. Keret\u00e9ben: Besz\u00e9lget\u00e9sek a Katekizmusr\u00f3l. * Febru\u00e1r 22-\u00e9n, szombaton, \u00a0\u00a0\u00a0\u00a0\u00a0\u00a0\u00a0\u00a0\u00a0\u00a0 Heidenheimban 15.30 \u00f3rakor szentmise, majd \u00e1g\u00e1p\u00e9. \u00a0\u00a0\u00a0\u00a0\u00a0\u00a0\u00a0\u00a0\u00a0\u00a0 Reutlingenben 16.30 \u00f3rakor szentmise. Ut\u00e1na \u00e1g\u00e1p\u00e9. * Febru\u00e1r 23-\u00e1n, \u00e9vk\u00f6zi 7. vas\u00e1rnapon, \u00a0\u00a0\u00a0\u00a0\u00a0\u00a0\u00a0\u00a0\u00a0 Biberachban 8.30 \u00f3rakor szentmise, ut\u00e1na \u00e1g\u00e1p\u00e9. \u00a0\u00a0\u00a0\u00a0\u00a0\u00a0\u00a0\u00a0\u00a0\u00a0 B\u00f6blingenben 9.30 \u00f3rakor szentmise, ut\u00e1na \u00e1g\u00e1p\u00e9. \u00a0 \u00a0 \u00a0 \u00a0 \u00a0 \u00a0Ulmban 12.00 \u00f3rakor szentmise. \u00a0 \u00a0 \u00a0 \u00a0 \u00a0 \u00a0Eislingenben 15.00 \u00f3rakor szentmise, ut\u00e1na \u00e1g\u00e1p\u00e9. \u00a0 \u00a0 \u00a0 \u00a0 \u00a0 \u00a0Heilbronnban 15.30 \u00f3rakor szentmise, ut\u00e1na \u00e1g\u00e1p\u00e9. * Mindenkit szeretettel v\u00e1r a k\u00f6z\u00f6ss\u00e9g, Imre atya \u00e9s Tibor atya! * \u201eAz \u00e9let minden csat\u00e1ja arra j\u00f3, hogy tanuljunk valamit bel\u0151le, m\u00e9g azokb\u00f3l is, amelyeket elvesz\u00edt\u00fcnk.\u201d (Paulo Coelho \u2013 sz. 1947 \u2013 brazil \u00edr\u00f3) Kellemes napokat, j\u00f3 munk\u00e1t, tartalmas besz\u00e9lget\u00e9seket \u00e9s \u00f6r\u00f6mteli tal\u00e1lkoz\u00e1sokat k\u00edv\u00e1nunk minden Kedves H\u00edv\u00fcnknek! \u00a0"}