{"version":"1.0","provider_name":"Stuttgarti Katolikusok","provider_url":"https:\/\/stuttgarti-katolikusok.de","title":"Programel\u0151zetes febru\u00e1r 13 \u00e9s 19 k\u00f6z\u00f6tt - Stuttgarti Katolikusok","type":"rich","width":600,"height":338,"html":"<blockquote class=\"wp-embedded-content\" data-secret=\"ibAN3obsyc\"><a href=\"https:\/\/stuttgarti-katolikusok.de\/index.php\/programelozetes-februar-13-es-19-kozott\/\">Programel\u0151zetes febru\u00e1r 13 \u00e9s 19 k\u00f6z\u00f6tt<\/a><\/blockquote><iframe sandbox=\"allow-scripts\" security=\"restricted\" src=\"https:\/\/stuttgarti-katolikusok.de\/index.php\/programelozetes-februar-13-es-19-kozott\/embed\/#?secret=ibAN3obsyc\" width=\"600\" height=\"338\" title=\"&#8220;Programel\u0151zetes febru\u00e1r 13 \u00e9s 19 k\u00f6z\u00f6tt&#8221; &#8212; Stuttgarti Katolikusok\" data-secret=\"ibAN3obsyc\" frameborder=\"0\" marginwidth=\"0\" marginheight=\"0\" scrolling=\"no\" class=\"wp-embedded-content\"><\/iframe><script type=\"text\/javascript\">\n\/* <![CDATA[ *\/\n\/*! This file is auto-generated *\/\n!function(d,l){\"use strict\";l.querySelector&&d.addEventListener&&\"undefined\"!=typeof URL&&(d.wp=d.wp||{},d.wp.receiveEmbedMessage||(d.wp.receiveEmbedMessage=function(e){var t=e.data;if((t||t.secret||t.message||t.value)&&!\/[^a-zA-Z0-9]\/.test(t.secret)){for(var s,r,n,a=l.querySelectorAll('iframe[data-secret=\"'+t.secret+'\"]'),o=l.querySelectorAll('blockquote[data-secret=\"'+t.secret+'\"]'),c=new RegExp(\"^https?:$\",\"i\"),i=0;i<o.length;i++)o[i].style.display=\"none\";for(i=0;i<a.length;i++)s=a[i],e.source===s.contentWindow&&(s.removeAttribute(\"style\"),\"height\"===t.message?(1e3<(r=parseInt(t.value,10))?r=1e3:~~r<200&&(r=200),s.height=r):\"link\"===t.message&&(r=new URL(s.getAttribute(\"src\")),n=new URL(t.value),c.test(n.protocol))&&n.host===r.host&&l.activeElement===s&&(d.top.location.href=t.value))}},d.addEventListener(\"message\",d.wp.receiveEmbedMessage,!1),l.addEventListener(\"DOMContentLoaded\",function(){for(var e,t,s=l.querySelectorAll(\"iframe.wp-embedded-content\"),r=0;r<s.length;r++)(t=(e=s[r]).getAttribute(\"data-secret\"))||(t=Math.random().toString(36).substring(2,12),e.src+=\"#?secret=\"+t,e.setAttribute(\"data-secret\",t)),e.contentWindow.postMessage({message:\"ready\",secret:t},\"*\")},!1)))}(window,document);\n\/\/# sourceURL=https:\/\/stuttgarti-katolikusok.de\/wp-includes\/js\/wp-embed.min.js\n\/* ]]> *\/\n<\/script>\n","thumbnail_url":"https:\/\/stuttgarti-katolikusok.de\/wp-content\/uploads\/2017\/02\/ahovaallitottisten.jpg","thumbnail_width":736,"thumbnail_height":524,"description":"Programel\u0151zetes Febru\u00e1r 16-\u00e1n, cs\u00fct\u00f6rt\u00f6k\u00f6n, Ulmban 17.30 \u00f3rakor r\u00f3zsaf\u00fcz\u00e9r-\u00e1jtatoss\u00e1g, ezt k\u00f6vet\u0151en szentmise. A szentmise v\u00e9gezt\u00e9vel Besz\u00e9lget\u00e9s a Bibli\u00e1r\u00f3l. * Febru\u00e1r 17-\u00e9n, p\u00e9nteken, Stuttgartban du. 16.00 \u00f3rakor Bar\u00e1ts\u00e1gklub. 17.50 \u00f3rakor r\u00f3zsaf\u00fcz\u00e9r, majd szentmise. 19.00 \u00f3rakor Bibliak\u00f6r. T\u00e9ma: Zsolt\u00e1rok K\u00f6nyve. Weingartenben 17.30 \u00f3rakor r\u00f3zsaf\u00fcz\u00e9r-\u00e1jtatoss\u00e1g,18.00 \u00f3rakor szentmise a St. Marien-templomban. El\u0151tte gy\u00f3ntat\u00e1s, ut\u00e1na Besz\u00e9lget\u00e9sek a Bibli\u00e1r\u00f3l. * Febru\u00e1r 18-\u00e1n, szombaton, Csal\u00e1dos \u00f6n- \u00e9s kapcsolatismereti H\u00e9tv\u00e9ge Ulmban. A program 9.00 \u00f3rakor kezd\u0151dik \u00e9s 19.00 \u00f3r\u00e1ig tart. Vezet\u0151i: Klembala G\u00e9za \u00e9s K\u00e1roly Edit. * Febru\u00e1r 19-\u00e9n, vas\u00e1rnap, 9.30 \u00f3rakor Ludwigsburgban szentmise, ut\u00e1na \u00e1g\u00e1p\u00e9. 12.00 \u00f3rakor Stuttgartban szentmise. Ut\u00e1na Gyermek-farsang. * Minden helyen mindenkit szeretettel v\u00e1r a k\u00f6z\u00f6ss\u00e9g, Imre atya \u00e9s Tibor atya! \u201eHogy f\u00e9l\u00e9nkek vagy b\u00e1trak vagyunk, az mindegy. Egy a fontos: ott lenni mindig, ahol Isten akarja, \u00e9s mindig benne b\u00edzva.\u201d (Georges Bernanos \u2013 1888-1948 \u2013 francia katolikus \u00edr\u00f3) Sz\u00e9p napokat, j\u00f3 munk\u00e1t, tartalmas besz\u00e9lget\u00e9seket \u00e9s kellemes tal\u00e1lkoz\u00e1sokat k\u00edv\u00e1nunk minden Kedves H\u00edv\u00fcnknek!"}