{"version":"1.0","provider_name":"Stuttgarti Katolikusok","provider_url":"https:\/\/stuttgarti-katolikusok.de","title":"Programel\u0151zetes december 4 \u00e9s 10 k\u00f6z\u00f6tt - Stuttgarti Katolikusok","type":"rich","width":600,"height":338,"html":"<blockquote class=\"wp-embedded-content\" data-secret=\"EbZoL6fsLw\"><a href=\"https:\/\/stuttgarti-katolikusok.de\/index.php\/programelozetes-december-4-es-10-kozott\/\">Programel\u0151zetes december 4 \u00e9s 10 k\u00f6z\u00f6tt<\/a><\/blockquote><iframe sandbox=\"allow-scripts\" security=\"restricted\" src=\"https:\/\/stuttgarti-katolikusok.de\/index.php\/programelozetes-december-4-es-10-kozott\/embed\/#?secret=EbZoL6fsLw\" width=\"600\" height=\"338\" title=\"&#8220;Programel\u0151zetes december 4 \u00e9s 10 k\u00f6z\u00f6tt&#8221; &#8212; Stuttgarti Katolikusok\" data-secret=\"EbZoL6fsLw\" frameborder=\"0\" marginwidth=\"0\" marginheight=\"0\" scrolling=\"no\" class=\"wp-embedded-content\"><\/iframe><script type=\"text\/javascript\">\n\/* <![CDATA[ *\/\n\/*! This file is auto-generated *\/\n!function(d,l){\"use strict\";l.querySelector&&d.addEventListener&&\"undefined\"!=typeof URL&&(d.wp=d.wp||{},d.wp.receiveEmbedMessage||(d.wp.receiveEmbedMessage=function(e){var t=e.data;if((t||t.secret||t.message||t.value)&&!\/[^a-zA-Z0-9]\/.test(t.secret)){for(var s,r,n,a=l.querySelectorAll('iframe[data-secret=\"'+t.secret+'\"]'),o=l.querySelectorAll('blockquote[data-secret=\"'+t.secret+'\"]'),c=new RegExp(\"^https?:$\",\"i\"),i=0;i<o.length;i++)o[i].style.display=\"none\";for(i=0;i<a.length;i++)s=a[i],e.source===s.contentWindow&&(s.removeAttribute(\"style\"),\"height\"===t.message?(1e3<(r=parseInt(t.value,10))?r=1e3:~~r<200&&(r=200),s.height=r):\"link\"===t.message&&(r=new URL(s.getAttribute(\"src\")),n=new URL(t.value),c.test(n.protocol))&&n.host===r.host&&l.activeElement===s&&(d.top.location.href=t.value))}},d.addEventListener(\"message\",d.wp.receiveEmbedMessage,!1),l.addEventListener(\"DOMContentLoaded\",function(){for(var e,t,s=l.querySelectorAll(\"iframe.wp-embedded-content\"),r=0;r<s.length;r++)(t=(e=s[r]).getAttribute(\"data-secret\"))||(t=Math.random().toString(36).substring(2,12),e.src+=\"#?secret=\"+t,e.setAttribute(\"data-secret\",t)),e.contentWindow.postMessage({message:\"ready\",secret:t},\"*\")},!1)))}(window,document);\n\/\/# sourceURL=https:\/\/stuttgarti-katolikusok.de\/wp-includes\/js\/wp-embed.min.js\n\/* ]]> *\/\n<\/script>\n","description":"Programel\u0151zetes December 6-\u00e1n, szerd\u00e1n, \u00a0 \u00a0 \u00a0 \u00a0 \u00a0 \u00a0Stuttgartban 10.15 \u00f3rakor n\u00e9met nyelv\u0171 szentmise a Bruder-Klaus templomban. * December 7-\u00e9n, cs\u00fct\u00f6rt\u00f6k\u00f6n, \u00a0\u00a0\u00a0\u00a0\u00a0\u00a0\u00a0\u00a0\u00a0\u00a0\u00a0 Ulmban 17.30 \u00f3r\u00e1t\u00f3l szentmise. El\u0151tte r\u00f3zsaf\u00fcz\u00e9r \u00e9s gy\u00f3ntat\u00e1s, ut\u00e1na Besz\u00e9lget\u00e9sek a Bibli\u00e1r\u00f3l. * December 8-\u00e1n, p\u00e9nteken, Szepl\u0151telen fogantat\u00e1s \u00fcnnep\u00e9n, \u00a0 \u00a0 \u00a0 \u00a0 \u00a0 \u00a0 Stuttgartban 8.00 \u00f3rakor ror\u00e1t\u00e9. Ut\u00e1na az Irod\u00e1n k\u00f6z\u00f6s adventi reggeli. 16.00 \u00f3rakor Bar\u00e1ts\u00e1gklub. Keret\u00e9ben Adventi \u00fcnneps\u00e9g. 19.00 \u00f3rakor Sportklub. \u00a0 \u00a0 \u00a0 \u00a0 \u00a0 \u00a0Weingarteni d\u00e9lut\u00e1n a Marien Kirche-ben. 17.30 \u00f3rakor r\u00f3zsaf\u00fcz\u00e9r im\u00e1ds\u00e1g, 18.00 \u00f3rakor szentmise, azt k\u00f6vet\u0151en pedig Besz\u00e9lget\u00e9sek a Bibli\u00e1r\u00f3l. * December 9-\u00e9n, szombaton, \u00a0 \u00a0 \u00a0 \u00a0 \u00a0 \u00a0Weingartenben 6.30 \u00f3rakor ror\u00e1t\u00e9. \u00a0 \u00a0 \u00a0 \u00a0 \u00a0 \u00a0Friedrichshafenben 17.00 \u00f3rakor szentmise. Ut\u00e1na \u00e1g\u00e1p\u00e9. * December 10-\u00e9n, vas\u00e1rnap, Advent 2. vas\u00e1rnapja, \u00a0\u00a0\u00a0\u00a0\u00a0\u00a0\u00a0\u00a0\u00a0\u00a0\u00a0 Weingartenben 10.00 \u00f3rakor szentmise, ut\u00e1na \u00e1g\u00e1p\u00e9. \u00a0\u00a0\u00a0\u00a0\u00a0\u00a0\u00a0\u00a0\u00a0\u00a0\u00a0 Ulmban 15.00 \u00f3rakor szentmise, ut\u00e1na \u00e1g\u00e1p\u00e9. \u00a0 \u00a0 \u00a0 \u00a0 \u00a0 \u00a0 Pforzheimban 15.00 \u00f3rakor szentmise, ut\u00e1na \u00e1g\u00e1p\u00e9. * Minden helyen mindenkit szeretettel v\u00e1r a k\u00f6z\u00f6ss\u00e9g, Imre atya \u00e9s Tibor atya! \u201eAdvent \u00e9s Kar\u00e1csony olyan, mint a kulcslyuk, amelyen kereszt\u00fcl f\u00f6ldi \u2013 n\u00e9ha s\u00f6t\u00e9t \u2013 \u00e9let\u00fatjainkra a mennyei haz\u00e1b\u00f3l egy-egy f\u00e9nysug\u00e1r hull\u201c (Friedrich von Bodelschwingh \u2013 1831-1910 \u2013 n\u00e9met lelk\u00e9sz) Sz\u00e9p adventi napokat, j\u00f3 munk\u00e1t, tartalmas besz\u00e9lget\u00e9seket \u00e9s \u00f6r\u00f6mteli tal\u00e1lkoz\u00e1sokat k\u00edv\u00e1nunk minden Kedves H\u00edv\u00fcnknek!"}