{"version":"1.0","provider_name":"Stuttgarti Katolikusok","provider_url":"https:\/\/stuttgarti-katolikusok.de","title":"Programel\u0151zetes december 24 \u00e9s janu\u00e1r 7 k\u00f6z\u00f6tt - Stuttgarti Katolikusok","type":"rich","width":600,"height":338,"html":"<blockquote class=\"wp-embedded-content\" data-secret=\"6tfGQq0u2J\"><a href=\"https:\/\/stuttgarti-katolikusok.de\/index.php\/programelozetes-december-24-es-januar-7-kozott\/\">Programel\u0151zetes december 24 \u00e9s janu\u00e1r 7 k\u00f6z\u00f6tt<\/a><\/blockquote><iframe sandbox=\"allow-scripts\" security=\"restricted\" src=\"https:\/\/stuttgarti-katolikusok.de\/index.php\/programelozetes-december-24-es-januar-7-kozott\/embed\/#?secret=6tfGQq0u2J\" width=\"600\" height=\"338\" title=\"&#8220;Programel\u0151zetes december 24 \u00e9s janu\u00e1r 7 k\u00f6z\u00f6tt&#8221; &#8212; Stuttgarti Katolikusok\" data-secret=\"6tfGQq0u2J\" frameborder=\"0\" marginwidth=\"0\" marginheight=\"0\" scrolling=\"no\" class=\"wp-embedded-content\"><\/iframe><script type=\"text\/javascript\">\n\/* <![CDATA[ *\/\n\/*! This file is auto-generated *\/\n!function(d,l){\"use strict\";l.querySelector&&d.addEventListener&&\"undefined\"!=typeof URL&&(d.wp=d.wp||{},d.wp.receiveEmbedMessage||(d.wp.receiveEmbedMessage=function(e){var t=e.data;if((t||t.secret||t.message||t.value)&&!\/[^a-zA-Z0-9]\/.test(t.secret)){for(var s,r,n,a=l.querySelectorAll('iframe[data-secret=\"'+t.secret+'\"]'),o=l.querySelectorAll('blockquote[data-secret=\"'+t.secret+'\"]'),c=new RegExp(\"^https?:$\",\"i\"),i=0;i<o.length;i++)o[i].style.display=\"none\";for(i=0;i<a.length;i++)s=a[i],e.source===s.contentWindow&&(s.removeAttribute(\"style\"),\"height\"===t.message?(1e3<(r=parseInt(t.value,10))?r=1e3:~~r<200&&(r=200),s.height=r):\"link\"===t.message&&(r=new URL(s.getAttribute(\"src\")),n=new URL(t.value),c.test(n.protocol))&&n.host===r.host&&l.activeElement===s&&(d.top.location.href=t.value))}},d.addEventListener(\"message\",d.wp.receiveEmbedMessage,!1),l.addEventListener(\"DOMContentLoaded\",function(){for(var e,t,s=l.querySelectorAll(\"iframe.wp-embedded-content\"),r=0;r<s.length;r++)(t=(e=s[r]).getAttribute(\"data-secret\"))||(t=Math.random().toString(36).substring(2,12),e.src+=\"#?secret=\"+t,e.setAttribute(\"data-secret\",t)),e.contentWindow.postMessage({message:\"ready\",secret:t},\"*\")},!1)))}(window,document);\n\/\/# sourceURL=https:\/\/stuttgarti-katolikusok.de\/wp-includes\/js\/wp-embed.min.js\n\/* ]]> *\/\n<\/script>\n","description":"Programel\u0151zetes December 24-\u00e9n, Kar\u00e1csony \u00fcnnepe, \u00a0 \u00a0 \u00a0 \u00a0 \u00a0 \u00a0Stuttgartban 19.00 \u00f3rakor Kar\u00e1csony-\u00e9jf\u00e9li szentmise. \u00a0 \u00a0 \u00a0 \u00a0 \u00a0 \u00a0Weingartenben 20.00 \u00f3rakor Kar\u00e1csony-\u00e9jf\u00e9li szentmise. * December 25-\u00e9n, \u00a0h\u00e9tf\u0151n, Kar\u00e1csony \u00fcnnepe, \u00a0 \u00a0 \u00a0 \u00a0 \u00a0 \u00a0Weingartenben 10.00 \u00f3rakor \u00fcnnepi nagymise. \u00a0 \u00a0 \u00a0 \u00a0 \u00a0 \u00a0Stuttgartban 12.00 \u00f3rakor \u00fcnnepi nagymise. \u00a0 \u00a0 \u00a0 \u00a0 \u00a0 \u00a0Ulmban 15.00 \u00f3rakor \u00fcnnepi nagymise. \u00a0 \u00a0 \u00a0 \u00a0 \u00a0 \u00a0Heilbronnban 15.30 \u00f3rakor \u00fcnnepi nagymise. * December 26-\u00e1n, kedden, Kar\u00e1csony 2. napja, \u00a0 \u00a0 \u00a0 \u00a0 \u00a0 \u00a0Biberachban\u00a0 8.45 \u00f3rakor szentmise. \u00a0 \u00a0 \u00a0 \u00a0 \u00a0 \u00a0Schw\u00e4bisch-Gm\u00fcndben\u00a0 9.30 \u00f3rakor szentmise. \u00a0 \u00a0 \u00a0 \u00a0 \u00a0 \u00a0Stuttgartban 12.00 \u00f3rakor szentmise. \u00a0 \u00a0 \u00a0 \u00a0 \u00a0 \u00a0Eislingenben 15.00 \u00f3rakor szentmise. * December 27-\u00e9n, szerd\u00e1n, Kar\u00e1csony 3. napja, \u00a0 \u00a0 \u00a0 \u00a0 \u00a0 \u00a0B\u00f6blingenben 9.30 \u00f3rakor szentmise. \u00a0 \u00a0 \u00a0 \u00a0 \u00a0 \u00a0Heidenheimban 10.00 \u00f3rakor szentmise. * December 31-\u00e9n, vas\u00e1rnap, Szilveszter este, Weingartenben 17.00 \u00f3rakor \u00e9vv\u00e9gi h\u00e1laad\u00f3 szentmise. Stuttgartban 18.00 \u00f3rakor \u00e9vv\u00e9gi h\u00e1laad\u00f3 szentmise. * Janu\u00e1r 6-\u00e1n, V\u00edzkereszt \u00fcnnepe, \u00a0 \u00a0 \u00a0 \u00a0 \u00a0 \u00a0Balingenben 17.00 \u00f3rakor szentmise, ut\u00e1na \u00e1g\u00e1p\u00e9. * Janu\u00e1r 7-\u00e9n, Urunk megkeresztelked\u00e9s\u00e9nek \u00fcnnepe, \u00a0 \u00a0 \u00a0 \u00a0 \u00a0 \u00a0Munderkingenben 9.00 \u00f3rakor szentmise. \u00a0 \u00a0 \u00a0 \u00a0 \u00a0 \u00a0Schw\u00e4bisch-Gm\u00fcndben 9.30 \u00f3rakor szentmise, keret\u00e9ben T\u00edm\u00e1r Kinga opera\u00e9nekesn\u0151 \u00e9s Kocsis Judit orgonista \u00faj\u00e9vi koncertje. Befejezt\u00e9vel \u00e1g\u00e1p\u00e9. \u00a0 \u00a0 \u00a0 \u00a0 \u00a0 \u00a0Stuttgartban 15.00 \u00f3rakor szentmise. Ut\u00e1na a K\u00f6z\u00f6ss\u00e9gi Teremben zar\u00e1ndok-tal\u00e1lkoz\u00f3 \u00e9s szer\u00e9ny \u00e1g\u00e1p\u00e9. Minden helyen mindenkit szeretettel v\u00e1r a k\u00f6z\u00f6ss\u00e9g, Imre atya \u00e9s Tibor atya! * Juh\u00e1sz Gyula Betlehemes \u00e9nek \u00d3, emberek, gondoljatok ma r\u00e1, Ki Betlehemben sz\u00fcletett ez este A j\u00e1szol alm\u00e1n, kis hajl\u00e9ktalan, Szel\u00edd barmok k\u00f6zt, kedves bambin\u00f3. \u00d3, emberek, gondoljatok ma r\u00e1: Hogy anyja az \u00dar szolg\u00e1l\u00f3 le\u00e1nya \u00c9s apja \u00e1cs volt, dolgoz\u00f3 szeg\u00e9ny, S az ist\u00e1ll\u00f3ban v\u00e1rt f\u00f6d\u00e9l re\u00e1juk. \u00d3, emberek, gondoljatok ma r\u00e1, A betlehemi kisded j\u00e1szol\u00e1ra, Amely f\u00f6l\u00f6tt nagyobb f\u00e9ny t\u00fcnd\u00f6k\u00f6lt,... R\u00e9szletek"}