{"version":"1.0","provider_name":"Stuttgarti Katolikusok","provider_url":"https:\/\/stuttgarti-katolikusok.de","title":"Programel\u0151zetes \u00e1prilis 8 \u00e9s 14 k\u00f6z\u00f6tt - Stuttgarti Katolikusok","type":"rich","width":600,"height":338,"html":"<blockquote class=\"wp-embedded-content\" data-secret=\"iovH1gsfa1\"><a href=\"https:\/\/stuttgarti-katolikusok.de\/index.php\/programelozetes-aprilis-8-es-14-kozott\/\">Programel\u0151zetes \u00e1prilis 8 \u00e9s 14 k\u00f6z\u00f6tt<\/a><\/blockquote><iframe sandbox=\"allow-scripts\" security=\"restricted\" src=\"https:\/\/stuttgarti-katolikusok.de\/index.php\/programelozetes-aprilis-8-es-14-kozott\/embed\/#?secret=iovH1gsfa1\" width=\"600\" height=\"338\" title=\"&#8220;Programel\u0151zetes \u00e1prilis 8 \u00e9s 14 k\u00f6z\u00f6tt&#8221; &#8212; Stuttgarti Katolikusok\" data-secret=\"iovH1gsfa1\" frameborder=\"0\" marginwidth=\"0\" marginheight=\"0\" scrolling=\"no\" class=\"wp-embedded-content\"><\/iframe><script type=\"text\/javascript\">\n\/* <![CDATA[ *\/\n\/*! This file is auto-generated *\/\n!function(d,l){\"use strict\";l.querySelector&&d.addEventListener&&\"undefined\"!=typeof URL&&(d.wp=d.wp||{},d.wp.receiveEmbedMessage||(d.wp.receiveEmbedMessage=function(e){var t=e.data;if((t||t.secret||t.message||t.value)&&!\/[^a-zA-Z0-9]\/.test(t.secret)){for(var s,r,n,a=l.querySelectorAll('iframe[data-secret=\"'+t.secret+'\"]'),o=l.querySelectorAll('blockquote[data-secret=\"'+t.secret+'\"]'),c=new RegExp(\"^https?:$\",\"i\"),i=0;i<o.length;i++)o[i].style.display=\"none\";for(i=0;i<a.length;i++)s=a[i],e.source===s.contentWindow&&(s.removeAttribute(\"style\"),\"height\"===t.message?(1e3<(r=parseInt(t.value,10))?r=1e3:~~r<200&&(r=200),s.height=r):\"link\"===t.message&&(r=new URL(s.getAttribute(\"src\")),n=new URL(t.value),c.test(n.protocol))&&n.host===r.host&&l.activeElement===s&&(d.top.location.href=t.value))}},d.addEventListener(\"message\",d.wp.receiveEmbedMessage,!1),l.addEventListener(\"DOMContentLoaded\",function(){for(var e,t,s=l.querySelectorAll(\"iframe.wp-embedded-content\"),r=0;r<s.length;r++)(t=(e=s[r]).getAttribute(\"data-secret\"))||(t=Math.random().toString(36).substring(2,12),e.src+=\"#?secret=\"+t,e.setAttribute(\"data-secret\",t)),e.contentWindow.postMessage({message:\"ready\",secret:t},\"*\")},!1)))}(window,document);\n\/\/# sourceURL=https:\/\/stuttgarti-katolikusok.de\/wp-includes\/js\/wp-embed.min.js\n\/* ]]> *\/\n<\/script>\n","description":"Programel\u0151zetes \u00c1prilis 10-\u00e9n, szerd\u00e1n, \u00a0\u00a0\u00a0\u00a0\u00a0\u00a0\u00a0\u00a0\u00a0\u00a0\u00a0 Stuttgartban 10.15 \u00f3rakor n\u00e9met nyelv\u0171 szentmise. * \u00c1prilis 11-\u00e9n, cs\u00fct\u00f6rt\u00f6k\u00f6n, \u00a0\u00a0\u00a0\u00a0\u00a0\u00a0\u00a0\u00a0\u00a0\u00a0\u00a0 Ulmi d\u00e9lut\u00e1n, 17.30 \u00f3rakor kereszt\u00fati \u00e1jtatoss\u00e1g, ut\u00e1na szentmise. * \u00c1prilis 12-\u00e9n, p\u00e9nteken, \u00a0 \u00a0 \u00a0 \u00a0 \u00a0 \u00a0 Stuttgartban 16.00 \u00f3rakor Bar\u00e1ts\u00e1gklub. 18.00 \u00f3rakor kereszt\u00fati \u00e1jtatoss\u00e1g. A szentmise ELMARAD! 19.00 \u00f3rakor Sportklub. \u00a0\u00a0\u00a0\u00a0\u00a0\u00a0\u00a0\u00a0\u00a0\u00a0\u00a0 Weingartenben 18.30 \u00f3rakor kereszt\u00fati \u00e1jtatoss\u00e1g. A szentmise ELMARAD! * \u00c1prilis 13-\u00e1n, szombaton, \u00a0 \u00a0 \u00a0 \u00a0 \u00a0 \u00a0 Friedrichshafenben 17.00 \u00f3rakor szentmise, barkaszentel\u00e9s.\u00a0Ut\u00e1na \u00e1g\u00e1p\u00e9. * \u00c1prilis 14-\u00e9n, Vir\u00e1gvas\u00e1rnap, \u00a0\u00a0\u00a0\u00a0\u00a0\u00a0\u00a0\u00a0\u00a0\u00a0\u00a0 Weingartenben a 14 Nothelfer Kapelle-ben 10.00 \u00f3rakor szentmise, barkaszentel\u00e9s. Ut\u00e1na \u00e1g\u00e1p\u00e9. \u00a0 \u00a0 \u00a0 \u00a0 \u00a0 \u00a0 Ulmban 15.00 \u00f3rakor szentmise, barkaszentel\u00e9s. Ut\u00e1na \u00e1g\u00e1p\u00e9. \u00a0 \u00a0 \u00a0 \u00a0 \u00a0 \u00a0 Pforzheimban 17.00 \u00f3rakor szentmise, barkaszentel\u00e9s majd \u00e1g\u00e1p\u00e9. * Minden helyen mindenkit szeretettel v\u00e1r a k\u00f6z\u00f6ss\u00e9g Tibor atya \u00e9s Imre atya! \u201eA nagyb\u00f6jti id\u0151szak \u00e9rz\u00e9kenyebb\u00e9 teszi az \u00e9rz\u00e9kszerveinket, valamint r\u00e1ny\u00edtja a szem\u00fcnket \u00e9s a sz\u00edv\u00fcnket arra a sok igazs\u00e1gtalans\u00e1gra, amelyet embertestv\u00e9reink nap, mint nap el kell, hogy szenvedjenek.\u201d (Ismeretlen) Kegyelemteljes nagyb\u00f6jti napokat \u00e9s \u00f6r\u00f6mteli tal\u00e1lkoz\u00e1sokat k\u00edv\u00e1nunk minden Kedves H\u00edv\u00fcnknek!"}