{"version":"1.0","provider_name":"Stuttgarti Katolikusok","provider_url":"https:\/\/stuttgarti-katolikusok.de","title":"Programel\u0151zetes a Szent H\u00e1rom Napra - Stuttgarti Katolikusok","type":"rich","width":600,"height":338,"html":"<blockquote class=\"wp-embedded-content\" data-secret=\"WCQxllAUcJ\"><a href=\"https:\/\/stuttgarti-katolikusok.de\/index.php\/programelozetes-a-szent-harom-napra\/\">Programel\u0151zetes a Szent H\u00e1rom Napra<\/a><\/blockquote><iframe sandbox=\"allow-scripts\" security=\"restricted\" src=\"https:\/\/stuttgarti-katolikusok.de\/index.php\/programelozetes-a-szent-harom-napra\/embed\/#?secret=WCQxllAUcJ\" width=\"600\" height=\"338\" title=\"&#8220;Programel\u0151zetes a Szent H\u00e1rom Napra&#8221; &#8212; Stuttgarti Katolikusok\" data-secret=\"WCQxllAUcJ\" frameborder=\"0\" marginwidth=\"0\" marginheight=\"0\" scrolling=\"no\" class=\"wp-embedded-content\"><\/iframe><script type=\"text\/javascript\">\n\/* <![CDATA[ *\/\n\/*! This file is auto-generated *\/\n!function(d,l){\"use strict\";l.querySelector&&d.addEventListener&&\"undefined\"!=typeof URL&&(d.wp=d.wp||{},d.wp.receiveEmbedMessage||(d.wp.receiveEmbedMessage=function(e){var t=e.data;if((t||t.secret||t.message||t.value)&&!\/[^a-zA-Z0-9]\/.test(t.secret)){for(var s,r,n,a=l.querySelectorAll('iframe[data-secret=\"'+t.secret+'\"]'),o=l.querySelectorAll('blockquote[data-secret=\"'+t.secret+'\"]'),c=new RegExp(\"^https?:$\",\"i\"),i=0;i<o.length;i++)o[i].style.display=\"none\";for(i=0;i<a.length;i++)s=a[i],e.source===s.contentWindow&&(s.removeAttribute(\"style\"),\"height\"===t.message?(1e3<(r=parseInt(t.value,10))?r=1e3:~~r<200&&(r=200),s.height=r):\"link\"===t.message&&(r=new URL(s.getAttribute(\"src\")),n=new URL(t.value),c.test(n.protocol))&&n.host===r.host&&l.activeElement===s&&(d.top.location.href=t.value))}},d.addEventListener(\"message\",d.wp.receiveEmbedMessage,!1),l.addEventListener(\"DOMContentLoaded\",function(){for(var e,t,s=l.querySelectorAll(\"iframe.wp-embedded-content\"),r=0;r<s.length;r++)(t=(e=s[r]).getAttribute(\"data-secret\"))||(t=Math.random().toString(36).substring(2,12),e.src+=\"#?secret=\"+t,e.setAttribute(\"data-secret\",t)),e.contentWindow.postMessage({message:\"ready\",secret:t},\"*\")},!1)))}(window,document);\n\/\/# sourceURL=https:\/\/stuttgarti-katolikusok.de\/wp-includes\/js\/wp-embed.min.js\n\/* ]]> *\/\n<\/script>\n","thumbnail_url":"https:\/\/stuttgarti-katolikusok.de\/wp-content\/uploads\/2017\/04\/settimana-santa.jpg","thumbnail_width":1024,"thumbnail_height":604,"description":"Programel\u0151zetes a Szent H\u00e1rom Napra H \u00da S V \u00c9 T Ezekben a napokban \u00fcnnepelj\u00fck a kereszt\u00e9nys\u00e9g legnagyobb \u00fcnnep\u00e9t, a H\u00fasv\u00e9tot. Mi a h\u00fasv\u00e9t \u00fczenete sz\u00e1munkra? Az els\u0151 \u00fczenet: Az, akit keresztre fesz\u00edtettek, meghalt \u00e9s eltemettek, az maga az Isten Fia volt. J\u00e9zusban az Isten megmutatta, hogy mennyire szereti \u00e9s mennyire komolyan veszi az embert \u00e9s minden gondj\u00e1t. Nem hagyja mag\u00e1ra a b\u0171nben, a bajban, a betegs\u00e9gben \u00e9s a szenved\u00e9sben. Hanem eg\u00e9szen emberr\u00e9 lesz, teljes m\u00e9lys\u00e9g\u00e9ben meg\u00edzleli \u00e9rt\u00fcnk az emberi \u00e9let gondjait, s\u0151t m\u00e9g a hal\u00e1lt is. A m\u00e1sodik \u00fczenet: Isten, J\u00e9zusban, nem elker\u00fclte, nem megsz\u00fcntette, hanem megszentelte a hal\u00e1lt. Isten ugyanis nek\u00fcnk nem v\u00e9ges boldogs\u00e1got, nem csup\u00e1n \u00e9lvezeteket akar ny\u00fajtani, amelyeket ez a muland\u00f3 vil\u00e1g is ny\u00fajthat nek\u00fcnk, hanem v\u00e9get nem \u00e9r\u0151 boldogs\u00e1got. Ez pedig csak egy felt\u00e1madott, eg\u00e9szen \u00faj \u00e9letben lehets\u00e9ges, amelyre J\u00e9zus az \u0151 felt\u00e1mad\u00e1s\u00e1ban mindannyiunknak biztos\u00edt\u00e9kot ad. V\u00e9g\u00fcl a harmadik \u00fczenet: A h\u00fasv\u00e9t a megalapozott, tiszta \u00f6r\u00f6m \u00fcnnepe. Ez a tiszta \u00f6r\u00f6m a felt\u00e1mad\u00e1s t\u00e9ny\u00e9b\u0151l fakad. Mi, kereszt\u00e9nyek, annak is \u00f6rvend\u00fcnk H\u00fasv\u00e9tkor, hogy gondjainkat, aggodalmainkat Krisztus felt\u00e1mad\u00e1s\u00e1nak f\u00e9ny\u00e9ben szeml\u00e9lhetj\u00fck. Isten terv\u00e9ben \u00e9let\u00fcnk minden esem\u00e9ny\u00e9nek megvan a maga \u00e9rtelme \u00e9s oka. Ez\u00e9rt nem f\u00e9l\u00fcnk \u00e9s nem aggodalmaskodunk, mert minden m\u00f6g\u00f6tt Isten mosolyog r\u00e1nk! A felt\u00e1madt J\u00e9zus ma is, minden emberre \u00edgy k\u00f6sz\u00f6n r\u00e1: \u201eB\u00e9ke veletek! Ne f\u00e9ljetek! \u00c9n veletek vagyok!\u201d\u00a0 Ez\u00e9rt \u00fcnnepelj\u00fck t\u00f6bb napon kereszt\u00fcl a H\u00fasv\u00e9tot! Tarts vel\u00fcnk Te is! \u00a0Ime a h\u00fasv\u00e9ti miseprogramunk: \u00a0\u00c1PRILIS 13., NAGYCS\u00dcT\u00d6RT\u00d6K \u00a0\u00a0\u00a0\u00a0\u00a0\u00a0\u00a0\u00a0\u00a0\u00a0\u00a0\u00a0\u00a0\u00a0\u00a0\u00a0\u00a0\u00a0\u00a0\u00a0\u00a0\u00a0\u00a0 Weingartenben \u2013 18.00 \u00f3rakor a 14 Nothelfer Kapelle-ben Triduum Paschale, 19.00 \u00f3rakor nagycs\u00fct\u00f6rt\u00f6ki szentmise, benne l\u00e1bmos\u00e1s. \u00a0\u00a0\u00a0\u00a0\u00a0\u00a0\u00a0\u00a0\u00a0\u00a0\u00a0\u00a0\u00a0\u00a0\u00a0\u00a0\u00a0\u00a0\u00a0\u00a0\u00a0\u00a0\u00a0 Stuttgartban 19.00 \u00f3rakor az Utols\u00f3 Vacsora eml\u00e9kmis\u00e9je. * \u00c1PRILIS 14., NAGYP\u00c9NTEK \u00a0\u00a0\u00a0\u00a0\u00a0\u00a0\u00a0\u00a0\u00a0\u00a0\u00a0\u00a0\u00a0\u00a0\u00a0\u00a0\u00a0\u00a0\u00a0\u00a0\u00a0\u00a0\u00a0 Ulmban \u2013 10.00 \u00f3rakor kereszt\u00fat, illetve a Triduum Paschale \u2013 a h\u00e1rom nap liturgi\u00e1j\u00e1r\u00f3l. \u00a0\u00a0\u00a0\u00a0\u00a0\u00a0\u00a0\u00a0\u00a0\u00a0\u00a0\u00a0\u00a0\u00a0\u00a0\u00a0\u00a0\u00a0\u00a0\u00a0\u00a0\u00a0\u00a0 Weingartenben, a 14 Nothelfer Kapelle-ben, 15.00 \u00f3rakor kereszt\u00fat \u2013 Nagyp\u00e9nteki szertart\u00e1s passi\u00f3val. \u00a0\u00a0\u00a0\u00a0\u00a0\u00a0\u00a0\u00a0\u00a0\u00a0\u00a0\u00a0\u00a0\u00a0\u00a0\u00a0\u00a0\u00a0\u00a0\u00a0\u00a0\u00a0\u00a0 Stuttgartban, 18.00 \u00f3rakor, nagyp\u00e9nteki szertart\u00e1s passi\u00f3val. * \u00c1PRILIS 15., NAGYSZOMBAT \u00a0\u00a0\u00a0\u00a0\u00a0\u00a0\u00a0\u00a0\u00a0\u00a0\u00a0\u00a0\u00a0\u00a0\u00a0\u00a0\u00a0\u00a0\u00a0\u00a0\u00a0\u00a0\u00a0... R\u00e9szletek"}