{"version":"1.0","provider_name":"Stuttgarti Katolikusok","provider_url":"https:\/\/stuttgarti-katolikusok.de","title":"Politikamentesen haz\u00e1nkr\u00f3l - Stuttgarti Katolikusok","type":"rich","width":600,"height":338,"html":"<blockquote class=\"wp-embedded-content\" data-secret=\"fe6iJUxKVe\"><a href=\"https:\/\/stuttgarti-katolikusok.de\/index.php\/politikamentesen-hazankrol\/\">Politikamentesen haz\u00e1nkr\u00f3l<\/a><\/blockquote><iframe sandbox=\"allow-scripts\" security=\"restricted\" src=\"https:\/\/stuttgarti-katolikusok.de\/index.php\/politikamentesen-hazankrol\/embed\/#?secret=fe6iJUxKVe\" width=\"600\" height=\"338\" title=\"&#8220;Politikamentesen haz\u00e1nkr\u00f3l&#8221; &#8212; Stuttgarti Katolikusok\" data-secret=\"fe6iJUxKVe\" frameborder=\"0\" marginwidth=\"0\" marginheight=\"0\" scrolling=\"no\" class=\"wp-embedded-content\"><\/iframe><script type=\"text\/javascript\">\n\/* <![CDATA[ *\/\n\/*! This file is auto-generated *\/\n!function(d,l){\"use strict\";l.querySelector&&d.addEventListener&&\"undefined\"!=typeof URL&&(d.wp=d.wp||{},d.wp.receiveEmbedMessage||(d.wp.receiveEmbedMessage=function(e){var t=e.data;if((t||t.secret||t.message||t.value)&&!\/[^a-zA-Z0-9]\/.test(t.secret)){for(var s,r,n,a=l.querySelectorAll('iframe[data-secret=\"'+t.secret+'\"]'),o=l.querySelectorAll('blockquote[data-secret=\"'+t.secret+'\"]'),c=new RegExp(\"^https?:$\",\"i\"),i=0;i<o.length;i++)o[i].style.display=\"none\";for(i=0;i<a.length;i++)s=a[i],e.source===s.contentWindow&&(s.removeAttribute(\"style\"),\"height\"===t.message?(1e3<(r=parseInt(t.value,10))?r=1e3:~~r<200&&(r=200),s.height=r):\"link\"===t.message&&(r=new URL(s.getAttribute(\"src\")),n=new URL(t.value),c.test(n.protocol))&&n.host===r.host&&l.activeElement===s&&(d.top.location.href=t.value))}},d.addEventListener(\"message\",d.wp.receiveEmbedMessage,!1),l.addEventListener(\"DOMContentLoaded\",function(){for(var e,t,s=l.querySelectorAll(\"iframe.wp-embedded-content\"),r=0;r<s.length;r++)(t=(e=s[r]).getAttribute(\"data-secret\"))||(t=Math.random().toString(36).substring(2,12),e.src+=\"#?secret=\"+t,e.setAttribute(\"data-secret\",t)),e.contentWindow.postMessage({message:\"ready\",secret:t},\"*\")},!1)))}(window,document);\n\/\/# sourceURL=https:\/\/stuttgarti-katolikusok.de\/wp-includes\/js\/wp-embed.min.js\n\/* ]]> *\/\n<\/script>\n","thumbnail_url":"https:\/\/stuttgarti-katolikusok.de\/wp-content\/uploads\/2021\/11\/2021-11-18-piroschka.jpg","thumbnail_width":1599,"thumbnail_height":1143,"description":"Kedves Bar\u00e1taim, \u00f6r\u00f6mmel tov\u00e1bb\u00edtom a Stuttgarti Magyar Kultur\u00e1lis Int\u00e9zet megh\u00edv\u00f3j\u00e1t az izgalmasnak \u00edg\u00e9rkez\u0151 estre, melyet Dr. Szab\u00f3 Dezs\u0151 int\u00e9zetvezet\u0151 \u00far juttatott el hozz\u00e1nk.\u00a0 Annak ellen\u00e9re, hogy nem lehetek jelen ezen tal\u00e1lkoz\u00f3n, Ulmban van szentmis\u00e9m ezen a d\u00e9lut\u00e1non, fontosnak tartom e tal\u00e1lkoz\u00e1st, hiszen az el\u0151ad\u00e1s kapcs\u00e1n lehet\u0151s\u00e9g\u00fcnk van t\u00f6bb szempontot is megismerni, tov\u00e1bb\u00e1 tal\u00e1lkozhatunk n\u00e9met bar\u00e1tainkkal is. Lehet\u0151s\u00e9g k\u00edn\u00e1lkozik ez\u00e1ltal, hogy az el\u0151\u00edt\u00e9letek fal\u00e1t egy kicsit megbontsuk, id\u0151vel lebontsuk. Tibor atya Kedves Bar\u00e1taink! Olyan sok furcsas\u00e1got olvashatunk \u00e9s hallhatunk Magyarorsz\u00e1gr\u00f3l a n\u00e9met m\u00e9di\u00e1ban \u00e9s k\u00f6z\u00e9letben, hogy \u00fagy gondoltuk, hasznos lehet, ha kicsit k\u00f6tetlenebb form\u00e1ban \u2013 politikamentesen &#8211; besz\u00e9lget\u00fcnk haz\u00e1nkr\u00f3l, a hozz\u00e1 kapcsol\u00f3d\u00f3 hiedelmekr\u0151l, sztereot\u00edpi\u00e1kr\u00f3l, azok val\u00f3s\u00e1gtartam\u00e1r\u00f3l n\u00e9met bar\u00e1tainknak. Ebben seg\u00edts\u00e9g\u00fcnkre lesz Eschbach-Szab\u00f3 Vikt\u00f3ria professzor asszony a T\u00fcbingeni Egyetemr\u0151l. Szeretettel h\u00edvunk \u00e9s v\u00e1runk Benneteket \u00e9s kedves \u00e9rdekl\u0151d\u0151 ismer\u0151seiteket 2021. november 18-\u00e1n 19.00 \u00f3rakor a kultur\u00e1lis int\u00e9zetbe! A mell\u00e9kelt megh\u00edv\u00f3 szabadon tov\u00e1bb k\u00fcldhet\u0151. Felh\u00edvjuk figyelmeteket, hogy int\u00e9zet\u00fcnk jelenleg a szigor\u00edtott 3 G szerint l\u00e1togathat\u00f3 (Genesen, Geimpft \u00e9s Getestet de m\u00e1r csak a PCR-teszt elfogadhat\u00f3!), a maszk visel\u00e9se pedig k\u00f6telez\u0151. K\u00e9rn\u00e9k sz\u00e9pen egy r\u00f6vid visszajelz\u00e9st, r\u00e9szt tudtok-e venni az alkalmon. k\u00f6sz\u00f6n\u00f6m sz\u00e9pen! bar\u00e1ti \u00fcdv\u00f6zlettel, Dezs\u0151 &nbsp; Mit freundlichen Gr\u00fc\u00dfen \/ Best regards \/ \u00dcdv\u00f6zlettel: Dr. Dezs\u0151 B. Szab\u00f3\u00a0\u25a0 Institutsleiter\/int\u00e9zetvezet\u0151 Ungarisches Kulturinstitut\/Magyar Kultur\u00e1lis Int\u00e9zet Stuttgart Christophstr. 7, 70178 Stuttgart Tel: 0049 711.7269630-226; \u25a0 www.uki-s.de"}