{"version":"1.0","provider_name":"Stuttgarti Katolikusok","provider_url":"https:\/\/stuttgarti-katolikusok.de","title":"P\u00f3diumbesz\u00e9lget\u00e9s Mohos G\u00e1bor p\u00fcsp\u00f6k \u00farral - Stuttgarti Katolikusok","type":"rich","width":600,"height":338,"html":"<blockquote class=\"wp-embedded-content\" data-secret=\"evxNDynOQX\"><a href=\"https:\/\/stuttgarti-katolikusok.de\/index.php\/podiumbeszelgetes-mohos-gabor-puspok-urral\/\">P\u00f3diumbesz\u00e9lget\u00e9s Mohos G\u00e1bor p\u00fcsp\u00f6k \u00farral<\/a><\/blockquote><iframe sandbox=\"allow-scripts\" security=\"restricted\" src=\"https:\/\/stuttgarti-katolikusok.de\/index.php\/podiumbeszelgetes-mohos-gabor-puspok-urral\/embed\/#?secret=evxNDynOQX\" width=\"600\" height=\"338\" title=\"&#8220;P\u00f3diumbesz\u00e9lget\u00e9s Mohos G\u00e1bor p\u00fcsp\u00f6k \u00farral&#8221; &#8212; Stuttgarti Katolikusok\" data-secret=\"evxNDynOQX\" frameborder=\"0\" marginwidth=\"0\" marginheight=\"0\" scrolling=\"no\" class=\"wp-embedded-content\"><\/iframe><script type=\"text\/javascript\">\n\/* <![CDATA[ *\/\n\/*! This file is auto-generated *\/\n!function(d,l){\"use strict\";l.querySelector&&d.addEventListener&&\"undefined\"!=typeof URL&&(d.wp=d.wp||{},d.wp.receiveEmbedMessage||(d.wp.receiveEmbedMessage=function(e){var t=e.data;if((t||t.secret||t.message||t.value)&&!\/[^a-zA-Z0-9]\/.test(t.secret)){for(var s,r,n,a=l.querySelectorAll('iframe[data-secret=\"'+t.secret+'\"]'),o=l.querySelectorAll('blockquote[data-secret=\"'+t.secret+'\"]'),c=new RegExp(\"^https?:$\",\"i\"),i=0;i<o.length;i++)o[i].style.display=\"none\";for(i=0;i<a.length;i++)s=a[i],e.source===s.contentWindow&&(s.removeAttribute(\"style\"),\"height\"===t.message?(1e3<(r=parseInt(t.value,10))?r=1e3:~~r<200&&(r=200),s.height=r):\"link\"===t.message&&(r=new URL(s.getAttribute(\"src\")),n=new URL(t.value),c.test(n.protocol))&&n.host===r.host&&l.activeElement===s&&(d.top.location.href=t.value))}},d.addEventListener(\"message\",d.wp.receiveEmbedMessage,!1),l.addEventListener(\"DOMContentLoaded\",function(){for(var e,t,s=l.querySelectorAll(\"iframe.wp-embedded-content\"),r=0;r<s.length;r++)(t=(e=s[r]).getAttribute(\"data-secret\"))||(t=Math.random().toString(36).substring(2,12),e.src+=\"#?secret=\"+t,e.setAttribute(\"data-secret\",t)),e.contentWindow.postMessage({message:\"ready\",secret:t},\"*\")},!1)))}(window,document);\n\/\/# sourceURL=https:\/\/stuttgarti-katolikusok.de\/wp-includes\/js\/wp-embed.min.js\n\/* ]]> *\/\n<\/script>\n","thumbnail_url":"https:\/\/stuttgarti-katolikusok.de\/wp-content\/uploads\/2023\/09\/kepernyofelvetel-235.png","thumbnail_width":1128,"thumbnail_height":849,"description":"2023. szeptember 17-\u00e9n az \u00fcnnepi b\u00facs\u00fas szentmis\u00e9t k\u00f6vet\u0151en, amelyben 9 ifj\u00fa a Szentl\u00e9lek kegyelmi kincseiben is r\u00e9szes\u00fclt a b\u00e9rm\u00e1l\u00e1s szents\u00e9g\u00e9n kereszt\u00fcl, p\u00f3diumbesz\u00e9lget\u00e9sre ker\u00fclt sor. Mohos G\u00e1bor p\u00fcsp\u00f6k atya a diaszp\u00f3r\u00e1ban \u00e9l\u0151 magyarok lelki gondoz\u00e1s\u00e1val megb\u00edzott p\u00fcsp\u00f6ke, egy\u00fctt F\u00e1bry Korn\u00e9l p\u00fcsp\u00f6k aty\u00e1val. A p\u00f3diumbesz\u00e9lget\u00e9s lehet\u0151s\u00e9get k\u00edn\u00e1lt, hogy szem\u00e9lyesebben is megismerhess\u00fck G\u00e1bor p\u00fcsp\u00f6k aty\u00e1t. \u00c9rdekl\u0151dve hallgattuk megl\u00e1t\u00e1sait \u00e9s v\u00e9lem\u00e9nyeit korunk megannyi kih\u00edv\u00e1s\u00e1val kapcsolatosan. A p\u00f3diumbesz\u00e9lget\u00e9s kezdet\u00e9n L\u00e9n\u00e1rt Linda orgonam\u0171v\u00e9szn\u0151 tolm\u00e1csol\u00e1s\u00e1ban elhangzik: Anonymus: g-moll concerto III. t\u00e9tel. You are currently viewing a placeholder content from YouTube. To access the actual content, click the button below. Please note that doing so will share data with third-party providers. More Information Unblock content Accept required service and unblock content"}