{"version":"1.0","provider_name":"Stuttgarti Katolikusok","provider_url":"https:\/\/stuttgarti-katolikusok.de","title":"P\u00e9k S\u00e1ndor atya elm\u00e9lked\u00e9seinek \u00edr\u00e1sos kivonata - Stuttgarti Katolikusok","type":"rich","width":600,"height":338,"html":"<blockquote class=\"wp-embedded-content\" data-secret=\"BQdWHQwx4n\"><a href=\"https:\/\/stuttgarti-katolikusok.de\/index.php\/pek-sandor-atya-elmelkedeseinek-irasos-kivonata\/\">P\u00e9k S\u00e1ndor atya elm\u00e9lked\u00e9seinek \u00edr\u00e1sos kivonata<\/a><\/blockquote><iframe sandbox=\"allow-scripts\" security=\"restricted\" src=\"https:\/\/stuttgarti-katolikusok.de\/index.php\/pek-sandor-atya-elmelkedeseinek-irasos-kivonata\/embed\/#?secret=BQdWHQwx4n\" width=\"600\" height=\"338\" title=\"&#8220;P\u00e9k S\u00e1ndor atya elm\u00e9lked\u00e9seinek \u00edr\u00e1sos kivonata&#8221; &#8212; Stuttgarti Katolikusok\" data-secret=\"BQdWHQwx4n\" frameborder=\"0\" marginwidth=\"0\" marginheight=\"0\" scrolling=\"no\" class=\"wp-embedded-content\"><\/iframe><script type=\"text\/javascript\">\n\/* <![CDATA[ *\/\n\/*! This file is auto-generated *\/\n!function(d,l){\"use strict\";l.querySelector&&d.addEventListener&&\"undefined\"!=typeof URL&&(d.wp=d.wp||{},d.wp.receiveEmbedMessage||(d.wp.receiveEmbedMessage=function(e){var t=e.data;if((t||t.secret||t.message||t.value)&&!\/[^a-zA-Z0-9]\/.test(t.secret)){for(var s,r,n,a=l.querySelectorAll('iframe[data-secret=\"'+t.secret+'\"]'),o=l.querySelectorAll('blockquote[data-secret=\"'+t.secret+'\"]'),c=new RegExp(\"^https?:$\",\"i\"),i=0;i<o.length;i++)o[i].style.display=\"none\";for(i=0;i<a.length;i++)s=a[i],e.source===s.contentWindow&&(s.removeAttribute(\"style\"),\"height\"===t.message?(1e3<(r=parseInt(t.value,10))?r=1e3:~~r<200&&(r=200),s.height=r):\"link\"===t.message&&(r=new URL(s.getAttribute(\"src\")),n=new URL(t.value),c.test(n.protocol))&&n.host===r.host&&l.activeElement===s&&(d.top.location.href=t.value))}},d.addEventListener(\"message\",d.wp.receiveEmbedMessage,!1),l.addEventListener(\"DOMContentLoaded\",function(){for(var e,t,s=l.querySelectorAll(\"iframe.wp-embedded-content\"),r=0;r<s.length;r++)(t=(e=s[r]).getAttribute(\"data-secret\"))||(t=Math.random().toString(36).substring(2,12),e.src+=\"#?secret=\"+t,e.setAttribute(\"data-secret\",t)),e.contentWindow.postMessage({message:\"ready\",secret:t},\"*\")},!1)))}(window,document);\n\/\/# sourceURL=https:\/\/stuttgarti-katolikusok.de\/wp-includes\/js\/wp-embed.min.js\n\/* ]]> *\/\n<\/script>\n","thumbnail_url":"https:\/\/stuttgarti-katolikusok.de\/wp-content\/uploads\/2016\/03\/pek-sandor.jpg","thumbnail_width":500,"thumbnail_height":667,"description":"Az irgalmass\u00e1g arcai 2016. febru\u00e1r 26- \u00e9s 28. k\u00f6z\u00f6tt a Stuttgarti Magyar Katolikus Egyh\u00e1zk\u00f6zs\u00e9g csendes napokat tartott. A h\u00fasv\u00e9tra val\u00f3 lelki felk\u00e9sz\u00fcl\u00e9sben seg\u00edts\u00e9g\u00fcnkre volt P\u00e9k S\u00e1ndor pl\u00e9b\u00e1nos atya, aki a rom\u00e1niai V\u00e1rad-\u00fajv\u00e1rosb\u00f3l \u00e9rkezett. Lelkigyakorlat\u00e1nak t\u00e9m\u00e1j\u00e1t &#8211; Az irgalmass\u00e1g arcai &#8211; r\u00f3l val\u00f3 elm\u00e9lked\u00e9s adta. A p\u00e9ntek esti szentmise hom\u00edli\u00e1j\u00e1ban els\u0151 elm\u00e9lked\u00e9s\u00e9t hallgathattuk meg. Megtudhattuk, hogy mi a bels\u0151 elcsendesed\u00e9s l\u00e9nyege, \u00e9s mit nevez\u00fcnk val\u00f3j\u00e1ban bels\u0151 elcsendesed\u00e9snek, s miben m\u00e1s ez, mint az a csend, ami h\u00e9tk\u00f6znapjainkban k\u00f6rbefon benn\u00fcnket. Amikor siker\u00fcl bel\u00fclr\u0151l elcsendesed\u00fcnk, akkor ez a bels\u0151 csend egy olyan tudati szf\u00e9r\u00e1t nyit meg, amely kit\u00e1rhatja bels\u0151 \u00e9n\u00fcnk kapuit, amelyek \u00e1ltal sokkal k\u00f6zelebb ker\u00fclhet\u00fcnk olyan dolgok meg\u00e9rt\u00e9s\u00e9hez, amelyeket sem f\u00fcl, sem a szem nem \u00e9rz\u00e9kel, mert ebben a befel\u00e9 figyel\u00e9sben meghallhatjuk Isten hozz\u00e1nk int\u00e9zet szav\u00e1t, \u00e9s ez nem \u00e9rz\u00e9kszerveinken, hanem a sz\u00edv\u00fcnk\u00f6n kereszt\u00fcl juthat el hozz\u00e1nk. Hogy mi is a bels\u0151 csend? A csend, az nem m\u00e1s, mint a gondolataink k\u00f6z\u00f6tti sz\u00fcnet. A bels\u0151 csendben nem a f\u00fclnek, vagy a szemnek van szerepe, mert van az embernek Istenhez \u2013 helyesebben Istennek az emberhez \u2013 olyan \u00fatja is, amely nem szorul k\u00f6zvet\u00edt\u0151 k\u00f6zegre, amelyen \u00e1t az ember k\u00f6zvetlen\u00fcl \u201etapasztalja meg&#8221; az Istent. Uram sz\u00f3lj hozz\u00e1m, ne rejtsd el t\u0151lem arcodat! Lehet egy\u00e9bk\u00e9nt \u00fagy is \u00e9lni, hogy Isten arca rejtve marad el\u0151tt\u00fcnk, de \u00edgy \u00e9lni nem \u00e9rdemes. Volt egyszer egy gondterhelt ember. Eg\u00e9sz nap sz\u00fcntelen\u00fcl gondjaiba m\u00e9lyedve j\u00e1rt-kelt, \u00e9s nyomaszt\u00f3 gondjai minden\u00fctt nyom\u00e1ba szeg\u0151dtek. Egyszer, hogy feledje gondjait, \u00e9s ism\u00e9t szabad leveg\u0151h\u00f6z jusson, kiment s\u00e9t\u00e1lni. Hossz\u00fa ideig s\u00e9t\u00e1lt erd\u0151n, s mez\u0151n \u00e1t, amikor egy vid\u00e1man n\u00f3t\u00e1zgat\u00f3, \u00e9s gondtalanul f\u00fcty\u00f6r\u00e9sz\u0151 boldog arc\u00fa p\u00e1sztor j\u00f6tt vele szemben. Az, amikor egym\u00e1s k\u00f6zel\u00e9be \u00e9rtek megk\u00e9rdezte, hogy mi az, ami ennyire nyomasztja, mi\u00e9rt l\u00f3gatja az orr\u00e1t, s mi\u00e9rt van az, hogy m\u00e9g ennek a csod\u00e1s, kellemes meleg napf\u00e9nnyel teli napnak sem tud \u00f6r\u00fclni? Erre a v\u00e1ndort\u00f3l a lakonikus... R\u00e9szletek"}