{"version":"1.0","provider_name":"Stuttgarti Katolikusok","provider_url":"https:\/\/stuttgarti-katolikusok.de","title":"P. F\u0151cze Bonaventura: Nagyb\u00f6jt puszt\u00e1j\u00e1ban - Stuttgarti Katolikusok","type":"rich","width":600,"height":338,"html":"<blockquote class=\"wp-embedded-content\" data-secret=\"dxAmItPefF\"><a href=\"https:\/\/stuttgarti-katolikusok.de\/index.php\/p-focze-bonaventura-nagybojt-pusztajaban\/\">P. F\u0151cze Bonaventura: Nagyb\u00f6jt puszt\u00e1j\u00e1ban<\/a><\/blockquote><iframe sandbox=\"allow-scripts\" security=\"restricted\" src=\"https:\/\/stuttgarti-katolikusok.de\/index.php\/p-focze-bonaventura-nagybojt-pusztajaban\/embed\/#?secret=dxAmItPefF\" width=\"600\" height=\"338\" title=\"&#8220;P. F\u0151cze Bonaventura: Nagyb\u00f6jt puszt\u00e1j\u00e1ban&#8221; &#8212; Stuttgarti Katolikusok\" data-secret=\"dxAmItPefF\" frameborder=\"0\" marginwidth=\"0\" marginheight=\"0\" scrolling=\"no\" class=\"wp-embedded-content\"><\/iframe><script type=\"text\/javascript\">\n\/* <![CDATA[ *\/\n\/*! This file is auto-generated *\/\n!function(d,l){\"use strict\";l.querySelector&&d.addEventListener&&\"undefined\"!=typeof URL&&(d.wp=d.wp||{},d.wp.receiveEmbedMessage||(d.wp.receiveEmbedMessage=function(e){var t=e.data;if((t||t.secret||t.message||t.value)&&!\/[^a-zA-Z0-9]\/.test(t.secret)){for(var s,r,n,a=l.querySelectorAll('iframe[data-secret=\"'+t.secret+'\"]'),o=l.querySelectorAll('blockquote[data-secret=\"'+t.secret+'\"]'),c=new RegExp(\"^https?:$\",\"i\"),i=0;i<o.length;i++)o[i].style.display=\"none\";for(i=0;i<a.length;i++)s=a[i],e.source===s.contentWindow&&(s.removeAttribute(\"style\"),\"height\"===t.message?(1e3<(r=parseInt(t.value,10))?r=1e3:~~r<200&&(r=200),s.height=r):\"link\"===t.message&&(r=new URL(s.getAttribute(\"src\")),n=new URL(t.value),c.test(n.protocol))&&n.host===r.host&&l.activeElement===s&&(d.top.location.href=t.value))}},d.addEventListener(\"message\",d.wp.receiveEmbedMessage,!1),l.addEventListener(\"DOMContentLoaded\",function(){for(var e,t,s=l.querySelectorAll(\"iframe.wp-embedded-content\"),r=0;r<s.length;r++)(t=(e=s[r]).getAttribute(\"data-secret\"))||(t=Math.random().toString(36).substring(2,12),e.src+=\"#?secret=\"+t,e.setAttribute(\"data-secret\",t)),e.contentWindow.postMessage({message:\"ready\",secret:t},\"*\")},!1)))}(window,document);\n\/\/# sourceURL=https:\/\/stuttgarti-katolikusok.de\/wp-includes\/js\/wp-embed.min.js\n\/* ]]> *\/\n<\/script>\n","description":"I. A mai est\u00e9n arra h\u00edvlak, hogy vonuljunk el nagyb\u00f6jt puszt\u00e1j\u00e1ba, fedezz\u00fck fel \u00e9let\u00fcnkben a puszta csendj\u00e9t. Ebben az id\u0151szakban, amikor tudatosabban is kereszt\u00e9nys\u00e9g\u00fcnk legnagyobb \u00fcnnep\u00e9re k\u00e9sz\u00fcl\u00fcnk sz\u00fcks\u00e9g\u00fcnk van a puszt\u00e1ba vonul\u00e1shoz, az elcsendesed\u00e9shez. Egyh\u00e1zunk t\u00f6rt\u00e9nelm\u00e9b\u0151l sokakat ismer\u00fcnk, akik t\u00e9nylegesen kivonultak a puszt\u00e1ba, a sivatagba, vagy legal\u00e1bbis elvonultak a vil\u00e1gb\u00f3l\/- t\u00f3l, hogy remetes\u00e9gben \u00e9ljenek. Nek\u00fcnk tal\u00e1n nem ebben az \u00e9rtelemben kell elvonulnunk a vil\u00e1gt\u00f3l, hanem l\u00e9lekben kell megkeresn\u00fcnk a b\u00f6jt, az im\u00e1ds\u00e1g \u00e9s az elm\u00e9lked\u00e9s hely\u00e9t az \u00e9let\u00fcnkben. Val\u00f3ban, nem kell nek\u00fcnk a puszt\u00e1ba menn\u00fcnk, hisz pusztas\u00e1g, sz\u00e1razs\u00e1g, sokszor lelki sz\u00e1razs\u00e1g az \u00e9let\u00fcnk, ez azonban nem v\u00e9gzet, nem v\u00e9letlen, hanem \u00fat a c\u00e9l fel\u00e9. De ne feledjem, hogy a puszta az Istennel val\u00f3 tal\u00e1lkoz\u00e1s helye. A puszt\u00e1ban, a l\u00e9lek csendj\u00e9ben felfedezz\u00fck, r\u00e1d\u00f6bben\u00fcnk arra, hogy Isten kez\u00e9ben vagyunk \u00e9s r\u00e1b\u00edzzuk magunkat Gondvisel\u0151 szeretet\u00e9re. A ma embere f\u00e9l a puszt\u00e1t\u00f3l, a mag\u00e1nyt\u00f3l. Nagyb\u00f6jt a puszt\u00e1ba vonul\u00e1s ideje. Ne f\u00e9lj\u00fcnk t\u0151le. Fogjuk meg J\u00e9zus kez\u00e9t \u00e9s l\u00e9pj\u00fcnk be vele lelk\u00fcnk mag\u00e1ny\u00e1ba, ahol ism\u00e9t meghallhatjuk a puszta gazdag \u00fczenet\u00e9t. Mindannyiunk sz\u00e1m\u00e1ra j\u00f3l ismert Antoine de Saint-Exup\u00e9ry A Kis Herceg gyermekreg\u00e9nye. A szerz\u0151 nagy igazs\u00e1got sz\u00f3laltat meg, amikor \u00edgy sz\u00f3l a Kis Herceg: Az teszi sz\u00e9pp\u00e9 a sivatagot, a puszt\u00e1t (&#8230;), hogy valahol egy kutat rejt. (24. fejezet) Lelki mag\u00e1nyomban, saj\u00e1t \u00e9letem puszt\u00e1j\u00e1ban is ott van az \u00f6r\u00f6k \u00e9letre sz\u00f6kell\u0151 v\u00edzforr\u00e1s, velem van szeret\u0151 Isten\u00fcnk, hisz \u0150 egy pillanatra sem feledkezik meg r\u00f3lunk. Ezekben a napokban vonuljak el lelkem puszt\u00e1j\u00e1ba, mag\u00e1ny\u00e1ba, ne f\u00e9ljek szemben\u00e9zni gyenges\u00e9geimmel, f\u00e9lelmeimmel, hanem merjek tal\u00e1lkozni Istennel. J\u00f3llehet, hogy a puszta, a saj\u00e1t bens\u0151 vil\u00e1gomba val\u00f3 fordul\u00e1s megpr\u00f3b\u00e1l. Tartsam szem el\u0151tt, hogy a puszta kop\u00e1rnak, sivatagnak, szeg\u00e9nynek t\u0171nik, de nagy gazdags\u00e1got rejt. A puszta bibliai fogalomk\u00e9nt nem egy f\u00f6ldrajzi helyre gondol csup\u00e1n, hanem a pr\u00f3bat\u00e9tel idej\u00e9re. A Szent\u00edr\u00e1sb\u00f3l tudjuk, hogy \u00c1brah\u00e1m elhagyja v\u00e1ros\u00e1t, hogy megismerje Istent \u00e9s \u00f6nmag\u00e1t. M\u00f3zes kimegy a puszt\u00e1ba,... R\u00e9szletek"}