{"version":"1.0","provider_name":"Stuttgarti Katolikusok","provider_url":"https:\/\/stuttgarti-katolikusok.de","title":"Oly korban \u00e9ltem \u00e9n e f\u00f6ld\u00f6n... - Stuttgarti Katolikusok","type":"rich","width":600,"height":338,"html":"<blockquote class=\"wp-embedded-content\" data-secret=\"umLhMxlYN6\"><a href=\"https:\/\/stuttgarti-katolikusok.de\/index.php\/oly-korban-eltem-en-e-foldon\/\">Oly korban \u00e9ltem \u00e9n e f\u00f6ld\u00f6n&#8230;<\/a><\/blockquote><iframe sandbox=\"allow-scripts\" security=\"restricted\" src=\"https:\/\/stuttgarti-katolikusok.de\/index.php\/oly-korban-eltem-en-e-foldon\/embed\/#?secret=umLhMxlYN6\" width=\"600\" height=\"338\" title=\"&#8220;Oly korban \u00e9ltem \u00e9n e f\u00f6ld\u00f6n&#8230;&#8221; &#8212; Stuttgarti Katolikusok\" data-secret=\"umLhMxlYN6\" frameborder=\"0\" marginwidth=\"0\" marginheight=\"0\" scrolling=\"no\" class=\"wp-embedded-content\"><\/iframe><script type=\"text\/javascript\">\n\/* <![CDATA[ *\/\n\/*! This file is auto-generated *\/\n!function(d,l){\"use strict\";l.querySelector&&d.addEventListener&&\"undefined\"!=typeof URL&&(d.wp=d.wp||{},d.wp.receiveEmbedMessage||(d.wp.receiveEmbedMessage=function(e){var t=e.data;if((t||t.secret||t.message||t.value)&&!\/[^a-zA-Z0-9]\/.test(t.secret)){for(var s,r,n,a=l.querySelectorAll('iframe[data-secret=\"'+t.secret+'\"]'),o=l.querySelectorAll('blockquote[data-secret=\"'+t.secret+'\"]'),c=new RegExp(\"^https?:$\",\"i\"),i=0;i<o.length;i++)o[i].style.display=\"none\";for(i=0;i<a.length;i++)s=a[i],e.source===s.contentWindow&&(s.removeAttribute(\"style\"),\"height\"===t.message?(1e3<(r=parseInt(t.value,10))?r=1e3:~~r<200&&(r=200),s.height=r):\"link\"===t.message&&(r=new URL(s.getAttribute(\"src\")),n=new URL(t.value),c.test(n.protocol))&&n.host===r.host&&l.activeElement===s&&(d.top.location.href=t.value))}},d.addEventListener(\"message\",d.wp.receiveEmbedMessage,!1),l.addEventListener(\"DOMContentLoaded\",function(){for(var e,t,s=l.querySelectorAll(\"iframe.wp-embedded-content\"),r=0;r<s.length;r++)(t=(e=s[r]).getAttribute(\"data-secret\"))||(t=Math.random().toString(36).substring(2,12),e.src+=\"#?secret=\"+t,e.setAttribute(\"data-secret\",t)),e.contentWindow.postMessage({message:\"ready\",secret:t},\"*\")},!1)))}(window,document);\n\/\/# sourceURL=https:\/\/stuttgarti-katolikusok.de\/wp-includes\/js\/wp-embed.min.js\n\/* ]]> *\/\n<\/script>\n","description":"1956-okt\u00f3ber 23-ra eml\u00e9kez\u00fcnk Amint utaz\u00e1somkor a villamos k\u00e9nyelmes padj\u00e1n elhelyezkedtem, e c\u00edm verssorai jutottak eszembe Radn\u00f3ti Mikl\u00f3s T\u00f6red\u00e9k c\u00edm\u0171 vers\u00e9b\u0151l, mik\u00f6zben a vas\u00e1rnapi \u00f6kumenikus szentmis\u00e9re siettem. Az id\u00e9n is, mint minden \u00e9vben, megeml\u00e9kezt\u00fcnk 1956-os forradalmunk \u00e9vfordul\u00f3j\u00e1r\u00f3l. Azon gondolkodtam, hogy l\u00e1m, korm\u00e1nyok mentek \u00e9s j\u00f6ttek, \u00e9s eltelt egy b\u0151 \u00e9vtized 1956-ig, m\u00e9gis mennyire igaz az a bibliai mond\u00e1s, nincsen \u00faj a Nap alatt (\u201eAmi volt, ugyanaz, ami ezut\u00e1n is lesz, \u00e9s ami t\u00f6rt\u00e9nt, ugyanaz, ami ezut\u00e1n is t\u00f6rt\u00e9nik; \u00e9s semmi nincs \u00faj dolog a Nap alatt.\u201d &#8211; Pr\u00e9d. 1,9) Pedig ha elolvassuk a verset, mindenkinek szemet sz\u00far az a t\u00e9ny, hogy a k\u00f6lt\u0151 mindenhol a m\u00falt id\u0151t haszn\u00e1lta, amellyel mintegy azt jelezve, hogy az \u00e9let\u00e9nek kegyetlen sorsfordul\u00f3j\u00e1t csakis egy egyszeri, \u00e9s megism\u00e9telhetlen kort\u00f6rt\u00e9neti szakaszk\u00e9nt lehet f\u00f6lfogni, mert annak tilos m\u00e9gegyszer megism\u00e9tl\u0151dnie, \u00e9s m\u00e9gis megism\u00e9tl\u0151d\u00f6tt. \u00c9s m\u00e9gis, m\u00e9gis, ki ne ismerne k\u00f6z\u00fcl\u00fcnk a radn\u00f3tis \u2013 sorokb\u00f3l \u201956 jogtipr\u00f3 korszak\u00e1ra, hogy \u201eaz ember \u00fagy elaljasult, hogy \u00f6nk\u00e9nt, k\u00e9jjel \u00f6lt, nemcsak parancsra\u201d &#8211; s ezzel a gal\u00e1d \u00f6lni akar\u00e1ssal l\u0151ttek bele a fegyvertelen b\u00e9k\u00e9sen t\u00fcntet\u0151 egyetemista di\u00e1kok soraiba, ahol mint holmi j\u00e1t\u00e9k \u00f3lomkaton\u00e1k hal\u00e1losan megsebezve f\u00f6ldre buktak, s kim\u00e9letlen vad kezek mozdulat\u00e1ra, a haza leg\u00edg\u00e9retesebb ifj\u00fa \u00e9letei \u00f6r\u00f6kre a porba hulltak. Ha tov\u00e1bb olvassuk a verset, akkor igazat kell adnunk a Pr\u00e9dik\u00e1torok K\u00f6nyv\u00e9nek, mert az 1944 m\u00e1jus\u00e1ban dat\u00e1lt vers, amely a m\u00e1sodik vil\u00e1gh\u00e1bor\u00fa kor\u00e1ra esett, de semmiben sem m\u00e1s, vagyis teljesen r\u00e1illik 1956-ra, \u00e9s az azt k\u00f6vet\u0151 terror-id\u0151szakra, hiszen \u00fagyan\u00fagy m\u0171k\u00f6d\u00f6tt tov\u00e1bbra is, a versben is nyomat\u00e9kosan hangot kap\u00f3, bes\u00fag\u00e1sok, \u00e1v\u00f3s gyilkosok h\u0151ss\u00e9 avanzs\u00e1l\u00e1sa, s aki nem tapsolta meg h\u00f3h\u00e9rait, azt \u00fagy gy\u0171l\u00f6lt\u00e9k mint a versszavaival \u00e9lve, a pestisest, s a nem klakker (azaz: tapsol\u00f3) k\u00f6lt\u0151k mind az asztalfi\u00f3kjaiknak \u00edrt\u00e1k verseiket, s arra v\u00e1rtak mind, hogy a \u201erettent\u0151 szavak tud\u00f3sa \u00c9sai\u00e1s\u201c \u00fajra elj\u00f6jj\u00f6n \u00e9s megsz\u00f3laljon, hogy ism\u00e9t \u00e1tkot mondjon a velej\u00e9ig megromlott korszakra, mert... R\u00e9szletek"}