{"version":"1.0","provider_name":"Stuttgarti Katolikusok","provider_url":"https:\/\/stuttgarti-katolikusok.de","title":"Okt\u00f3ber 11 \u00e9s 17 k\u00f6z\u00f6tt - Stuttgarti Katolikusok","type":"rich","width":600,"height":338,"html":"<blockquote class=\"wp-embedded-content\" data-secret=\"vf6SZ2laz8\"><a href=\"https:\/\/stuttgarti-katolikusok.de\/index.php\/oktober-11-es-17-kozott\/\">Okt\u00f3ber 11 \u00e9s 17 k\u00f6z\u00f6tt<\/a><\/blockquote><iframe sandbox=\"allow-scripts\" security=\"restricted\" src=\"https:\/\/stuttgarti-katolikusok.de\/index.php\/oktober-11-es-17-kozott\/embed\/#?secret=vf6SZ2laz8\" width=\"600\" height=\"338\" title=\"&#8220;Okt\u00f3ber 11 \u00e9s 17 k\u00f6z\u00f6tt&#8221; &#8212; Stuttgarti Katolikusok\" data-secret=\"vf6SZ2laz8\" frameborder=\"0\" marginwidth=\"0\" marginheight=\"0\" scrolling=\"no\" class=\"wp-embedded-content\"><\/iframe><script type=\"text\/javascript\">\n\/* <![CDATA[ *\/\n\/*! This file is auto-generated *\/\n!function(d,l){\"use strict\";l.querySelector&&d.addEventListener&&\"undefined\"!=typeof URL&&(d.wp=d.wp||{},d.wp.receiveEmbedMessage||(d.wp.receiveEmbedMessage=function(e){var t=e.data;if((t||t.secret||t.message||t.value)&&!\/[^a-zA-Z0-9]\/.test(t.secret)){for(var s,r,n,a=l.querySelectorAll('iframe[data-secret=\"'+t.secret+'\"]'),o=l.querySelectorAll('blockquote[data-secret=\"'+t.secret+'\"]'),c=new RegExp(\"^https?:$\",\"i\"),i=0;i<o.length;i++)o[i].style.display=\"none\";for(i=0;i<a.length;i++)s=a[i],e.source===s.contentWindow&&(s.removeAttribute(\"style\"),\"height\"===t.message?(1e3<(r=parseInt(t.value,10))?r=1e3:~~r<200&&(r=200),s.height=r):\"link\"===t.message&&(r=new URL(s.getAttribute(\"src\")),n=new URL(t.value),c.test(n.protocol))&&n.host===r.host&&l.activeElement===s&&(d.top.location.href=t.value))}},d.addEventListener(\"message\",d.wp.receiveEmbedMessage,!1),l.addEventListener(\"DOMContentLoaded\",function(){for(var e,t,s=l.querySelectorAll(\"iframe.wp-embedded-content\"),r=0;r<s.length;r++)(t=(e=s[r]).getAttribute(\"data-secret\"))||(t=Math.random().toString(36).substring(2,12),e.src+=\"#?secret=\"+t,e.setAttribute(\"data-secret\",t)),e.contentWindow.postMessage({message:\"ready\",secret:t},\"*\")},!1)))}(window,document);\n\/\/# sourceURL=https:\/\/stuttgarti-katolikusok.de\/wp-includes\/js\/wp-embed.min.js\n\/* ]]> *\/\n<\/script>\n","thumbnail_url":"https:\/\/stuttgarti-katolikusok.de\/wp-content\/uploads\/2020\/10\/cruz-2381213_640.jpg","thumbnail_width":640,"thumbnail_height":426,"description":"Programel\u0151zetes A jelenlegi egyh\u00e1zi rendelkez\u00e9sek \u00e9rtelm\u00e9ben nem csak a szentmise tarthat\u00f3 meg. K\u00f6z\u00f6ss\u00e9gi termeinket imm\u00e1r haszn\u00e1lhatjuk, a helyi szab\u00e1lyok k\u00edn\u00e1lta lehet\u0151s\u00e9gek f\u00fcggv\u00e9ny\u00e9ben! Szentmis\u00e9n k\u00f6telez\u0151 a maszk haszn\u00e1lata, jelenl\u00e9ti lista n\u00e9vvel \u00e9s el\u00e9rhet\u0151s\u00e9ggel, kezek fert\u0151tlen\u00edt\u00e9se! \u00a0\u00a0* Okt\u00f3ber 15-\u00e9n,\u00a0p\u00e9nteken, Stuttgarti d\u00e9lut\u00e1n,\u00a0 16.30 \u00f3rakor Bar\u00e1ts\u00e1gklub, 18.00 \u00f3rakor okt\u00f3beri \u00e1jtatoss\u00e1g,\u00a0majd szentmise. \u00a0* Okt\u00f3ber 16-\u00e1n, szombaton, Heidenheimban 15.30 \u00f3rakor szentmise. Az szentmise megv\u00e1ltozott helysz\u00ednen lesz: \u00d6kumenisches Gemeindezentrum Mittelrein 89520 Heidenheim an der Brenz Hans-Thoma-Stra\u00dfe 50 \u00a0* Okt\u00f3ber 17-\u00e9n, \u00e9vk\u00f6zi 29. vas\u00e1rnap, Ludwigsburgban 9.30 \u00f3rakor szentmise, Stuttgartban Nemzeti \u00fcnnep. 12.00 \u00f3rakor \u00f6kumenikus istentisztelet. Ig\u00e9t hirdet Nt. G\u00e9mes P\u00e1l evang\u00e9likus lelk\u00e9sz. Ut\u00e1na K\u00e1pl\u00e1n Gy\u00f6rgy \u00e9nekm\u0171v\u00e9sz el\u0151ad\u00e1s\u00e1ban r\u00f6vid kult\u00farm\u0171sor. V\u00e9g\u00fcl \u00e1ll\u00f3fogad\u00e1s bent a templomban, az erre kialak\u00edtott helyen, Eislingenben 15.00 \u00f3rakor szentmise. \u00a0\u00a0\u00a0 \u00a0* Minden helyen mindenkit szeretettel v\u00e1r a k\u00f6z\u00f6ss\u00e9g \u00e9s Tibor atya! * \u201eSzeretet n\u00e9lk\u00fcl magunk sz\u00e1m\u00e1ra is csak teher vagyunk. A szeretetben viszont egym\u00e1st is tudjuk hordozni.\u201d\u00a0(Szent \u00c1goston \u2013 egyh\u00e1zatya &#8211; 354 \u2013 430) Sz\u00e9p \u0151szi napokat, j\u00f3 munk\u00e1t, tartalmas besz\u00e9lget\u00e9seket \u00e9s \u00f6r\u00f6mteli tal\u00e1lkoz\u00e1sokat k\u00edv\u00e1nunk minden kedves H\u00edv\u00fcnknek!"}