{"version":"1.0","provider_name":"Stuttgarti Katolikusok","provider_url":"https:\/\/stuttgarti-katolikusok.de","title":"November 2 \u00e9s 8 k\u00f6z\u00f6tt - Stuttgarti Katolikusok","type":"rich","width":600,"height":338,"html":"<blockquote class=\"wp-embedded-content\" data-secret=\"9B29hNE7Y6\"><a href=\"https:\/\/stuttgarti-katolikusok.de\/index.php\/november-2-es-7-kozott\/\">November 2 \u00e9s 8 k\u00f6z\u00f6tt<\/a><\/blockquote><iframe sandbox=\"allow-scripts\" security=\"restricted\" src=\"https:\/\/stuttgarti-katolikusok.de\/index.php\/november-2-es-7-kozott\/embed\/#?secret=9B29hNE7Y6\" width=\"600\" height=\"338\" title=\"&#8220;November 2 \u00e9s 8 k\u00f6z\u00f6tt&#8221; &#8212; Stuttgarti Katolikusok\" data-secret=\"9B29hNE7Y6\" frameborder=\"0\" marginwidth=\"0\" marginheight=\"0\" scrolling=\"no\" class=\"wp-embedded-content\"><\/iframe><script type=\"text\/javascript\">\n\/* <![CDATA[ *\/\n\/*! This file is auto-generated *\/\n!function(d,l){\"use strict\";l.querySelector&&d.addEventListener&&\"undefined\"!=typeof URL&&(d.wp=d.wp||{},d.wp.receiveEmbedMessage||(d.wp.receiveEmbedMessage=function(e){var t=e.data;if((t||t.secret||t.message||t.value)&&!\/[^a-zA-Z0-9]\/.test(t.secret)){for(var s,r,n,a=l.querySelectorAll('iframe[data-secret=\"'+t.secret+'\"]'),o=l.querySelectorAll('blockquote[data-secret=\"'+t.secret+'\"]'),c=new RegExp(\"^https?:$\",\"i\"),i=0;i<o.length;i++)o[i].style.display=\"none\";for(i=0;i<a.length;i++)s=a[i],e.source===s.contentWindow&&(s.removeAttribute(\"style\"),\"height\"===t.message?(1e3<(r=parseInt(t.value,10))?r=1e3:~~r<200&&(r=200),s.height=r):\"link\"===t.message&&(r=new URL(s.getAttribute(\"src\")),n=new URL(t.value),c.test(n.protocol))&&n.host===r.host&&l.activeElement===s&&(d.top.location.href=t.value))}},d.addEventListener(\"message\",d.wp.receiveEmbedMessage,!1),l.addEventListener(\"DOMContentLoaded\",function(){for(var e,t,s=l.querySelectorAll(\"iframe.wp-embedded-content\"),r=0;r<s.length;r++)(t=(e=s[r]).getAttribute(\"data-secret\"))||(t=Math.random().toString(36).substring(2,12),e.src+=\"#?secret=\"+t,e.setAttribute(\"data-secret\",t)),e.contentWindow.postMessage({message:\"ready\",secret:t},\"*\")},!1)))}(window,document);\n\/\/# sourceURL=https:\/\/stuttgarti-katolikusok.de\/wp-includes\/js\/wp-embed.min.js\n\/* ]]> *\/\n<\/script>\n","thumbnail_url":"https:\/\/stuttgarti-katolikusok.de\/wp-content\/uploads\/2020\/11\/ablak-szentek.jpg","thumbnail_width":640,"thumbnail_height":396,"description":"Programel\u0151zetes A jelenlegi egyh\u00e1zi rendelkez\u00e9sek \u00e9rtelm\u00e9ben a szentmise ut\u00e1ni \u00e1g\u00e1p\u00e9 elmarad!\u00a0\u00a0 Szentmis\u00e9n k\u00f6telez\u0151 a maszk haszn\u00e1lata, jelenl\u00e9ti lista n\u00e9vvel \u00e9s el\u00e9rhet\u0151s\u00e9ggel, kezek fert\u0151tlen\u00edt\u00e9se! * November 4-\u00e9n, szerd\u00e1n, Weingarteni d\u00e9lut\u00e1n. A 14 Nothelfer Kapelle-ben18 \u00f3rakor szentmise, keret\u00e9ben Besz\u00e9lget\u00e9sek a Katekizmusr\u00f3l. El\u0151tte r\u00f3zsaf\u00fcz\u00e9rt im\u00e1dkozunk. * November 5-\u00e9n, cs\u00fct\u00f6rt\u00f6k\u00f6n, Ulmi d\u00e9lut\u00e1n. 18.00 \u00f3rakor szentmise, el\u0151tte r\u00f3zsaf\u00fcz\u00e9rt im\u00e1dkozunk. Szentmise keret\u00e9ben Besz\u00e9lget\u00e9sek a Katekizmusr\u00f3l. * November 6-\u00e1n,\u00a0p\u00e9nteken, Stuttgartban 16.00 \u00f3rakor Bar\u00e1ts\u00e1gklub. Sajnos a k\u00f6z\u00f6ss\u00e9gi terem konyh\u00e1j\u00e1t egyel\u0151re m\u00e9g nem tudjuk haszn\u00e1lni, 18.00 \u00f3rakor\u00a0szentmise, keret\u00e9ben Besz\u00e9lget\u00e9sek a Katekizmusr\u00f3l. Szentmise ut\u00e1n imak\u00f6r. * November 7-\u00e9n, szombaton, Balingenben 17.00 \u00f3rakor szentmise. \u00a0* November 8-\u00e1n, \u00c9vk\u00f6zi 32. vas\u00e1rnap, Weingartenben, Marienkirche-ben 11.00 \u00f3rakor Szent Imre b\u00facs\u00fas szentmise, Ulmban 15.00 \u00f3rakor szentmise. * Minden helyen mindenkit szeretettel v\u00e1r a k\u00f6z\u00f6ss\u00e9g \u00e9s Tibor atya! Bens\u0151s\u00e9ges \u0151szi napokat, j\u00f3 munk\u00e1t, tartalmas besz\u00e9lget\u00e9seket \u00e9s \u00f6r\u00f6mteli tal\u00e1lkoz\u00e1sokat k\u00edv\u00e1nunk minden Kedves H\u00edv\u00fcnknek! \u201eA szent semmi m\u00e1s nem akar lenni, csak az isteni akarat puszta eszk\u00f6ze. Egyszer\u0171en ablak, amelyen kereszt\u00fcl Isten kegyelme a vil\u00e1gra ragyog.\u201d (Thomas Merton \u2013 1915-1968 \u2013 trappista szerzetes, lelkis\u00e9gi \u00edr\u00f3, k\u00f6lt\u0151) (Fot\u00f3: Pixabay)"}