{"version":"1.0","provider_name":"Stuttgarti Katolikusok","provider_url":"https:\/\/stuttgarti-katolikusok.de","title":"Nemzeti \u00d6sszetartoz\u00e1s Napja - Stuttgart - 2024. j\u00fanius 2. - Stuttgarti Katolikusok","type":"rich","width":600,"height":338,"html":"<blockquote class=\"wp-embedded-content\" data-secret=\"K5TphR6Fvb\"><a href=\"https:\/\/stuttgarti-katolikusok.de\/index.php\/nemzeti-osszetartozas-napja-stuttgart-2024-junius-2\/\">Nemzeti \u00d6sszetartoz\u00e1s Napja &#8211; Stuttgart &#8211; 2024. j\u00fanius 2.<\/a><\/blockquote><iframe sandbox=\"allow-scripts\" security=\"restricted\" src=\"https:\/\/stuttgarti-katolikusok.de\/index.php\/nemzeti-osszetartozas-napja-stuttgart-2024-junius-2\/embed\/#?secret=K5TphR6Fvb\" width=\"600\" height=\"338\" title=\"&#8220;Nemzeti \u00d6sszetartoz\u00e1s Napja &#8211; Stuttgart &#8211; 2024. j\u00fanius 2.&#8221; &#8212; Stuttgarti Katolikusok\" data-secret=\"K5TphR6Fvb\" frameborder=\"0\" marginwidth=\"0\" marginheight=\"0\" scrolling=\"no\" class=\"wp-embedded-content\"><\/iframe><script type=\"text\/javascript\">\n\/* <![CDATA[ *\/\n\/*! This file is auto-generated *\/\n!function(d,l){\"use strict\";l.querySelector&&d.addEventListener&&\"undefined\"!=typeof URL&&(d.wp=d.wp||{},d.wp.receiveEmbedMessage||(d.wp.receiveEmbedMessage=function(e){var t=e.data;if((t||t.secret||t.message||t.value)&&!\/[^a-zA-Z0-9]\/.test(t.secret)){for(var s,r,n,a=l.querySelectorAll('iframe[data-secret=\"'+t.secret+'\"]'),o=l.querySelectorAll('blockquote[data-secret=\"'+t.secret+'\"]'),c=new RegExp(\"^https?:$\",\"i\"),i=0;i<o.length;i++)o[i].style.display=\"none\";for(i=0;i<a.length;i++)s=a[i],e.source===s.contentWindow&&(s.removeAttribute(\"style\"),\"height\"===t.message?(1e3<(r=parseInt(t.value,10))?r=1e3:~~r<200&&(r=200),s.height=r):\"link\"===t.message&&(r=new URL(s.getAttribute(\"src\")),n=new URL(t.value),c.test(n.protocol))&&n.host===r.host&&l.activeElement===s&&(d.top.location.href=t.value))}},d.addEventListener(\"message\",d.wp.receiveEmbedMessage,!1),l.addEventListener(\"DOMContentLoaded\",function(){for(var e,t,s=l.querySelectorAll(\"iframe.wp-embedded-content\"),r=0;r<s.length;r++)(t=(e=s[r]).getAttribute(\"data-secret\"))||(t=Math.random().toString(36).substring(2,12),e.src+=\"#?secret=\"+t,e.setAttribute(\"data-secret\",t)),e.contentWindow.postMessage({message:\"ready\",secret:t},\"*\")},!1)))}(window,document);\n\/\/# sourceURL=https:\/\/stuttgarti-katolikusok.de\/wp-includes\/js\/wp-embed.min.js\n\/* ]]> *\/\n<\/script>\n","thumbnail_url":"https:\/\/stuttgarti-katolikusok.de\/wp-content\/uploads\/2024\/06\/img-20240603-wa0002.jpg","thumbnail_width":2000,"thumbnail_height":1125,"description":"&#8222;K\u00e9tf\u00e9le ember van ezen a vil\u00e1gon, (&#8230;) az egyik karddal farag vil\u00e1got mag\u00e1nak, a m\u00e1sik ek\u00e9vel. De a karddal faragott vil\u00e1got egy m\u00e1sik kard led\u00f6ntheti, s \u00fajj\u00e1faraghatja nagyon is gyorsan. Maradand\u00f3t csup\u00e1n az eke farag.&#8221; (Wass Albert &#8211; 1908 &#8211; 1998) A kor\u00e1bbi \u00e9vek hagyom\u00e1ny\u00e1t k\u00f6vetve, 2024. j\u00fanius 2-\u00e1n a szentmise v\u00e9gezt\u00e9vel a Szent Gell\u00e9rt Egyh\u00e1zk\u00f6zs\u00e9g k\u00f6z\u00f6sen a Stuttgarti Magyar F\u0151konzul\u00e1tussal megtartotta megeml\u00e9kez\u00e9s\u00e9t a Nemzeti \u00d6sszetartoz\u00e1s Napja alkalm\u00e1b\u00f3l. Dr. Izs\u00e1k Andr\u00e1s f\u0151konzul \u00far az \u00f6sszetartoz\u00e1s fontoss\u00e1g\u00e1r\u00f3l sz\u00f3lt, amelyet Tibor atya is kiemelt. Utal\u00e1st tett a 2023. december 17-\u00e9n megtartott &#8222;J\u00f3nak lenni j\u00f3&#8221; adom\u00e1nygy\u0171jt\u0151 akci\u00f3ra, amelybe a Baden-W\u00fcrttembergi magyars\u00e1g is bekapcsol\u00f3dott az &#8222;Egy\u00fctt j\u00f3nak lenni m\u00e9g jobb!&#8221; f\u00e9mjelezte szeretetakci\u00f3val. Vallom \u00e9n is: &#8222;Maradand\u00f3t csup\u00e1n az eke farag&#8221;. Mondhatn\u00e1m azt is, hogy az egym\u00e1ssal t\u00f6rt\u00e9n\u0151 viaskod\u00e1s felem\u00e9szti er\u0151inket, benne elfogyunk. A puszta t\u00e9ny, hogy a t\u00f6rt\u00e9nelmi Magyarorsz\u00e1g minden t\u00e1jegys\u00e9g\u00e9r\u0151l \u00e9l\u00fcnk itt, kiv\u00e1l\u00f3 lehet\u0151s\u00e9get k\u00edn\u00e1l az egys\u00e9g megtapasztal\u00e1s\u00e1ra \u00e9s meg\u00e9l\u00e9s\u00e9re. Ehhez pedig jelen\u00fcnkben minden eszk\u00f6z\u00fcnk megvan. Kiz\u00e1r\u00f3lag rajtam m\u00falik, hogy karddal vagy ek\u00e9vel \u00e9p\u00edtek vil\u00e1got. Ezt sohasem szabad elfelednem. Term\u00e9szetesen k\u00f6sz\u00f6net H\u00e4fner Geiger Ildik\u00f3 egyh\u00e1zzen\u00e9sznek k\u00f6zrem\u0171k\u00f6d\u00e9s\u00e9\u00e9rt. Tov\u00e1bb\u00e1 G\u00e1l Zs\u00f3fia egyh\u00e1ztan\u00e1csosunknak, aki mint mindig, most is nagy gonddal \u00e9s odaad\u00e1ssal d\u00edsz\u00edtette \u00e9s k\u00e9sz\u00edtette el\u0151 templomunkat mind a szentmis\u00e9re, mind a megeml\u00e9kez\u00e9sre. Term\u00e9szetesen ez alkalommal is D\u00e1vid Ferenc bar\u00e1tom \u00e9s h\u00edv\u00fcnk v\u00e1llalta, hogy r\u00f6gz\u00edti mind a szentmis\u00e9t, mind az \u00fcnnepi megeml\u00e9kez\u00e9st. K\u00f6sz\u00f6net az \u00f6nk\u00e9ntes seg\u00e9dkez\u0151knek, akik a megeml\u00e9kez\u00e9st k\u00f6vet\u0151 agap\u00e9ban ny\u00fajtottak seg\u00edt\u0151 kezet. &#8222;Egy\u00fctt er\u0151 vagyunk, szertesz\u00e9t gy\u00f6nges\u00e9g.&#8221; (Wass Albert). Stuttgart, 2024. j\u00fanius 4. Merl\u00e1s Tibor, a Szent Gell\u00e9rt Egyh\u00e1zk\u00f6zs\u00e9g pl\u00e9b\u00e1nosa ***** You are currently viewing a placeholder content from YouTube. To access the actual content, click the button below. Please note that doing so will share data with third-party providers. More Information Unblock content Accept required service and unblock content"}