{"version":"1.0","provider_name":"Stuttgarti Katolikusok","provider_url":"https:\/\/stuttgarti-katolikusok.de","title":"Nem vagy nincstelen! - Stuttgarti Katolikusok","type":"rich","width":600,"height":338,"html":"<blockquote class=\"wp-embedded-content\" data-secret=\"WW71GH2AUg\"><a href=\"https:\/\/stuttgarti-katolikusok.de\/index.php\/nem-vagy-nincstelen\/\">Nem vagy nincstelen!<\/a><\/blockquote><iframe sandbox=\"allow-scripts\" security=\"restricted\" src=\"https:\/\/stuttgarti-katolikusok.de\/index.php\/nem-vagy-nincstelen\/embed\/#?secret=WW71GH2AUg\" width=\"600\" height=\"338\" title=\"&#8220;Nem vagy nincstelen!&#8221; &#8212; Stuttgarti Katolikusok\" data-secret=\"WW71GH2AUg\" frameborder=\"0\" marginwidth=\"0\" marginheight=\"0\" scrolling=\"no\" class=\"wp-embedded-content\"><\/iframe><script type=\"text\/javascript\">\n\/* <![CDATA[ *\/\n\/*! This file is auto-generated *\/\n!function(d,l){\"use strict\";l.querySelector&&d.addEventListener&&\"undefined\"!=typeof URL&&(d.wp=d.wp||{},d.wp.receiveEmbedMessage||(d.wp.receiveEmbedMessage=function(e){var t=e.data;if((t||t.secret||t.message||t.value)&&!\/[^a-zA-Z0-9]\/.test(t.secret)){for(var s,r,n,a=l.querySelectorAll('iframe[data-secret=\"'+t.secret+'\"]'),o=l.querySelectorAll('blockquote[data-secret=\"'+t.secret+'\"]'),c=new RegExp(\"^https?:$\",\"i\"),i=0;i<o.length;i++)o[i].style.display=\"none\";for(i=0;i<a.length;i++)s=a[i],e.source===s.contentWindow&&(s.removeAttribute(\"style\"),\"height\"===t.message?(1e3<(r=parseInt(t.value,10))?r=1e3:~~r<200&&(r=200),s.height=r):\"link\"===t.message&&(r=new URL(s.getAttribute(\"src\")),n=new URL(t.value),c.test(n.protocol))&&n.host===r.host&&l.activeElement===s&&(d.top.location.href=t.value))}},d.addEventListener(\"message\",d.wp.receiveEmbedMessage,!1),l.addEventListener(\"DOMContentLoaded\",function(){for(var e,t,s=l.querySelectorAll(\"iframe.wp-embedded-content\"),r=0;r<s.length;r++)(t=(e=s[r]).getAttribute(\"data-secret\"))||(t=Math.random().toString(36).substring(2,12),e.src+=\"#?secret=\"+t,e.setAttribute(\"data-secret\",t)),e.contentWindow.postMessage({message:\"ready\",secret:t},\"*\")},!1)))}(window,document);\n\/\/# sourceURL=https:\/\/stuttgarti-katolikusok.de\/wp-includes\/js\/wp-embed.min.js\n\/* ]]> *\/\n<\/script>\n","description":"Nem vagy nincstelen! Amikor feles\u00e9ge megtudta, hogy gy\u00f3gy\u00edthatatlan izomsorvad\u00e1sa (MS) van, elhagyta. \u0150 akkor addig ivott egyfolyt\u00e1ban, am\u00edg h\u00e1rom h\u00f3nap ut\u00e1n meg nem \u00e9rkezett a tol\u00f3kocsija. Majd egy \u00e1ll\u00f3 h\u00e9tig n\u00e9zte, de nem tudott vele megbar\u00e1tkozni.\u00a0 V\u00e9g\u00fcl egy k\u00fcl\u00f6n\u00f6s \u00e9lm\u00e9ny emelte ki az \u00f6nsajn\u00e1lat k\u00e1tyuj\u00e1b\u00f3l: tal\u00e1lkozott egy n\u00e1la szerencs\u00e9tlenebbel, aki nem adta fel\u2026 Ekkor elhat\u00e1rozta, hogy \u0151 is talpra \u00e1ll.\u00a0 Lelkileg. A tol\u00f3kocsija lett a \u201elegszorosabb\u201c bar\u00e1tja. Mivel l\u00e1bizmai egyre ink\u00e1bb elsorvadtak, kez\u00e9vel tanulta meg hajtani a kerekeit. Majd bel\u00e9pett a fogyat\u00e9kosak egyes\u00fclet\u00e9be. A k\u00fcl\u00f6nb\u00f6z\u0151 versenyeket egy id\u0151 ut\u00e1n\u00a0 majd mindig az els\u0151 helyen v\u00e9gezte&#8230; Amikor Stuttgartba \u00e9rkeztem s megismerkedtem vele, m\u00e1r t\u00fal volt a nehez\u00e9n. Minden reggel hatkor kel, elk\u00e9sz\u00edti mag\u00e1t \u00e9s 8 \u00f3rakor indul \u201e\u00fatj\u00e1ra\u201c. Mert \u00fatvonala van. Els\u0151 \u00e1llom\u00e1sa a k\u00e9t sarokkal od\u00e9bb nyit\u00f3 kenyeresbolt. Ott elbesz\u00e9lget a tulajjal, az alkalmazottakkal, megv\u00e1rja nyugd\u00edjas bar\u00e1tait, akikkel azt\u00e1n egy\u00fctt reggelizik. Majd a gy\u00f3gyszer\u00e9szt l\u00e1togatja meg. Vele is besz\u00e9lget. Onnan a Supermarketbe megy. Nem, nem v\u00e1s\u00e1rol semmit, hanem ott is vannak ismer\u0151sei, bar\u00e1tai, akikkel sz\u00f3t \u00e9s eszm\u00e9t v\u00e1lt, megh\u00e1nyja-veti a vil\u00e1g dolgait \u2013 \u00e9s k\u00f6zben minden\u00fctt viccel, adom\u00e1zik, harsog\u00f3an nevet. V\u00e9g\u00fcl 11 \u00f3ra k\u00f6r\u00fcl hazafel\u00e9 indul, hogy eb\u00e9det k\u00e9sz\u00edtsen mag\u00e1nak. Eb\u00e9d ut\u00e1n lepihen, majd k\u00e9s\u0151 d\u00e9lut\u00e1n ism\u00e9t v\u00e9gigj\u00e1rja ismer\u0151seit \u00e9s bar\u00e1tait. Minden nap! Tavaly h\u00e1zszentel\u00e9skor l\u00e1ttam, hogy nagyon szomor\u00fa. K\u00e9rd\u00e9semre elmondta, hogy ez\u00fattal egy r\u00e1kos daganatot fedeztek fel n\u00e1la. R\u00e9gi \u00edg\u00e9retemet, miszerint sz\u00edvesen bev\u00e1s\u00e1rlok vagy elviszem, ahova csak akarja, meg\u00faj\u00edtottam, majd azt mondtam neki: \u201eIm\u00e1dkozom mag\u00e1\u00e9rt!\u201d Megk\u00f6sz\u00f6nte. Akkor mondta el azt is, hogy gyermek- \u00e9s fiatalkor\u00e1ban gyakorl\u00f3 katolikus volt, s b\u00e1r a fiatal \u00e9let boh\u00f3s\u00e1gai messze vitt\u00e9k a templomt\u00f3l, ma is hisz az ima erej\u00e9ben! Oper\u00e1ci\u00f3ja nem \u00fagy siker\u00fclt, ahogyan rem\u00e9nykedt\u00fcnk benne&#8230; De nem t\u00f6rt le. Vagy legal\u00e1bbis nem mutatta&#8230; Tov\u00e1bb im\u00e1dkoztunk&#8230; Ketten&#8230; Minden nap&#8230; Miel\u0151tt \u00e9n is elsz\u00e1ntam volna magam egy neh\u00e9z m\u0171t\u00e9tre, \u00e9pp \u00f6sszefutottunk. Mivel ez\u00fattal is az... R\u00e9szletek"}