{"version":"1.0","provider_name":"Stuttgarti Katolikusok","provider_url":"https:\/\/stuttgarti-katolikusok.de","title":"\u201eNe f\u00e9lj ..., mert veled vagyok, \u00e9s megoltalmazlak...\u201d - Stuttgarti Katolikusok","type":"rich","width":600,"height":338,"html":"<blockquote class=\"wp-embedded-content\" data-secret=\"pAFANzdRVU\"><a href=\"https:\/\/stuttgarti-katolikusok.de\/index.php\/ne-felj-mert-veled-vagyok-es-megoltalmazlak\/\">\u201eNe f\u00e9lj &#8230;, mert veled vagyok, \u00e9s megoltalmazlak&#8230;\u201d<\/a><\/blockquote><iframe sandbox=\"allow-scripts\" security=\"restricted\" src=\"https:\/\/stuttgarti-katolikusok.de\/index.php\/ne-felj-mert-veled-vagyok-es-megoltalmazlak\/embed\/#?secret=pAFANzdRVU\" width=\"600\" height=\"338\" title=\"&#8220;\u201eNe f\u00e9lj &#8230;, mert veled vagyok, \u00e9s megoltalmazlak&#8230;\u201d&#8221; &#8212; Stuttgarti Katolikusok\" data-secret=\"pAFANzdRVU\" frameborder=\"0\" marginwidth=\"0\" marginheight=\"0\" scrolling=\"no\" class=\"wp-embedded-content\"><\/iframe><script type=\"text\/javascript\">\n\/* <![CDATA[ *\/\n\/*! This file is auto-generated *\/\n!function(d,l){\"use strict\";l.querySelector&&d.addEventListener&&\"undefined\"!=typeof URL&&(d.wp=d.wp||{},d.wp.receiveEmbedMessage||(d.wp.receiveEmbedMessage=function(e){var t=e.data;if((t||t.secret||t.message||t.value)&&!\/[^a-zA-Z0-9]\/.test(t.secret)){for(var s,r,n,a=l.querySelectorAll('iframe[data-secret=\"'+t.secret+'\"]'),o=l.querySelectorAll('blockquote[data-secret=\"'+t.secret+'\"]'),c=new RegExp(\"^https?:$\",\"i\"),i=0;i<o.length;i++)o[i].style.display=\"none\";for(i=0;i<a.length;i++)s=a[i],e.source===s.contentWindow&&(s.removeAttribute(\"style\"),\"height\"===t.message?(1e3<(r=parseInt(t.value,10))?r=1e3:~~r<200&&(r=200),s.height=r):\"link\"===t.message&&(r=new URL(s.getAttribute(\"src\")),n=new URL(t.value),c.test(n.protocol))&&n.host===r.host&&l.activeElement===s&&(d.top.location.href=t.value))}},d.addEventListener(\"message\",d.wp.receiveEmbedMessage,!1),l.addEventListener(\"DOMContentLoaded\",function(){for(var e,t,s=l.querySelectorAll(\"iframe.wp-embedded-content\"),r=0;r<s.length;r++)(t=(e=s[r]).getAttribute(\"data-secret\"))||(t=Math.random().toString(36).substring(2,12),e.src+=\"#?secret=\"+t,e.setAttribute(\"data-secret\",t)),e.contentWindow.postMessage({message:\"ready\",secret:t},\"*\")},!1)))}(window,document);\n\/\/# sourceURL=https:\/\/stuttgarti-katolikusok.de\/wp-includes\/js\/wp-embed.min.js\n\/* ]]> *\/\n<\/script>\n","description":"Tegnap ism\u00e9t elj\u00f6tt\u00e9l. Hossz\u00fa napod volt, mondod, \u00e9s \u00fajabban &#8211; f\u00e9lsz. Szemeden is l\u00e1tom&#8230; Nem is csoda, hisz ez a menek\u00fclt-\u00e1radat valahol m\u00e9lyen mindenkiben f\u00e9lelmet kelt, m\u00e1sr\u00e9szt Te nyakig benne vagy, hisz munk\u00e1d \u00e9pp vel\u00fck (is) kapcsolatos&#8230; Mes\u00e9lem is Neked, hogy nem Te vagy az egyetlen, aki f\u00e9l, annyi \u00e9s annyi ember keres, k\u00e9rdez engem is&#8230; Mindegyik\u00fck szav\u00e1ban ott bujk\u00e1l az agg\u00f3d\u00e1s, az ijeszt\u0151 f\u00e9lelem: Mi lesz vel\u00fck? Mi lesz vel\u00fcnk? &nbsp; Azt\u00e1n, mondod tov\u00e1bb, a mindennapok szok\u00e1sos szorong\u00e1sa is benned vacog: Mi lesz velem?&#8230; &nbsp; Nem csoda, hogy f\u00e9lsz&#8230; Mostans\u00e1g m\u00e9g \u00e9n is f\u00e9lek, csak nem vallom be&#8230; &nbsp; Ehelyett a Szent\u00edr\u00e1st id\u00e9zem Neked (\u00e9s magamnak is). Amikor megsz\u00fclett\u00e9l, Isten v\u00e1lladra tette a kez\u00e9t, \u00e9s azt mondta Neked: \u201eNe f\u00e9lj &#8230;, mert veled vagyok, \u00e9s megoltalmazlak \u2013 az \u00dar mondja ezt neked.\u201d (Jeremi\u00e1s K\u00f6nyve 1,8) &nbsp; Ha n\u00e9ha ilyen nagy egzisztenci\u00e1lis f\u00e9lelmeid vannak, mint most is, akkor mer\u00edts er\u0151t ezekb\u0151l a szavakb\u00f3l: \u201eNe f\u00e9lj &#8230;, mert veled vagyok, \u00e9s megoltalmazlak&#8230;\u201d &nbsp; Ha s\u00f6t\u00e9ts\u00e9g borul r\u00e1d \u00e9s bizonytalann\u00e1 v\u00e1lik a k\u00f6vetkez\u0151 l\u00e9p\u00e9s, akkor is gondolj erre: \u201eNe f\u00e9lj &#8230;, mert veled vagyok, \u00e9s megoltalmazlak&#8230;\u201d &nbsp; Ha hirtelen k\u00f6d vesz k\u00f6r\u00fcl \u00e9s elvesz\u00edted az ir\u00e1nyt, akkor is kapaszkodj ebbe a mondatba: \u201eNe f\u00e9lj &#8230;, mert veled vagyok, \u00e9s megoltalmazlak&#8230;\u201d &nbsp; Ha n\u00e9ha elt\u00e9vedsz az \u00e9let \u00fatj\u00e1n, vagy zs\u00e1kutc\u00e1ba ker\u00fclsz, akkor jusson eszedbe: \u201eNe f\u00e9lj &#8230;, mert veled vagyok, \u00e9s megoltalmazlak&#8230;\u201d \u00a0 Ha bar\u00e1taid cserben hagynak, akkor ebb\u0151l a mondatb\u00f3l mer\u00edts er\u0151t: \u201eNe f\u00e9lj &#8230;, mert veled vagyok, \u00e9s megoltalmazlak&#8230;\u201d &nbsp; Ha az az \u00e9rz\u00e9sed, hogy benned \u00e9s k\u00f6r\u00fcl\u00f6tted a semmi t\u00e1tong, akkor is \u00e9rv\u00e9nyes az \u00dar szava: \u201eNe f\u00e9lj &#8230;, mert veled vagyok, \u00e9s megoltalmazlak&#8230;\u201d &nbsp; Ha k\u00e9tely mer\u00fclne fel benned, hogy van-e m\u00e9g rokon-l\u00e9lek, egy\u00fctt\u00e9rz\u0151 bar\u00e1t, vagy embert\u00e1rs, akkor is erre gondolj: \u201eNe f\u00e9lj &#8230;, mert veled vagyok, \u00e9s megoltalmazlak&#8230;\u201d... R\u00e9szletek"}