{"version":"1.0","provider_name":"Stuttgarti Katolikusok","provider_url":"https:\/\/stuttgarti-katolikusok.de","title":"Nagyp\u00e9ntek - Stuttgarti Katolikusok","type":"rich","width":600,"height":338,"html":"<blockquote class=\"wp-embedded-content\" data-secret=\"tmCoZMHTyA\"><a href=\"https:\/\/stuttgarti-katolikusok.de\/index.php\/nagypentek\/\">Nagyp\u00e9ntek<\/a><\/blockquote><iframe sandbox=\"allow-scripts\" security=\"restricted\" src=\"https:\/\/stuttgarti-katolikusok.de\/index.php\/nagypentek\/embed\/#?secret=tmCoZMHTyA\" width=\"600\" height=\"338\" title=\"&#8220;Nagyp\u00e9ntek&#8221; &#8212; Stuttgarti Katolikusok\" data-secret=\"tmCoZMHTyA\" frameborder=\"0\" marginwidth=\"0\" marginheight=\"0\" scrolling=\"no\" class=\"wp-embedded-content\"><\/iframe><script type=\"text\/javascript\">\n\/* <![CDATA[ *\/\n\/*! This file is auto-generated *\/\n!function(d,l){\"use strict\";l.querySelector&&d.addEventListener&&\"undefined\"!=typeof URL&&(d.wp=d.wp||{},d.wp.receiveEmbedMessage||(d.wp.receiveEmbedMessage=function(e){var t=e.data;if((t||t.secret||t.message||t.value)&&!\/[^a-zA-Z0-9]\/.test(t.secret)){for(var s,r,n,a=l.querySelectorAll('iframe[data-secret=\"'+t.secret+'\"]'),o=l.querySelectorAll('blockquote[data-secret=\"'+t.secret+'\"]'),c=new RegExp(\"^https?:$\",\"i\"),i=0;i<o.length;i++)o[i].style.display=\"none\";for(i=0;i<a.length;i++)s=a[i],e.source===s.contentWindow&&(s.removeAttribute(\"style\"),\"height\"===t.message?(1e3<(r=parseInt(t.value,10))?r=1e3:~~r<200&&(r=200),s.height=r):\"link\"===t.message&&(r=new URL(s.getAttribute(\"src\")),n=new URL(t.value),c.test(n.protocol))&&n.host===r.host&&l.activeElement===s&&(d.top.location.href=t.value))}},d.addEventListener(\"message\",d.wp.receiveEmbedMessage,!1),l.addEventListener(\"DOMContentLoaded\",function(){for(var e,t,s=l.querySelectorAll(\"iframe.wp-embedded-content\"),r=0;r<s.length;r++)(t=(e=s[r]).getAttribute(\"data-secret\"))||(t=Math.random().toString(36).substring(2,12),e.src+=\"#?secret=\"+t,e.setAttribute(\"data-secret\",t)),e.contentWindow.postMessage({message:\"ready\",secret:t},\"*\")},!1)))}(window,document);\n\/\/# sourceURL=https:\/\/stuttgarti-katolikusok.de\/wp-includes\/js\/wp-embed.min.js\n\/* ]]> *\/\n<\/script>\n","thumbnail_url":"https:\/\/stuttgarti-katolikusok.de\/wp-content\/uploads\/2021\/04\/nagycsutortok2.jpg","thumbnail_width":900,"thumbnail_height":600,"description":"\u00a0 \u00a0A nagyp\u00e9nteki liturgia Urunk szenved\u00e9s\u00e9nek \u00e9s hal\u00e1l\u00e1nak a meg\u00fcnnepl\u00e9se. Ez az istentisztelet eg\u00e9szen m\u00e1s, mint a t\u00f6bbi, amelyet az egyh\u00e1zi \u00e9v sor\u00e1n \u00fcnnepl\u00fcnk.\u00a0 Ez\u00e9rt hadd vezessem be egy p\u00e1r sz\u00f3val. \u00a0 \u00a0Urunk k\u00ednszenved\u00e9s\u00e9nek \u00e9s hal\u00e1l\u00e1nak napj\u00e1n nincsen szentmise. A mai napon a kereszt\u00e1ldozatra, az \u00dajsz\u00f6vets\u00e9g egyetlen \u00e1ldozat\u00e1ra eml\u00e9kez\u00fcnk. Ma nem az \u00f6r\u00f6m, ker\u00fcl el\u0151t\u00e9rbe, hanem az a dr\u00e1ga \u00e1r, amivel Urunk J\u00e9zus megszerezte nek\u00fcnk az \u00fcdv\u00f6ss\u00e9get. Ez\u00e9rt hallgatnak a harangok, ez\u00e9rt \u00f6lt piros sz\u00ednt a liturgia. \u00a0 \u00a0A mai nap szertart\u00e1sa er\u0151teljes, a l\u00e9nyegre figyelmeztet\u0151 jelk\u00e9peket haszn\u00e1l. A csendes bevonul\u00e1s ut\u00e1n a pap arcra borul a kereszt el\u0151tt, a h\u00f3dolatnak, a mindenek felett \u00e1ll\u00f3 tiszteletnek jelek\u00e9nt, mik\u00f6zben valamennyien let\u00e9rdel\u00fcnk. A szertart\u00e1s elej\u00e9n elmarad a keresztvet\u00e9s, nincsen k\u00f6sz\u00f6nt\u00e9s sem. Egy r\u00f6vid k\u00f6ny\u00f6rg\u00e9sben Isten irgalmass\u00e1g\u00e1\u00e9rt folyamodunk. A k\u00f6ny\u00f6rg\u00e9s ut\u00e1n k\u00e9t olvasm\u00e1ny k\u00f6vetkezik, majd Urunk k\u00ednszenved\u00e9se Szent J\u00e1nos evang\u00e9liuma szerint. Az igeliturgia a nagyp\u00e9nteki egyetemes k\u00f6ny\u00f6rg\u00e9sekkel v\u00e9gz\u0151dik. \u00a0 \u00a0Ut\u00e1na k\u00f6vetkezik a Szent Kereszt el\u0151tti h\u00f3dolat: a lepellel bor\u00edtott keresztet k\u00f6rmenetben behozzuk, az olt\u00e1r el\u0151tt leleplezz\u00fck, fel\u00e1ll\u00edtjuk, hogy mindenki kifejezhesse el\u0151tte h\u00f3dolat\u00e1t. \u00a0 \u00a0A mai liturgia egy egyszer\u0171 szent\u00e1ldoz\u00e1ssal v\u00e9gz\u0151dik&#8230; OLVASM\u00c1NY Izaj\u00e1s pr\u00f3f\u00e9ta k\u00f6nyv\u00e9b\u0151l (Iz 52,13\u201353,12) A mi b\u0171neink\u00e9rt sz\u00fart\u00e1k \u00e1t. \u00cdgy sz\u00f3l az \u00dar: \u00cdme, szolg\u00e1m diadalmaskodik, f\u00f6ns\u00e9ges lesz \u00e9s felmagasztalj\u00e1k, \u00e9s nagy dics\u0151s\u00e9gre emelkedik. Amint sokan elborzadtak l\u00e1tt\u00e1n \u2013 hisz oly dicstelennek l\u00e1tszott, \u00e9s alig volt emberi \u00e1br\u00e1zata \u2013, \u00fagy fog majd sok nemzet \u00e1mulni rajta, \u00e9s kir\u00e1lyok n\u00e9mulnak el sz\u00edne el\u0151tt. Mert olyasmit fognak l\u00e1tni, amilyet m\u00e9g sohasem hirdettek nekik, \u00e9s olyan dolognak lesznek tan\u00fai, amilyenr\u0151l addig soha nem hallottak. Ki hitt abban, amit hallottunk, \u00e9s az \u00dar karja ki el\u0151tt nyilv\u00e1nult meg? \u00dagy n\u0151tt f\u00f6l el\u0151tt\u00fcnk, mint a hajt\u00e1s, \u00e9s mint a gy\u00f6k\u00e9r a szomjas f\u00f6ldb\u0151l. Nem volt sem sz\u00e9p, sem \u00e9kes, hogy sz\u00edvesen n\u00e9zz\u00fck \u0151t, a k\u00fclsej\u00e9re n\u00e9zve nem volt vonz\u00f3. Megvetett volt, utols\u00f3 az emberek k\u00f6z\u00f6tt, a... R\u00e9szletek"}