{"version":"1.0","provider_name":"Stuttgarti Katolikusok","provider_url":"https:\/\/stuttgarti-katolikusok.de","title":"Nagyheti \u00e9s H\u00fasv\u00e9ti \u00fcnnepl\u00e9s\u00fcnk - Stuttgarti Katolikusok","type":"rich","width":600,"height":338,"html":"<blockquote class=\"wp-embedded-content\" data-secret=\"jARW2ra91y\"><a href=\"https:\/\/stuttgarti-katolikusok.de\/index.php\/nagyheti-es-husveti-unneplesunk-vegleges\/\">Nagyheti \u00e9s H\u00fasv\u00e9ti \u00fcnnepl\u00e9s\u00fcnk<\/a><\/blockquote><iframe sandbox=\"allow-scripts\" security=\"restricted\" src=\"https:\/\/stuttgarti-katolikusok.de\/index.php\/nagyheti-es-husveti-unneplesunk-vegleges\/embed\/#?secret=jARW2ra91y\" width=\"600\" height=\"338\" title=\"&#8220;Nagyheti \u00e9s H\u00fasv\u00e9ti \u00fcnnepl\u00e9s\u00fcnk&#8221; &#8212; Stuttgarti Katolikusok\" data-secret=\"jARW2ra91y\" frameborder=\"0\" marginwidth=\"0\" marginheight=\"0\" scrolling=\"no\" class=\"wp-embedded-content\"><\/iframe><script type=\"text\/javascript\">\n\/* <![CDATA[ *\/\n\/*! This file is auto-generated *\/\n!function(d,l){\"use strict\";l.querySelector&&d.addEventListener&&\"undefined\"!=typeof URL&&(d.wp=d.wp||{},d.wp.receiveEmbedMessage||(d.wp.receiveEmbedMessage=function(e){var t=e.data;if((t||t.secret||t.message||t.value)&&!\/[^a-zA-Z0-9]\/.test(t.secret)){for(var s,r,n,a=l.querySelectorAll('iframe[data-secret=\"'+t.secret+'\"]'),o=l.querySelectorAll('blockquote[data-secret=\"'+t.secret+'\"]'),c=new RegExp(\"^https?:$\",\"i\"),i=0;i<o.length;i++)o[i].style.display=\"none\";for(i=0;i<a.length;i++)s=a[i],e.source===s.contentWindow&&(s.removeAttribute(\"style\"),\"height\"===t.message?(1e3<(r=parseInt(t.value,10))?r=1e3:~~r<200&&(r=200),s.height=r):\"link\"===t.message&&(r=new URL(s.getAttribute(\"src\")),n=new URL(t.value),c.test(n.protocol))&&n.host===r.host&&l.activeElement===s&&(d.top.location.href=t.value))}},d.addEventListener(\"message\",d.wp.receiveEmbedMessage,!1),l.addEventListener(\"DOMContentLoaded\",function(){for(var e,t,s=l.querySelectorAll(\"iframe.wp-embedded-content\"),r=0;r<s.length;r++)(t=(e=s[r]).getAttribute(\"data-secret\"))||(t=Math.random().toString(36).substring(2,12),e.src+=\"#?secret=\"+t,e.setAttribute(\"data-secret\",t)),e.contentWindow.postMessage({message:\"ready\",secret:t},\"*\")},!1)))}(window,document);\n\/\/# sourceURL=https:\/\/stuttgarti-katolikusok.de\/wp-includes\/js\/wp-embed.min.js\n\/* ]]> *\/\n<\/script>\n","thumbnail_url":"https:\/\/stuttgarti-katolikusok.de\/wp-content\/uploads\/2021\/03\/jesus-4779543-1280.jpg","thumbnail_width":1280,"thumbnail_height":723,"description":"NAGYHETI \u00c9S H\u00daSV\u00c9TI \u00dcNNEPL\u00c9S\u00dcNK Egy \u00e9vvel kor\u00e1bban seg\u00e9danyagot igyekezt\u00fcnk rendelkez\u00e9setekre bocs\u00e1jtani Imre aty\u00e1val egy\u00fctt. Id\u0151 k\u00f6zben mindannyian hossz\u00fa utat tett\u00fcnk meg. \u00c9ppen ez\u00e9rt arra gondoltam, hogy hasznos seg\u00edts\u00e9g lesz, ha \u00fajra ell\u00e1togatunk arra az oldalra \u00e9s haszonnal forgatjuk majd az ottani im\u00e1ds\u00e1gokat, szertart\u00e1sokat. Fogadj\u00e1tok ezeket a sorokat szeretettel. A fontos inform\u00e1ci\u00f3kon t\u00fal ugyanis sok-sok szertart\u00e1st, im\u00e1t, \u00e9neket, szent\u00edr\u00e1si olvasm\u00e1nyt is tartalmaznak, amelyek nem csak arra val\u00f3k, hogy egy\u00e9nileg belekapcsol\u00f3djatok a szent napok szertart\u00e1saiba \u00e9s \u00edgy egy r\u00e9gebbi, de nagyon igaz \u00e9s tal\u00e1l\u00f3 kifejez\u00e9ssel megszent\u00fcljetek, hanem arra is \u2013 hisz otthon a csal\u00e1dban v\u00e9gzitek -, hogy az \u00fagynevezett csal\u00e1degyh\u00e1zaitokat er\u0151s\u00edts\u00e9k! Ha elolvast\u00e1tok, nyomtass\u00e1tok vagy nyomtattass\u00e1tok ki magatoknak, minden napra lebontva, s a megfelel\u0151 napokon majd \u00a0haszn\u00e1lj\u00e1tok lelketek jav\u00e1ra! Kezdj\u00fck h\u00e1t! \u00a0 VIR\u00c1GVAS\u00c1RNAP A vir\u00e1gvas\u00e1rnapi szentmise 12.00 \u00f3rakor lesz Stuttgartban, amelyet vissza is lehet n\u00e9zni Egyh\u00e1zk\u00f6zs\u00e9g\u00fcnk facebook-os oldal\u00e1n. Ha nem lenne r\u00e1 lehet\u0151s\u00e9getek, vagy m\u00e1sutt sem tal\u00e1ltok magyar csatorn\u00e1t, amelyen szentmis\u00e9n vehetn\u00e9tek r\u00e9szt, akkor a nap folyam\u00e1n valamikor, amikor egy\u00fctt vagytok, a k\u00f6vetkez\u0151 szertart\u00e1st v\u00e9gezz\u00e9tek el. \u00a0 El\u0151tte k\u00e9sz\u00edtsetek egy asztalra \u00e1ll\u00edthat\u00f3 keresztet. Vegyetek 4 gyerty\u00e1t, gondoskodjatok gyertyatart\u00f3kr\u00f3l (lehet 4 poh\u00e1r). Ah\u00e1ny gyermek van, annyi kis feh\u00e9r kend\u0151t k\u00e9sz\u00edtsetek el\u0151, amelyeket majd a fesz\u00fclet el\u00e9 ter\u00edtenek. V\u00e1gjatok el\u0151tte z\u00f6ld, vir\u00e1gos \u00e1gakat (pl. bark\u00e1t), hogy egy p\u00e1rat mindenki k\u00e9zbe vehessen bel\u0151le. Legyen a kezetekbe a Hozsanna \u00e9nekesk\u00f6nyv\u00fcnk, \u00e9s egy Szent\u00edr\u00e1s. El\u0151im\u00e1dkoz\u00f3: Az Atya, a Fi\u00fa \u00e9s a Szentl\u00e9lek nev\u00e9ben. Mind: \u00c1men. E: Szeretteim!\u00a0 A Nagyb\u00f6jt eleje \u00f3ta sz\u00edv\u00fcnket b\u0171nb\u00e1nattal \u00e9s j\u00f3cselekedetekkel m\u00e1r el\u0151k\u00e9sz\u00edtett\u00fck. Most az\u00e9rt j\u00f6tt \u00f6ssze a mi kis csal\u00e1dunk, hogy minden kereszt\u00e9ny testv\u00e9r\u00fcnkkel egy\u00fctt el\u0151re \u00e1t\u00e9lj\u00fck Urunk h\u00fasv\u00e9ti miszt\u00e9rium\u00e1t, vagyis szenved\u00e9s\u00e9t \u00e9s felt\u00e1mad\u00e1s\u00e1t. \u0150 ugyanis ezt a miszt\u00e9riumot akarta beteljes\u00edteni, amikor f\u00f6lment v\u00e1ros\u00e1ba, Jeruzs\u00e1lembe. Sz\u00edv\u00fcnk \u00e9l\u0151 hit\u00e9vel \u00e9s odaad\u00e1s\u00e1val eml\u00e9kez\u00fcnk meg err\u0151l az \u00fcdv\u00f6ss\u00e9gszerz\u0151 bevonul\u00e1sr\u00f3l. L\u00e9pj\u00fcnk mi is az \u00dar nyom\u00e1ba, hogy amint kegyelm\u00e9b\u0151l t\u00e1rsai vagyunk a kereszthordoz\u00e1sban, ugyan\u00fagy felt\u00e1mad\u00e1s\u00e1nak \u00e9s... R\u00e9szletek"}