{"version":"1.0","provider_name":"Stuttgarti Katolikusok","provider_url":"https:\/\/stuttgarti-katolikusok.de","title":"Nagyheti \u00e9s H\u00fasv\u00e9ti \u00fcnnepl\u00e9s\u00fcnk - Stuttgarti Katolikusok","type":"rich","width":600,"height":338,"html":"<blockquote class=\"wp-embedded-content\" data-secret=\"UtE6CGpMX7\"><a href=\"https:\/\/stuttgarti-katolikusok.de\/index.php\/nagyheti-es-husveti-unneplesunk\/\">Nagyheti \u00e9s H\u00fasv\u00e9ti \u00fcnnepl\u00e9s\u00fcnk<\/a><\/blockquote><iframe sandbox=\"allow-scripts\" security=\"restricted\" src=\"https:\/\/stuttgarti-katolikusok.de\/index.php\/nagyheti-es-husveti-unneplesunk\/embed\/#?secret=UtE6CGpMX7\" width=\"600\" height=\"338\" title=\"&#8220;Nagyheti \u00e9s H\u00fasv\u00e9ti \u00fcnnepl\u00e9s\u00fcnk&#8221; &#8212; Stuttgarti Katolikusok\" data-secret=\"UtE6CGpMX7\" frameborder=\"0\" marginwidth=\"0\" marginheight=\"0\" scrolling=\"no\" class=\"wp-embedded-content\"><\/iframe><script type=\"text\/javascript\">\n\/* <![CDATA[ *\/\n\/*! This file is auto-generated *\/\n!function(d,l){\"use strict\";l.querySelector&&d.addEventListener&&\"undefined\"!=typeof URL&&(d.wp=d.wp||{},d.wp.receiveEmbedMessage||(d.wp.receiveEmbedMessage=function(e){var t=e.data;if((t||t.secret||t.message||t.value)&&!\/[^a-zA-Z0-9]\/.test(t.secret)){for(var s,r,n,a=l.querySelectorAll('iframe[data-secret=\"'+t.secret+'\"]'),o=l.querySelectorAll('blockquote[data-secret=\"'+t.secret+'\"]'),c=new RegExp(\"^https?:$\",\"i\"),i=0;i<o.length;i++)o[i].style.display=\"none\";for(i=0;i<a.length;i++)s=a[i],e.source===s.contentWindow&&(s.removeAttribute(\"style\"),\"height\"===t.message?(1e3<(r=parseInt(t.value,10))?r=1e3:~~r<200&&(r=200),s.height=r):\"link\"===t.message&&(r=new URL(s.getAttribute(\"src\")),n=new URL(t.value),c.test(n.protocol))&&n.host===r.host&&l.activeElement===s&&(d.top.location.href=t.value))}},d.addEventListener(\"message\",d.wp.receiveEmbedMessage,!1),l.addEventListener(\"DOMContentLoaded\",function(){for(var e,t,s=l.querySelectorAll(\"iframe.wp-embedded-content\"),r=0;r<s.length;r++)(t=(e=s[r]).getAttribute(\"data-secret\"))||(t=Math.random().toString(36).substring(2,12),e.src+=\"#?secret=\"+t,e.setAttribute(\"data-secret\",t)),e.contentWindow.postMessage({message:\"ready\",secret:t},\"*\")},!1)))}(window,document);\n\/\/# sourceURL=https:\/\/stuttgarti-katolikusok.de\/wp-includes\/js\/wp-embed.min.js\n\/* ]]> *\/\n<\/script>\n","thumbnail_url":"https:\/\/stuttgarti-katolikusok.de\/wp-content\/uploads\/2020\/03\/ferenc_papa_husvet_2014apr19.jpg","thumbnail_width":600,"thumbnail_height":401,"description":"+! Kedves H\u00edveink! Ez lesz az egyh\u00e1zt\u00f6rt\u00e9nelemben az els\u0151 eset, hogy a kereszt\u00e9nys\u00e9g egy jelent\u0151s r\u00e9sze \u2013 felszabadul\u00e1sa \u00f3ta (Kr.u.313) \u2013 nem tudja k\u00f6z\u00f6ss\u00e9gben meg\u00fcnnepelni hit\u00fcnk legnagyobb \u00fcnnep\u00e9t, Urunk J\u00e9zus felt\u00e1mad\u00e1s\u00e1nak napj\u00e1t: a H\u00fasv\u00e9tot. A vil\u00e1gj\u00e1rv\u00e1ny lek\u00fczd\u00e9se nagy er\u0151fesz\u00edt\u00e9seket \u00e9s \u00e1ldozatokat k\u00edv\u00e1n a h\u00edvekt\u0151l kezdve lelkip\u00e1sztorain \u00e9s p\u00fcsp\u00f6kein kereszt\u00fcl eg\u00e9szen a p\u00e1p\u00e1ig, s az egyik \u00e9ppen ez a mag\u00e1nyios \u00fcnnepl\u00e9s. Nemcsak a Szentatya, de mi is egyed\u00fcl fogunk \u00fcnnepelni \u2013 otthon. Helyesebben mi, lelkip\u00e1sztorok h\u00edv\u0151k n\u00e9lk\u00fcl a templomban, Ti otthon, h\u00e1zaitokban \u00e9s lak\u00e1saitokban. Hogy az \u00fcnnepl\u00e9s egys\u00e9gesen, \u00e9s liturgikus szemponb\u00f3l helyesen t\u00f6rt\u00e9nj\u00e9k, a Szents\u00e9gi \u00e9s Fegyelmi Kongreg\u00e1ci\u00f3 R\u00f3m\u00e1ban k\u00e9t rendelkez\u00e9st adott ki. El\u0151sz\u00f6r ezeket hozzuk Nektek (I.), azut\u00e1n a minket befogad\u00f3 s nek\u00fcnk otthont ad\u00f3 Rottenburg-Stuttgarti Egyh\u00e1zmegye p\u00fcsp\u00f6k\u00e9nek, Dr. Gebhard F\u00fcrstnek ezekhez a rendelkez\u00e9sekhez f\u0171z\u00f6tt magyar\u00e1zat\u00e1t (II.), v\u00e9g\u00fcl pedig a mi \u2013 Szent Gell\u00e9rtr\u0151l elnevezett Magyar Katolikus \u2013Egyh\u00e1zk\u00f6zs\u00e9g\u00fcnknek az idei H\u00fasv\u00e9ttal kapcsolatos utas\u00edt\u00e1sait (III.). Fogadj\u00e1tok szeretettel, s ha tehetitek, tarts\u00e1tok magatokat hozz\u00e1. Hissz\u00fck, hogy lelketek \u00e9s eg\u00e9sz egyh\u00e1zk\u00f6zs\u00e9g\u00fcnk jav\u00e1ra v\u00e1lik! \u00a0I. H\u00fasv\u00e9ti szertart\u00e1sok rendje \u2013 \u00dajabb liturgikus rendelkez\u00e9sek a COVID-19-j\u00e1rv\u00e1ny idej\u00e9re Itt k\u00f6z\u00f6lj\u00fck az Istentiszteleti \u00e9s Szents\u00e9gi Fegyelmi Kongreg\u00e1ci\u00f3 154\/20. sz., m\u00e1rcius 25-\u00e9n kelt \u00fajabb dekr\u00e9tuma \u2013 valamint az ahhoz kapcsol\u00f3d\u00f3 megjegyz\u00e9s \u2013 magyar ford\u00edt\u00e1s\u00e1t, amelyet a COVID-19-j\u00e1rv\u00e1ny miatt a latin r\u00edtus\u00fa nagyheti szertart\u00e1sok rendj\u00e9vel kapcsolatban hozott. Prot. N. 153\/20 DEKR\u00c9TUM COVID-19 J\u00c1RV\u00c1NY IDEJ\u00c9RE Ebben a neh\u00e9z id\u0151szakban, amit a Covid-19 okozta j\u00e1rv\u00e1ny jelent, figyelembe v\u00e9ve, hogy a kiadott rendelkez\u00e9sek miatt a liturgi\u00e1k k\u00f6z\u00f6s \u00fcnnepl\u00e9se a templomokban ellehetetlen\u00fclt, ahogy azt a megy\u00e9sp\u00fcsp\u00f6k\u00f6k a saj\u00e1t ter\u00fclet\u00fckre vonatkoz\u00f3an jelezt\u00e9k, beadv\u00e1nyok \u00e9rkeztek ehhez a Kongreg\u00e1ci\u00f3hoz a k\u00f6zelg\u0151 h\u00fasv\u00e9ti \u00fcnnepek kapcs\u00e1n. Ez\u00e9rt, erre vonatkoz\u00f3an, a k\u00f6vetkez\u0151 \u00e1ltal\u00e1nos elveket \u00e9s tan\u00e1csokat aj\u00e1nljuk a p\u00fcsp\u00f6k\u00f6knek. 1 &#8211; A H\u00fasv\u00e9t \u00dcnnep\u00e9nek d\u00e1tuma: Mint a liturgikus \u00e9v sz\u00edve, a H\u00fasv\u00e9t, egyetlen m\u00e1sik \u00fcnnephez sem hasonl\u00f3: h\u00e1rom napon kereszt\u00fcl t\u00f6rt\u00e9n\u0151 \u00fcnnepl\u00e9se, a H\u00fasv\u00e9ti Szent H\u00e1romnap, melyet megel\u0151z a Nagyb\u00f6jt... R\u00e9szletek"}