{"version":"1.0","provider_name":"Stuttgarti Katolikusok","provider_url":"https:\/\/stuttgarti-katolikusok.de","title":"Nagyb\u00f6jt 4. vas\u00e1rnapja \u2013 L\u00e6tare-vas\u00e1rnap - Stuttgarti Katolikusok","type":"rich","width":600,"height":338,"html":"<blockquote class=\"wp-embedded-content\" data-secret=\"WCBv69PuDo\"><a href=\"https:\/\/stuttgarti-katolikusok.de\/index.php\/nagybojt-4-vasarnapja-laetare-vasarnap-2\/\">Nagyb\u00f6jt 4. vas\u00e1rnapja \u2013 L\u00e6tare-vas\u00e1rnap<\/a><\/blockquote><iframe sandbox=\"allow-scripts\" security=\"restricted\" src=\"https:\/\/stuttgarti-katolikusok.de\/index.php\/nagybojt-4-vasarnapja-laetare-vasarnap-2\/embed\/#?secret=WCBv69PuDo\" width=\"600\" height=\"338\" title=\"&#8220;Nagyb\u00f6jt 4. vas\u00e1rnapja \u2013 L\u00e6tare-vas\u00e1rnap&#8221; &#8212; Stuttgarti Katolikusok\" data-secret=\"WCBv69PuDo\" frameborder=\"0\" marginwidth=\"0\" marginheight=\"0\" scrolling=\"no\" class=\"wp-embedded-content\"><\/iframe><script type=\"text\/javascript\">\n\/* <![CDATA[ *\/\n\/*! This file is auto-generated *\/\n!function(d,l){\"use strict\";l.querySelector&&d.addEventListener&&\"undefined\"!=typeof URL&&(d.wp=d.wp||{},d.wp.receiveEmbedMessage||(d.wp.receiveEmbedMessage=function(e){var t=e.data;if((t||t.secret||t.message||t.value)&&!\/[^a-zA-Z0-9]\/.test(t.secret)){for(var s,r,n,a=l.querySelectorAll('iframe[data-secret=\"'+t.secret+'\"]'),o=l.querySelectorAll('blockquote[data-secret=\"'+t.secret+'\"]'),c=new RegExp(\"^https?:$\",\"i\"),i=0;i<o.length;i++)o[i].style.display=\"none\";for(i=0;i<a.length;i++)s=a[i],e.source===s.contentWindow&&(s.removeAttribute(\"style\"),\"height\"===t.message?(1e3<(r=parseInt(t.value,10))?r=1e3:~~r<200&&(r=200),s.height=r):\"link\"===t.message&&(r=new URL(s.getAttribute(\"src\")),n=new URL(t.value),c.test(n.protocol))&&n.host===r.host&&l.activeElement===s&&(d.top.location.href=t.value))}},d.addEventListener(\"message\",d.wp.receiveEmbedMessage,!1),l.addEventListener(\"DOMContentLoaded\",function(){for(var e,t,s=l.querySelectorAll(\"iframe.wp-embedded-content\"),r=0;r<s.length;r++)(t=(e=s[r]).getAttribute(\"data-secret\"))||(t=Math.random().toString(36).substring(2,12),e.src+=\"#?secret=\"+t,e.setAttribute(\"data-secret\",t)),e.contentWindow.postMessage({message:\"ready\",secret:t},\"*\")},!1)))}(window,document);\n\/\/# sourceURL=https:\/\/stuttgarti-katolikusok.de\/wp-includes\/js\/wp-embed.min.js\n\/* ]]> *\/\n<\/script>\n","thumbnail_url":"https:\/\/stuttgarti-katolikusok.de\/wp-content\/uploads\/2024\/03\/web-24.jpg","thumbnail_width":1080,"thumbnail_height":1066,"description":"Nagyb\u00f6jt 4. vas\u00e1rnapja az \u00f6r\u00f6m vas\u00e1rnapja. A szentmise kezd\u0151\u00e9neke, Izaj\u00e1s pr\u00f3f\u00e9ta nyom\u00e1n, \u00f6r\u00f6mre sz\u00f3l\u00edt fel.\u00a0 Mi az, ami benn\u00fcnket, kereszt\u00e9nyeket \u00f6r\u00f6mre k\u00e9sztet? Ahogyan k\u00f6ny\u00f6rg\u00e9s\u00fcnk fogalmaz, a puszta t\u00e9ny, hogy Isten J\u00e9zus Krisztus \u00e1ltal mag\u00e1hoz b\u00e9k\u00edtette az emberis\u00e9get. Ez, mint feladat \u00e9s lehet\u0151s\u00e9g, mindannyiunk k\u00fcldet\u00e9se \u00e9s hivat\u00e1sa is egyben. A b\u00e9ke \u00e9s a kiengesztel\u0151d\u00e9s k\u00f6veteiv\u00e9 kell v\u00e1lnunk. A v\u00e1lasztott n\u00e9p pusztai v\u00e1ndorl\u00e1sa el\u0151k\u00e9pe volt az Egyh\u00e1z f\u00f6ldi v\u00e1ndorl\u00e1s\u00e1nak, amely az \u00f6r\u00f6k haza fel\u00e9 tart. Isten gondvisel\u0151 szeretet\u00e9vel \u0151rk\u00f6d\u00f6tt n\u00e9pe f\u00f6l\u00f6tt. Ugyanezt megtapasztalhatjuk mi is, ha megtartjuk parancsait. Isten nem vetette el v\u00e9gleg a b\u0171n\u00f6st embert \u00e9s nem hagyta mag\u00e1ra. Szent Fia \u00e1ltal kiengesztel\u0151d\u00f6tt a vil\u00e1ggal. Legy\u00fcnk h\u00e1l\u00e1sak az\u00e9rt, hogy ez a kiengesztel\u0151d\u00e9s az Egyh\u00e1z szolg\u00e1lata \u00e1ltal tov\u00e1bb folytat\u00f3dik a vil\u00e1gban. A ma elhangz\u00f3 evang\u00e9liumi t\u00f6rt\u00e9net t\u00f6bb szempontb\u00f3l is tekinthet\u0151. Legyen sz\u00f3 a t\u00e9kozl\u00f3 fi\u00far\u00f3l, az irgalmas aty\u00e1r\u00f3l, avagy az el\u00e9gedetlen b\u00e1tyr\u00f3l. Igazi nagy k\u00e9rd\u00e9s sz\u00e1momra, hogy ki az, akivel a legink\u00e1bb azonosulni tudok.\u00a0 Kezd\u0151\u00e9nek: Vigadozz\u00e1l, Jeruzs\u00e1lem, \u00e9s gy\u0171ljetek egybe mind, akik szeretitek \u0151t, \u00f6rvendjetek vigass\u00e1ggal, akik b\u00e1nk\u00f3dtatok, hogy ujjongjatok \u00e9s elteljetek vigasztal\u00e1s\u00e1nak tej\u00e9vel. (V\u00f6. Iz 66,10-11) K\u00f6ny\u00f6rg\u00e9s: Isten\u00fcnk, te szent Fiad \u00e1ltal csod\u00e1latos m\u00f3don magadhoz b\u00e9k\u00edtetted az emberis\u00e9get. Engedd, k\u00e9r\u00fcnk, hogy kereszt\u00e9ny n\u00e9ped k\u00e9szs\u00e9ges \u00f6n\u00e1tad\u00e1ssal \u00e9s \u00e9l\u0151 hittel k\u00e9sz\u00fclj\u00f6n a k\u00f6zelg\u0151 \u00fcnnepekre. A mi Urunk, J\u00e9zus Krisztus, a te Fiad \u00e1ltal, aki veled \u00e9l \u00e9s uralkodik a Szentl\u00e9lekkel egys\u00e9gben, Isten mind\u00f6r\u00f6kk\u00f6n \u00f6r\u00f6kk\u00e9. OLVASM\u00c1NY J\u00f3zsue k\u00f6nyv\u00e9b\u0151l (J\u00f3zs 5,9a.10-12) Isten n\u00e9pe bevonul az \u00cdg\u00e9ret f\u00f6ldj\u00e9re, \u00e9s ott meg\u00fcnnepli a h\u00fasv\u00e9ti lakom\u00e1t. Izrael n\u00e9pe \u00e1tkelt a Jord\u00e1non, \u00e9s bevonult az \u00cdg\u00e9ret f\u00f6ldj\u00e9re. Ekkor az \u00dar \u00edgy sz\u00f3lt J\u00f3zsu\u00e9hoz: \u201eMa levettem r\u00f3latok Egyiptom gyal\u00e1zat\u00e1t.\u201d Izrael fiai Gilgalban t\u00e1boroztak, \u00e9s a h\u00f3nap tizennegyedik napj\u00e1n este ott \u00fclt\u00e9k meg a p\u00e1szk\u00e1t Jerik\u00f3 s\u00edks\u00e1g\u00e1n. M\u00e1snap m\u00e1r az orsz\u00e1g term\u00e9s\u00e9b\u0151l ett\u00e9k a kov\u00e1sztalan kenyeret \u00e9s a pir\u00edtott gabon\u00e1t. Att\u00f3l kezdve, hogy a f\u00f6ld term\u00e9s\u00e9b\u0151l ettek, megsz\u0171nt a manna, \u00e9s... R\u00e9szletek"}