{"version":"1.0","provider_name":"Stuttgarti Katolikusok","provider_url":"https:\/\/stuttgarti-katolikusok.de","title":"Nagyb\u00f6jt 4. vas\u00e1rnapja - Laetare vas\u00e1rnap - Stuttgarti Katolikusok","type":"rich","width":600,"height":338,"html":"<blockquote class=\"wp-embedded-content\" data-secret=\"zixCs1ATlt\"><a href=\"https:\/\/stuttgarti-katolikusok.de\/index.php\/nagybojt-4-vasarnapja-2\/\">Nagyb\u00f6jt 4. vas\u00e1rnapja &#8211; Laetare vas\u00e1rnap<\/a><\/blockquote><iframe sandbox=\"allow-scripts\" security=\"restricted\" src=\"https:\/\/stuttgarti-katolikusok.de\/index.php\/nagybojt-4-vasarnapja-2\/embed\/#?secret=zixCs1ATlt\" width=\"600\" height=\"338\" title=\"&#8220;Nagyb\u00f6jt 4. vas\u00e1rnapja &#8211; Laetare vas\u00e1rnap&#8221; &#8212; Stuttgarti Katolikusok\" data-secret=\"zixCs1ATlt\" frameborder=\"0\" marginwidth=\"0\" marginheight=\"0\" scrolling=\"no\" class=\"wp-embedded-content\"><\/iframe><script type=\"text\/javascript\">\n\/* <![CDATA[ *\/\n\/*! This file is auto-generated *\/\n!function(d,l){\"use strict\";l.querySelector&&d.addEventListener&&\"undefined\"!=typeof URL&&(d.wp=d.wp||{},d.wp.receiveEmbedMessage||(d.wp.receiveEmbedMessage=function(e){var t=e.data;if((t||t.secret||t.message||t.value)&&!\/[^a-zA-Z0-9]\/.test(t.secret)){for(var s,r,n,a=l.querySelectorAll('iframe[data-secret=\"'+t.secret+'\"]'),o=l.querySelectorAll('blockquote[data-secret=\"'+t.secret+'\"]'),c=new RegExp(\"^https?:$\",\"i\"),i=0;i<o.length;i++)o[i].style.display=\"none\";for(i=0;i<a.length;i++)s=a[i],e.source===s.contentWindow&&(s.removeAttribute(\"style\"),\"height\"===t.message?(1e3<(r=parseInt(t.value,10))?r=1e3:~~r<200&&(r=200),s.height=r):\"link\"===t.message&&(r=new URL(s.getAttribute(\"src\")),n=new URL(t.value),c.test(n.protocol))&&n.host===r.host&&l.activeElement===s&&(d.top.location.href=t.value))}},d.addEventListener(\"message\",d.wp.receiveEmbedMessage,!1),l.addEventListener(\"DOMContentLoaded\",function(){for(var e,t,s=l.querySelectorAll(\"iframe.wp-embedded-content\"),r=0;r<s.length;r++)(t=(e=s[r]).getAttribute(\"data-secret\"))||(t=Math.random().toString(36).substring(2,12),e.src+=\"#?secret=\"+t,e.setAttribute(\"data-secret\",t)),e.contentWindow.postMessage({message:\"ready\",secret:t},\"*\")},!1)))}(window,document);\n\/\/# sourceURL=https:\/\/stuttgarti-katolikusok.de\/wp-includes\/js\/wp-embed.min.js\n\/* ]]> *\/\n<\/script>\n","thumbnail_url":"https:\/\/stuttgarti-katolikusok.de\/wp-content\/uploads\/2023\/03\/eye-g9d71fd899-1280.jpg","thumbnail_width":1280,"thumbnail_height":720,"description":"A kezd\u0151\u00e9nek kezd\u0151 szava alapj\u00e1n a mostani nagyb\u00f6jti vas\u00e1rnapot &#8222;Laetare vas\u00e1rnap&#8221;-nak, azaz &#8222;\u00d6r\u00f6m vas\u00e1rnap&#8221;-nak&#8221; nevezz\u00fck. Az \u00f6r\u00f6m emberi \u00e9let\u00fcnk egyik legnagyobb kincse \u00e9s aj\u00e1nd\u00e9ka is egyben. \u00d6r\u00f6mben \u00e9s \u00f6r\u00f6mmel \u00e9lni! \u00c9rdemes belegondolnom, hogy mekkora nagy aj\u00e1nd\u00e9k sz\u00e1momra az, hogy \u00e9lek. Amennyiben \u00f6r\u00f6mben \u00e9s \u00f6r\u00f6mmel \u00e9lek, k\u00e9pes vagyok m\u00e1sok sz\u00edv\u00e9ben is feler\u0151s\u00edteni az \u00f6r\u00f6m csod\u00e1latos \u00e9rz\u00e9s\u00e9t. Nyom\u00e1ban pedig megjelenik a maga term\u00e9szetess\u00e9g\u00e9ben a h\u00e1la \u00e9s a k\u00f6sz\u00f6net \u00e9rz\u00e9se is egyben. Vegyem csak \u00e9szre \u00e9letem megannyi apr\u00f3 \u00f6r\u00f6m\u00e9t. Nagyb\u00f6jt folyam\u00e1n a kereszt\u00e9ny \u00f6r\u00f6m egyben el\u0151v\u00e9telez\u00e9se a h\u00fasv\u00e9ti \u00f6r\u00f6mnek. Ne feledjem, csak a tiszta sz\u00edv\u0171 ember tud igaz\u00e1n \u00f6rvendezni. Ez\u00e9rt s\u00fcrgeti Egyh\u00e1zunk a b\u0171nb\u00e1natot, a megt\u00e9r\u00e9st, a lelki megtisztul\u00e1st. Izaj\u00e1s pr\u00f3f\u00e9ta \u00f6r\u00f6mre sz\u00f3l\u00edt\u00f3 felh\u00edv\u00e1sa \u00e9ppen akkor \u00e9s ott hangzik el, amikor aligha volt oka a v\u00e1lasztott n\u00e9pnek \u00f6rvendezni. A pr\u00f3f\u00e9ta egy m\u00e1sik gy\u00f6ny\u00f6r\u0171 k\u00e9pet is alkalmaz: a gyermek, aki megnyugszik anyja kebel\u00e9n. A mai nap egy fiatal p\u00e1rt l\u00e1togattam meg B\u00f6blingenben. Kisl\u00e1nyuk keresztel\u0151j\u00e9re k\u00e9sz\u00fcl\u00fcnk. Az \u00e9desanyja karjaiban, fej\u00e9t annak kebel\u00e9re hajtva, boldogan pihent. \u00d6r\u00f6m, boldogs\u00e1g, biztons\u00e1g! Nemde \u00e9n magam is erre v\u00e1gy\u00f3dom? Megkap\u00f3 sz\u00e1momra a szentmise k\u00f6ny\u00f6rg\u00e9s\u00e9nek els\u0151 mondata is: &#8222;&#8230;te szent Fiad \u00e1ltal magadhoz b\u00e9k\u00edtetted az emberis\u00e9get.&#8221; Ady Endre \u00e9ppen ezt a v\u00e1gyat \u00e9s a benne megh\u00faz\u00f3d\u00f3 \u00f6r\u00f6mteli \u00e9rz\u00e9st fogalmazza meg az &#8222;Im\u00e1ds\u00e1g h\u00e1bor\u00fa ut\u00e1n&#8221; c\u00edm\u0171 vers\u00e9ben: Uram, h\u00e1bor\u00fab\u00f3l j\u00f6v\u00f6k \u00e9n, Mindennek v\u00e9ge, v\u00e9ge: B\u00e9k\u00edts ki Magaddal s magammal, Hiszen Te vagy a B\u00e9ke. &#8230; Uram, l\u00e1ss meg Te is engemet, Mindennek v\u00e9ge, v\u00e9ge. B\u00e9k\u00edts ki Magaddal s magammal, Hiszen Te vagy a B\u00e9ke. Megb\u00e9k\u00e9l\u00e9s Istennel \u00e9s \u00f6nmagammal &#8211; igazi nagyb\u00f6jti feladat. Ennek felt\u00e9tele pedig, hogy felhagyok minden harccal. Nem akarom a magam erej\u00e9t \u00e9rtelmetlen \u00e9s sehov\u00e1 sem vezet\u0151 harcokban elpazarolni. Helyette a megb\u00e9k\u00e9l\u00e9s, kib\u00e9k\u00fcl\u00e9s, elenged\u00e9s \u00fatj\u00e1ra akarok l\u00e9pni. Csakis ez vezethet el a sz\u00edv b\u00e9k\u00e9j\u00e9hez \u00e9s a benne meg\u00e9lt \u00f6r\u00f6mh\u00f6z. Az olvasm\u00e1ny nagyon fontos igazs\u00e1gra ir\u00e1ny\u00edtja r\u00e1 figyelmem: \u201eNe a k\u00fclsej\u00e9t... R\u00e9szletek"}