{"version":"1.0","provider_name":"Stuttgarti Katolikusok","provider_url":"https:\/\/stuttgarti-katolikusok.de","title":"Nagyb\u00f6jt 4. vas\u00e1rnapja - Stuttgarti Katolikusok","type":"rich","width":600,"height":338,"html":"<blockquote class=\"wp-embedded-content\" data-secret=\"CCUgnx315T\"><a href=\"https:\/\/stuttgarti-katolikusok.de\/index.php\/nagybojt-4-vasarnapja\/\">Nagyb\u00f6jt 4. vas\u00e1rnapja<\/a><\/blockquote><iframe sandbox=\"allow-scripts\" security=\"restricted\" src=\"https:\/\/stuttgarti-katolikusok.de\/index.php\/nagybojt-4-vasarnapja\/embed\/#?secret=CCUgnx315T\" width=\"600\" height=\"338\" title=\"&#8220;Nagyb\u00f6jt 4. vas\u00e1rnapja&#8221; &#8212; Stuttgarti Katolikusok\" data-secret=\"CCUgnx315T\" frameborder=\"0\" marginwidth=\"0\" marginheight=\"0\" scrolling=\"no\" class=\"wp-embedded-content\"><\/iframe><script type=\"text\/javascript\">\n\/* <![CDATA[ *\/\n\/*! This file is auto-generated *\/\n!function(d,l){\"use strict\";l.querySelector&&d.addEventListener&&\"undefined\"!=typeof URL&&(d.wp=d.wp||{},d.wp.receiveEmbedMessage||(d.wp.receiveEmbedMessage=function(e){var t=e.data;if((t||t.secret||t.message||t.value)&&!\/[^a-zA-Z0-9]\/.test(t.secret)){for(var s,r,n,a=l.querySelectorAll('iframe[data-secret=\"'+t.secret+'\"]'),o=l.querySelectorAll('blockquote[data-secret=\"'+t.secret+'\"]'),c=new RegExp(\"^https?:$\",\"i\"),i=0;i<o.length;i++)o[i].style.display=\"none\";for(i=0;i<a.length;i++)s=a[i],e.source===s.contentWindow&&(s.removeAttribute(\"style\"),\"height\"===t.message?(1e3<(r=parseInt(t.value,10))?r=1e3:~~r<200&&(r=200),s.height=r):\"link\"===t.message&&(r=new URL(s.getAttribute(\"src\")),n=new URL(t.value),c.test(n.protocol))&&n.host===r.host&&l.activeElement===s&&(d.top.location.href=t.value))}},d.addEventListener(\"message\",d.wp.receiveEmbedMessage,!1),l.addEventListener(\"DOMContentLoaded\",function(){for(var e,t,s=l.querySelectorAll(\"iframe.wp-embedded-content\"),r=0;r<s.length;r++)(t=(e=s[r]).getAttribute(\"data-secret\"))||(t=Math.random().toString(36).substring(2,12),e.src+=\"#?secret=\"+t,e.setAttribute(\"data-secret\",t)),e.contentWindow.postMessage({message:\"ready\",secret:t},\"*\")},!1)))}(window,document);\n\/\/# sourceURL=https:\/\/stuttgarti-katolikusok.de\/wp-includes\/js\/wp-embed.min.js\n\/* ]]> *\/\n<\/script>\n","thumbnail_url":"https:\/\/stuttgarti-katolikusok.de\/wp-content\/uploads\/2021\/03\/church-window-2294959-1280-1.jpg","thumbnail_width":1280,"thumbnail_height":765,"description":"Kezd\u0151\u00e9nek: \u00d6rvendezz, Isten n\u00e9pe! Gy\u0171ljetek \u00f6ssze mind, akiknek kedves az \u00dar \u00fcgye. Sz\u00edvb\u0151l \u00f6r\u00fcljetek, akik azel\u0151tt szomorkodtatok. Vigasztal\u00f3djatok meg, mint a gyermek megnyugszik anyja kebel\u00e9n. (V\u00f6. Iz 66,10-11) K\u00f6ny\u00f6rg\u00e9s: Isten\u00fcnk, Te szent Fiad \u00e1ltal csod\u00e1latos m\u00f3don magadhoz b\u00e9k\u00edtetted az emberis\u00e9get. Engedd, k\u00e9r\u00fcnk, hogy kereszt\u00e9ny n\u00e9ped k\u00e9szs\u00e9ges \u00f6n\u00e1tad\u00e1ssal \u00e9s \u00e9l\u0151 hittel k\u00e9sz\u00fclj\u00f6n a k\u00f6zelg\u0151 \u00fcnnepekre. A mi Urunk, J\u00e9zus Krisztus, a Te Fiad \u00e1ltal, aki Veled \u00e9l \u00e9s uralkodik a Szentl\u00e9lekkel egys\u00e9gben, Isten mind\u00f6r\u00f6kk\u00f6n \u00f6r\u00f6kk\u00e9. OLVASM\u00c1NY a Kr\u00f3nik\u00e1k m\u00e1sodik k\u00f6nyv\u00e9b\u0151l (2Kr\u00f3n 36,14-16.19-23) Cidkij\u00e1nak, Juda utols\u00f3 kir\u00e1ly\u00e1nak napjaiban nemcsak a n\u00e9p, hanem a papok \u00f6sszes el\u00f6lj\u00e1r\u00f3i is sok-sok h\u0171tlens\u00e9get k\u00f6vettek el, ut\u00e1nozva a nemzetek valamennyi iszonyatos dolg\u00e1t. Megszents\u00e9gtelen\u00edtett\u00e9k az \u00dar templom\u00e1t, amelyet pedig \u0151 tett szentt\u00e9 Jeruzs\u00e1lemben. Az \u00dar, aty\u00e1ik Istene, k\u00f6vetei \u00e1ltal m\u00e9g j\u00f3kor \u00e9s ism\u00e9telten elk\u00fcldte hozz\u00e1juk figyelmeztet\u00e9seit. K\u00edm\u00e9lni akarta n\u00e9p\u00e9t \u00e9s a maga lak\u00f3hely\u00e9t. De \u0151k kig\u00fanyolt\u00e1k Isten k\u00f6veteit, megvetett\u00e9k \u00fczeneteit, \u00e9s kinevett\u00e9k pr\u00f3f\u00e9t\u00e1it. V\u00e9g\u00fcl az \u00dar haragja visszavonhatatlanul n\u00e9p\u00e9re z\u00fadult. Ellens\u00e9geik a templomot felgy\u00fajtott\u00e1k, Jeruzs\u00e1lem falait lerombolt\u00e1k, valamennyi palot\u00e1j\u00e1t \u00e9s minden dr\u00e1gas\u00e1g\u00e1t elhamvasztott\u00e1k, \u00e9s teljesen elpuszt\u00edtott\u00e1k. Aki a kardt\u00f3l megmenek\u00fclt, az fogs\u00e1gba ker\u00fclt Babilonba. Szolg\u00e1i lettek a kir\u00e1lynak \u00e9s ut\u00f3dainak, m\u00edg uralomra nem jutott a perzsa kir\u00e1lys\u00e1g. \u00cdgy teljesedett be az \u00darnak Jeremi\u00e1s pr\u00f3f\u00e9ta \u00e1ltal mondott szava: Pusztas\u00e1g lesz az orsz\u00e1g \u00e9s nyugodni fog hetven esztendeig, m\u00edg e nyugalom \u00e1ltal el\u00e9gt\u00e9telt nem szolg\u00e1ltat a megszents\u00e9gtelen\u00edtett szombatok\u00e9rt. Az \u00dar teljes\u00edteni akarta Jeremi\u00e1s pr\u00f3f\u00e9ta \u00e1ltal mondott szav\u00e1t. Az\u00e9rt K\u00fcrosznak, a perzs\u00e1k kir\u00e1ly\u00e1nak els\u0151 \u00e9v\u00e9ben f\u00f6l\u00e9bresztette K\u00fcrosznak, a perzs\u00e1k kir\u00e1ly\u00e1nak lelk\u00e9t. \u0150 a k\u00f6vetkez\u0151 felh\u00edv\u00e1st int\u00e9zte eg\u00e9sz birodalm\u00e1hoz, m\u00e9gpedig \u00edr\u00e1sban is: \u201e\u00cdgy sz\u00f3l K\u00fcrosz, a perzsa kir\u00e1ly: Az \u00dar, az \u00e9g Istene nekem adta a f\u00f6ld minden orsz\u00e1g\u00e1t. \u0150 megparancsolta, hogy templomot \u00e9p\u00edtsek neki a Jud\u00e1ban fekv\u0151 Jeruzs\u00e1lemben. Aki k\u00f6z\u00fcletek az \u0151 n\u00e9p\u00e9hez tartozik, legyen azzal az \u0151 Istene, \u00e9s t\u00e9rjen haza.\u201d Ez az Isten ig\u00e9je. V\u00c1LASZOS ZSOLT\u00c1R (Zsolt 136,1-2.3.4-5.6) V\u00e1lasz:\u00a0Ragadjon... R\u00e9szletek"}