{"version":"1.0","provider_name":"Stuttgarti Katolikusok","provider_url":"https:\/\/stuttgarti-katolikusok.de","title":"Nagyb\u00f6jt 2. vas\u00e1rnap - Stuttgarti Katolikusok","type":"rich","width":600,"height":338,"html":"<blockquote class=\"wp-embedded-content\" data-secret=\"wneISCzUWY\"><a href=\"https:\/\/stuttgarti-katolikusok.de\/index.php\/nagybojt-2-vasarnap-2\/\">Nagyb\u00f6jt 2. vas\u00e1rnap<\/a><\/blockquote><iframe sandbox=\"allow-scripts\" security=\"restricted\" src=\"https:\/\/stuttgarti-katolikusok.de\/index.php\/nagybojt-2-vasarnap-2\/embed\/#?secret=wneISCzUWY\" width=\"600\" height=\"338\" title=\"&#8220;Nagyb\u00f6jt 2. vas\u00e1rnap&#8221; &#8212; Stuttgarti Katolikusok\" data-secret=\"wneISCzUWY\" frameborder=\"0\" marginwidth=\"0\" marginheight=\"0\" scrolling=\"no\" class=\"wp-embedded-content\"><\/iframe><script type=\"text\/javascript\">\n\/* <![CDATA[ *\/\n\/*! This file is auto-generated *\/\n!function(d,l){\"use strict\";l.querySelector&&d.addEventListener&&\"undefined\"!=typeof URL&&(d.wp=d.wp||{},d.wp.receiveEmbedMessage||(d.wp.receiveEmbedMessage=function(e){var t=e.data;if((t||t.secret||t.message||t.value)&&!\/[^a-zA-Z0-9]\/.test(t.secret)){for(var s,r,n,a=l.querySelectorAll('iframe[data-secret=\"'+t.secret+'\"]'),o=l.querySelectorAll('blockquote[data-secret=\"'+t.secret+'\"]'),c=new RegExp(\"^https?:$\",\"i\"),i=0;i<o.length;i++)o[i].style.display=\"none\";for(i=0;i<a.length;i++)s=a[i],e.source===s.contentWindow&&(s.removeAttribute(\"style\"),\"height\"===t.message?(1e3<(r=parseInt(t.value,10))?r=1e3:~~r<200&&(r=200),s.height=r):\"link\"===t.message&&(r=new URL(s.getAttribute(\"src\")),n=new URL(t.value),c.test(n.protocol))&&n.host===r.host&&l.activeElement===s&&(d.top.location.href=t.value))}},d.addEventListener(\"message\",d.wp.receiveEmbedMessage,!1),l.addEventListener(\"DOMContentLoaded\",function(){for(var e,t,s=l.querySelectorAll(\"iframe.wp-embedded-content\"),r=0;r<s.length;r++)(t=(e=s[r]).getAttribute(\"data-secret\"))||(t=Math.random().toString(36).substring(2,12),e.src+=\"#?secret=\"+t,e.setAttribute(\"data-secret\",t)),e.contentWindow.postMessage({message:\"ready\",secret:t},\"*\")},!1)))}(window,document);\n\/\/# sourceURL=https:\/\/stuttgarti-katolikusok.de\/wp-includes\/js\/wp-embed.min.js\n\/* ]]> *\/\n<\/script>\n","thumbnail_url":"https:\/\/stuttgarti-katolikusok.de\/wp-content\/uploads\/2021\/03\/jesus-6124304-1280.jpg","thumbnail_width":1280,"thumbnail_height":720,"description":"\u00c9let\u00fcnk nem m\u00e1s, mint \u00e1lland\u00f3 Isten-keres\u00e9s. Keress\u00fck Isten arc\u00e1t. Mi\u00e9rt? Keres\u00e9s\u00fcnk c\u00e9lja, felemelni tekintet\u00fcnket \u0150hozz\u00e1. Ebben az isteni arcban pedig, felismerve annak ragyog\u00e1s\u00e1t, azt szeml\u00e9lj\u00fck, mi az amire nek\u00fcnk mindennapi \u00e9let\u00fcnkben sz\u00fcks\u00e9g\u00fcnk van. Keres\u00e9sre az v\u00e1llalkozzon, aki hisz a keres\u00e9s \u00e9rtelm\u00e9ben. Hinnem kell abban, hogy \u00e1ltalam a vil\u00e1g jobb \u00e9s b\u00e9k\u00e9sebb lesz. Az olvasm\u00e1nyban arr\u00f3l hallunk, hogy Isten sz\u00f6vets\u00e9gre l\u00e9p \u00c1brah\u00e1mmal. Mag\u00e1t a sz\u00f6vets\u00e9get az \u00e1ldozat bemutat\u00e1s\u00e1val pecs\u00e9telik meg. Szent P\u00e1l apostol a szentleck\u00e9ben szem\u00e9lyes p\u00e9ld\u00e1j\u00e1t \u00e9s tan\u00fas\u00e1gt\u00e9tel\u00e9t aj\u00e1nlja k\u00f6vetend\u0151 \u00fatk\u00e9nt. Amennyiben mi magunk is \u00edgy \u00e9l\u00fcnk, jell\u00e9 v\u00e1lunk. Igazi tan\u00fas\u00e1gt\u00e9tel ez! Ehhez pedig az a felismer\u00e9s ad er\u0151t, hogy a mi haz\u00e1nk a mennyben van. Vagyis az \u00f6r\u00f6k\u00e9letben val\u00f3 hit, az abban val\u00f3 bizonyoss\u00e1g, lelki er\u0151t ad a mindennapi \u00e9l\u0151 \u00e9s hiteles tan\u00fas\u00e1gt\u00e9telhez. Az evang\u00e9liumban a T\u00e1bor-hegy jelenet\u00e9t hallhatjuk. A kiv\u00e1lasztott apostolok t\u00e1rsas\u00e1g\u00e1ban, mik\u00f6zben sz\u00edn\u00e9ben elv\u00e1ltozott, M\u00f3zessel \u00e9s lll\u00e9ssel besz\u00e9lget. K\u00f6zben pedig a r\u00e1v\u00e1r\u00f3 szenved\u00e9sekr\u0151l sz\u00f3l. Vil\u00e1gos az \u00fczenet, az egy\u00e9ni megdics\u0151\u00fcl\u00e9s a szenved\u00e9sen kereszt\u00fcl vezet. Kezd\u0151\u00e9nek: Neked mondta a sz\u00edvem: \u201ea te arcodat keresem, v\u00e1gyakozom a te arcod ut\u00e1n, Uram.\u201d Ne ford\u00edtsd el arcodat t\u0151lem! (V\u00f6. Zsolt 26,8-9) Vagy Eml\u00e9kezz\u00e9l meg, Urunk, k\u00f6ny\u00f6r\u00fcletedr\u0151l \u00e9s irgalmass\u00e1godr\u00f3l, mely \u00f6r\u00f6kt\u0151l val\u00f3! Ne uralkodjanak ellens\u00e9geink f\u00f6l\u00f6tt\u00fcnk; szabad\u00edts meg, Izrael Istene, minden szorongattat\u00e1sunkb\u00f3l! (V\u00f6. Zsolt 24.6.3.22) K\u00f6ny\u00f6rg\u00e9s: Isten\u00fcnk, te megparancsoltad nek\u00fcnk, hogy szeretett Fiadra hallgassunk. K\u00e9r\u00fcnk, t\u00e1pl\u00e1ld lelk\u00fcnket szent ig\u00e9ddel, hogy lelki \u00f6r\u00f6mmel szeml\u00e9lhess\u00fck dics\u0151s\u00e9gedet! A mi Urunk, J\u00e9zus Krisztus, a te Fiad \u00e1ltal, aki veled \u00e9l \u00e9s uralkodik a Szentl\u00e9lekkel egys\u00e9gben, Isten mind\u00f6r\u00f6kk\u00f6n \u00f6r\u00f6kk\u00e9. OLVASM\u00c1NY M\u00f3zes els\u0151 k\u00f6nyv\u00e9b\u0151l (Ter 15,5-12.17-18) \u00c1brah\u00e1m hitt az Istennek, Isten pedig sz\u00f6vets\u00e9get k\u00f6t\u00f6tt vele, \u00e9s meg\u00edg\u00e9rte neki minden \u00e1ld\u00e1s\u00e1t. Isten egy napon kivezette \u00c1brah\u00e1mot s\u00e1tr\u00e1b\u00f3l a szabad \u00e9g al\u00e1, \u00e9s ezt mondta neki: \u201eN\u00e9zz f\u00f6l az \u00e9gre, \u00e9s sz\u00e1mold meg a csillagokat, ha meg tudod \u0151ket sz\u00e1molni.\u201d Majd hozz\u00e1f\u0171zte: \u201eIlyen lesz a te nemzets\u00e9ged.\u201d \u00c1brah\u00e1m hitt az... R\u00e9szletek"}